{"id":17176,"date":"2020-10-03T16:10:30","date_gmt":"2020-10-03T14:10:30","guid":{"rendered":"https:\/\/abconcretedesign.com\/shop\/nem-kategorizalt\/radius-beton-gyertya-tarto-duo\/"},"modified":"2020-10-07T13:56:42","modified_gmt":"2020-10-07T11:56:42","slug":"radius-beton-gyertya-tarto-duo","status":"publish","type":"product","link":"https:\/\/abconcretedesign.com\/hu\/uzlet\/beton-lakas-dekoracio\/radius-beton-gyertya-tarto-duo\/","title":{"rendered":"RADIUS Beton Gyertyatart\u00f3 &#8211; Duo"},"content":{"rendered":"<h2><b>RADIUS Duo beton gyertya-, m\u00e9cses- \u00e9s f\u00fcst\u00f6l\u0151tart\u00f3<\/b><\/h2>\n\t<div id=\"gap-1181498698\" class=\"gap-element clearfix\" style=\"display:block; height:auto;\">\n\t\t\n<style>\n#gap-1181498698 {\n  padding-top: 30px;\n}\n<\/style>\n\t<\/div>\n\t\n<p>A RADIUS design beton lak\u00e1skieg\u00e9sz\u00edt\u0151 h\u00e1romf\u00e9le funkci\u00f3j\u00e1val t\u00f6k\u00e9letes t\u00e1rs t\u00f6bbf\u00e9le hangulathoz is. A dupla m\u00e9lyed\u00e9snek k\u00f6sz\u00f6nhet\u0151en ak\u00e1r kombin\u00e1lhatod is a m\u00e9csest, gyerty\u00e1t vagy f\u00fcst\u00f6l\u0151t. Ak\u00e1r a klasszikus betonos sz\u00edneket szereted, ak\u00e1r a j\u00e1t\u00e9kos terrazzo v\u00e1ltozatokat, biztosan megtal\u00e1lod a t\u00f6k\u00e9letes darabot, amivel \u00faj sz\u00ednfoltot vihetsz otthonodba.<\/p>\n\t<div id=\"gap-1919541125\" class=\"gap-element clearfix\" style=\"display:block; height:auto;\">\n\t\t\n<style>\n#gap-1919541125 {\n  padding-top: 60px;\n}\n<\/style>\n\t<\/div>\n\t\n<div class=\"row\"  id=\"row-63413112\">\n\n\t<div id=\"col-1613632821\" class=\"col medium-6 small-12 large-6\"  >\n\t\t\t\t<div class=\"col-inner\"  >\n\t\t\t\n\t\t\t\n<h2><b>Keleti hangulat f\u00fcst\u00f6l\u0151vel<\/b><\/h2>\n\t<div id=\"gap-1874429226\" class=\"gap-element clearfix\" style=\"display:block; height:auto;\">\n\t\t\n<style>\n#gap-1874429226 {\n  padding-top: 10px;\n}\n<\/style>\n\t<\/div>\n\t\n<p>Nemcsak gyertya- \u00e9s m\u00e9csestart\u00f3k\u00e9nt haszn\u00e1lhatod a RADIUS csal\u00e1d tagjait, hanem a m\u00e9lyed\u00e9s alj\u00e1ba helyezett paraf\u00e1nak k\u00f6sz\u00f6nhet\u0151en f\u00fcst\u00f6l\u0151h\u00f6z is. Ne agg\u00f3dj, sem a beton, sem az akril lemez nem s\u00e9r\u00fcl a lehull\u00f3 par\u00e1zst\u00f3l, sz\u00e1raz textillel k\u00f6nnyen tiszt\u00e1n tudod tartani.<\/p>\n\t\t<\/div>\n\t\t\t\t\t<\/div>\n\n\t\n\n\t<div id=\"col-1431673727\" class=\"col medium-1 small-12 large-1\"  >\n\t\t\t\t<div class=\"col-inner\"  >\n\t\t\t\n\t\t\t\n\t\t<\/div>\n\t\t\t\t\t<\/div>\n\n\t\n\n\t<div id=\"col-1419924007\" class=\"col medium-5 small-12 large-5\"  >\n\t\t\t\t<div class=\"col-inner\"  >\n\t\t\t\n\t\t\t\n\t<div class=\"img has-hover x md-x lg-x y md-y lg-y\" id=\"image_2024962691\">\n\t\t\t\t\t\t\t\t<div class=\"img-inner dark\" >\n\t\t\t<img loading=\"lazy\" decoding=\"async\" width=\"1020\" height=\"765\" src=\"https:\/\/abconcretedesign.com\/wp-content\/uploads\/2020\/06\/concrete-incense-holder-1067x800.jpg\" class=\"attachment-large size-large\" alt=\"\" srcset=\"https:\/\/abconcretedesign.com\/wp-content\/uploads\/2020\/06\/concrete-incense-holder-1067x800.jpg 1067w, https:\/\/abconcretedesign.com\/wp-content\/uploads\/2020\/06\/concrete-incense-holder-510x383.jpg 510w, https:\/\/abconcretedesign.com\/wp-content\/uploads\/2020\/06\/concrete-incense-holder-533x400.jpg 533w, https:\/\/abconcretedesign.com\/wp-content\/uploads\/2020\/06\/concrete-incense-holder-768x576.jpg 768w, https:\/\/abconcretedesign.com\/wp-content\/uploads\/2020\/06\/concrete-incense-holder-600x450.jpg 600w, https:\/\/abconcretedesign.com\/wp-content\/uploads\/2020\/06\/concrete-incense-holder.jpg 1920w\" sizes=\"auto, (max-width: 1020px) 100vw, 1020px\" \/>\t\t\t\t\t\t\n\t\t\t\t\t<\/div>\n\t\t\t\t\t\t\t\t\n<style>\n#image_2024962691 {\n  width: 100%;\n}\n<\/style>\n\t<\/div>\n\t\n\t\t<\/div>\n\t\t\t\t\t<\/div>\n\n\t\n<\/div>\n\t<div id=\"gap-1790600478\" class=\"gap-element clearfix\" style=\"display:block; height:auto;\">\n\t\t\n<style>\n#gap-1790600478 {\n  padding-top: 30px;\n}\n<\/style>\n\t<\/div>\n\t\n<div class=\"row\"  id=\"row-2122176205\">\n\n\t<div id=\"col-680311824\" class=\"col medium-5 small-12 large-5\"  >\n\t\t\t\t<div class=\"col-inner\"  >\n\t\t\t\n\t\t\t\n<h2><b>Modern \u00e9s eleg\u00e1ns gyertyatart\u00f3<\/b><\/h2>\n\t<div id=\"gap-9613808\" class=\"gap-element clearfix\" style=\"display:block; height:auto;\">\n\t\t\n<style>\n#gap-9613808 {\n  padding-top: 10px;\n}\n<\/style>\n\t<\/div>\n\t\n<p>A kialak\u00edt\u00e1snak k\u00f6sz\u00f6nhet\u0151en m\u00e9g a hossz\u00fa, karcs\u00fa gyerty\u00e1kat is biztons\u00e1gosan \u00e9s eleg\u00e1nsan tudod a tart\u00f3ba \u00e1ll\u00edtani. A kivehet\u0151 akril gy\u0171r\u0171nek k\u00f6sz\u00f6nhet\u0151en pedig k\u00f6nnyen elt\u00e1vol\u00edthatod a lefolyt viaszt, \u00edgy egyszer\u0171en tiszt\u00e1n tarthat\u00f3 a t\u00e1rgy.<\/p>\n\t\t<\/div>\n\t\t\t\t\t<\/div>\n\n\t\n\n\t<div id=\"col-823593173\" class=\"col medium-1 small-12 large-1\"  >\n\t\t\t\t<div class=\"col-inner\"  >\n\t\t\t\n\t\t\t\n\t\t<\/div>\n\t\t\t\t\t<\/div>\n\n\t\n\n\t<div id=\"col-1636598844\" class=\"col medium-6 small-12 large-6\"  >\n\t\t\t\t<div class=\"col-inner\"  >\n\t\t\t\n\t\t\t\n\t<div class=\"img has-hover x md-x lg-x y md-y lg-y\" id=\"image_156139039\">\n\t\t\t\t\t\t\t\t<div class=\"img-inner dark\" >\n\t\t\t<img loading=\"lazy\" decoding=\"async\" width=\"1020\" height=\"765\" src=\"https:\/\/abconcretedesign.com\/wp-content\/uploads\/2020\/06\/great-design-concrete-home-accessories-1067x800.jpg\" class=\"attachment-large size-large\" alt=\"Concrete design object for duble candles or tealights\" srcset=\"https:\/\/abconcretedesign.com\/wp-content\/uploads\/2020\/06\/great-design-concrete-home-accessories-1067x800.jpg 1067w, https:\/\/abconcretedesign.com\/wp-content\/uploads\/2020\/06\/great-design-concrete-home-accessories-510x383.jpg 510w, https:\/\/abconcretedesign.com\/wp-content\/uploads\/2020\/06\/great-design-concrete-home-accessories-533x400.jpg 533w, https:\/\/abconcretedesign.com\/wp-content\/uploads\/2020\/06\/great-design-concrete-home-accessories-768x576.jpg 768w, https:\/\/abconcretedesign.com\/wp-content\/uploads\/2020\/06\/great-design-concrete-home-accessories-600x450.jpg 600w, https:\/\/abconcretedesign.com\/wp-content\/uploads\/2020\/06\/great-design-concrete-home-accessories.jpg 1920w\" sizes=\"auto, (max-width: 1020px) 100vw, 1020px\" \/>\t\t\t\t\t\t\n\t\t\t\t\t<\/div>\n\t\t\t\t\t\t\t\t\n<style>\n#image_156139039 {\n  width: 100%;\n}\n<\/style>\n\t<\/div>\n\t\n\t\t<\/div>\n\t\t\t\t\t<\/div>\n\n\t\n<\/div>\n\t<div id=\"gap-408909870\" class=\"gap-element clearfix\" style=\"display:block; height:auto;\">\n\t\t\n<style>\n#gap-408909870 {\n  padding-top: 30px;\n}\n<\/style>\n\t<\/div>\n\t\n<div class=\"row\"  id=\"row-192446335\">\n\n\t<div id=\"col-802440553\" class=\"col small-12 large-12\"  >\n\t\t\t\t<div class=\"col-inner\"  >\n\t\t\t\n\t\t\t\n<h2><b>Meghitt pillanatok egy m\u00e9cses f\u00e9ny\u00e9n\u00e9l<\/b><\/h2>\n\t<div id=\"gap-2119011877\" class=\"gap-element clearfix\" style=\"display:block; height:auto;\">\n\t\t\n<style>\n#gap-2119011877 {\n  padding-top: 30px;\n}\n<\/style>\n\t<\/div>\n\t\n<p>A legfels\u0151, legnagyobb \u00e1tm\u00e9r\u0151j\u0171 ny\u00edl\u00e1snak k\u00f6sz\u00f6nhet\u0151en pedig m\u00e9csestart\u00f3k\u00e9nt is haszn\u00e1lhatod az \u00faj kedvenc design beton t\u00e1rgyadat. Csemp\u00e9ssz n\u00e9h\u00e1ny meghitt, nyugodt pillanatot a rohan\u00f3 mindennapokba, \u00e9s t\u00f6lt\u0151dj fel!<\/p>\n\t<div id=\"gap-580720070\" class=\"gap-element clearfix\" style=\"display:block; height:auto;\">\n\t\t\n<style>\n#gap-580720070 {\n  padding-top: 30px;\n}\n<\/style>\n\t<\/div>\n\t\n<div class=\"row\"  id=\"row-214158040\">\n\n\t<div id=\"col-174376155\" class=\"col medium-6 small-12 large-6\"  >\n\t\t\t\t<div class=\"col-inner\"  >\n\t\t\t\n\t\t\t\n\t<div class=\"img has-hover x md-x lg-x y md-y lg-y\" id=\"image_1187135667\">\n\t\t\t\t\t\t\t\t<div class=\"img-inner dark\" >\n\t\t\t<img loading=\"lazy\" decoding=\"async\" width=\"1020\" height=\"765\" src=\"https:\/\/abconcretedesign.com\/wp-content\/uploads\/2020\/06\/concrete-tealight-holder-for-loft-styled-home-1067x800.jpg\" class=\"attachment-large size-large\" alt=\"\" srcset=\"https:\/\/abconcretedesign.com\/wp-content\/uploads\/2020\/06\/concrete-tealight-holder-for-loft-styled-home-1067x800.jpg 1067w, https:\/\/abconcretedesign.com\/wp-content\/uploads\/2020\/06\/concrete-tealight-holder-for-loft-styled-home-510x383.jpg 510w, https:\/\/abconcretedesign.com\/wp-content\/uploads\/2020\/06\/concrete-tealight-holder-for-loft-styled-home-533x400.jpg 533w, https:\/\/abconcretedesign.com\/wp-content\/uploads\/2020\/06\/concrete-tealight-holder-for-loft-styled-home-768x576.jpg 768w, https:\/\/abconcretedesign.com\/wp-content\/uploads\/2020\/06\/concrete-tealight-holder-for-loft-styled-home-600x450.jpg 600w, https:\/\/abconcretedesign.com\/wp-content\/uploads\/2020\/06\/concrete-tealight-holder-for-loft-styled-home.jpg 1920w\" sizes=\"auto, (max-width: 1020px) 100vw, 1020px\" \/>\t\t\t\t\t\t\n\t\t\t\t\t<\/div>\n\t\t\t\t\t\t\t\t\n<style>\n#image_1187135667 {\n  width: 100%;\n}\n<\/style>\n\t<\/div>\n\t\n\t\t<\/div>\n\t\t\t\t\t<\/div>\n\n\t\n\n\t<div id=\"col-1615840261\" class=\"col medium-6 small-12 large-6\"  >\n\t\t\t\t<div class=\"col-inner\"  >\n\t\t\t\n\t\t\t\n\t<div class=\"img has-hover x md-x lg-x y md-y lg-y\" id=\"image_712996721\">\n\t\t\t\t\t\t\t\t<div class=\"img-inner dark\" >\n\t\t\t<img loading=\"lazy\" decoding=\"async\" width=\"1020\" height=\"765\" src=\"https:\/\/abconcretedesign.com\/wp-content\/uploads\/2020\/06\/colored-concrete-tealight-holder-1067x800.jpg\" class=\"attachment-large size-large\" alt=\"\" srcset=\"https:\/\/abconcretedesign.com\/wp-content\/uploads\/2020\/06\/colored-concrete-tealight-holder-1067x800.jpg 1067w, https:\/\/abconcretedesign.com\/wp-content\/uploads\/2020\/06\/colored-concrete-tealight-holder-510x383.jpg 510w, https:\/\/abconcretedesign.com\/wp-content\/uploads\/2020\/06\/colored-concrete-tealight-holder-533x400.jpg 533w, https:\/\/abconcretedesign.com\/wp-content\/uploads\/2020\/06\/colored-concrete-tealight-holder-768x576.jpg 768w, https:\/\/abconcretedesign.com\/wp-content\/uploads\/2020\/06\/colored-concrete-tealight-holder-600x450.jpg 600w, https:\/\/abconcretedesign.com\/wp-content\/uploads\/2020\/06\/colored-concrete-tealight-holder.jpg 1920w\" sizes=\"auto, (max-width: 1020px) 100vw, 1020px\" \/>\t\t\t\t\t\t\n\t\t\t\t\t<\/div>\n\t\t\t\t\t\t\t\t\n<style>\n#image_712996721 {\n  width: 100%;\n}\n<\/style>\n\t<\/div>\n\t\n\t\t<\/div>\n\t\t\t\t\t<\/div>\n\n\t\n<\/div>\n\t\t<\/div>\n\t\t\t\t\t<\/div>\n\n\t\n<\/div>\n\t<div id=\"gap-1829853744\" class=\"gap-element clearfix\" style=\"display:block; height:auto;\">\n\t\t\n<style>\n#gap-1829853744 {\n  padding-top: 30px;\n}\n<\/style>\n\t<\/div>\n\t\n<h2><b>Minden darab egyedi, ak\u00e1rcsak az otthonod!<\/b><\/h2>\n\t<div id=\"gap-1925142949\" class=\"gap-element clearfix\" style=\"display:block; height:auto;\">\n\t\t\n<style>\n#gap-1925142949 {\n  padding-top: 30px;\n}\n<\/style>\n\t<\/div>\n\t\n<p>Az alapanyagoknak \u00e9s a technol\u00f3gi\u00e1nak k\u00f6sz\u00f6nhet\u0151en minden egyes darab egyedi \u00e9s megism\u00e9telhetetlen.<br \/>\nAz egysz\u00edn\u0171 RADIUS Duo egyedis\u00e9g\u00e9t a minden darabn\u00e1l v\u00e9letlenszer\u0171en elhelyezked\u0151 j\u00e1t\u00e9kos l\u00e9gbubor\u00e9kok \u00e9s az anyag term\u00e9szetes text\u00far\u00e1ja adja. A gy\u00e1rt\u00e1s sor\u00e1n mindig izgalommal v\u00e1rjuk a v\u00e9geredm\u00e9nyt. Szeretj\u00fck ezeket a mint\u00e1zatokat, mert kiemelik a beton anyagszer\u0171s\u00e9g\u00e9t \u00e9s sz\u00e9ps\u00e9g\u00e9t.<\/p>\n","protected":false},"excerpt":{"rendered":"<p>RADIUS Duo beton gyertya-, m\u00e9cses- \u00e9s f\u00fcst\u00f6l\u0151tart\u00f3 A RADIUS design beton lak\u00e1skieg\u00e9sz\u00edt\u0151 h\u00e1romf\u00e9le funkci\u00f3j\u00e1val t\u00f6k\u00e9letes t\u00e1rs t\u00f6bbf\u00e9le hangulathoz is. A dupla m\u00e9lyed\u00e9snek k\u00f6sz\u00f6nhet\u0151en ak\u00e1r kombin\u00e1lhatod is a m\u00e9csest, gyerty\u00e1t vagy f\u00fcst\u00f6l\u0151t. Ak\u00e1r a klasszikus betonos sz\u00edneket szereted, ak\u00e1r a j\u00e1t\u00e9kos terrazzo v\u00e1ltozatokat, biztosan megtal\u00e1lod a t\u00f6k\u00e9letes darabot, amivel \u00faj sz\u00ednfoltot vihetsz otthonodba. Minden darab egyedi, [&#8230;]\n","protected":false},"featured_media":15909,"comment_status":"closed","ping_status":"closed","template":"","meta":{"footnotes":""},"product_brand":[],"product_cat":[237],"product_tag":[253,251,252],"class_list":{"0":"post-17176","1":"product","2":"type-product","3":"status-publish","4":"has-post-thumbnail","6":"product_cat-beton-lakas-dekoracio","7":"product_tag-indoor-hu","8":"product_tag-decoration-hu","9":"product_tag-hangulatvilagitas","11":"first","12":"outofstock","13":"taxable","14":"shipping-taxable","15":"purchasable","16":"product-type-variable"},"yoast_head":"<!-- This site is optimized with the Yoast SEO Premium plugin v26.2 (Yoast SEO v27.4) - https:\/\/yoast.com\/product\/yoast-seo-premium-wordpress\/ -->\n<title>RADIUS Beton Gyertyatart\u00f3 - Duo &#187; AB Concrete Design<\/title>\n<meta name=\"robots\" content=\"index, follow, max-snippet:-1, max-image-preview:large, max-video-preview:-1\" \/>\n<link rel=\"canonical\" href=\"https:\/\/abconcretedesign.com\/hu\/uzlet\/beton-lakas-dekoracio\/radius-beton-gyertya-tarto-duo\/\" \/>\n<meta property=\"og:locale\" content=\"hu_HU\" \/>\n<meta property=\"og:type\" content=\"article\" \/>\n<meta property=\"og:title\" content=\"RADIUS Beton Gyertyatart\u00f3 - Duo\" \/>\n<meta property=\"og:description\" content=\"RADIUS Duo beton gyertya-, m\u00e9cses- \u00e9s f\u00fcst\u00f6l\u0151tart\u00f3 A RADIUS design beton lak\u00e1skieg\u00e9sz\u00edt\u0151 h\u00e1romf\u00e9le funkci\u00f3j\u00e1val t\u00f6k\u00e9letes t\u00e1rs t\u00f6bbf\u00e9le hangulathoz is. A\" \/>\n<meta property=\"og:url\" content=\"https:\/\/abconcretedesign.com\/hu\/uzlet\/beton-lakas-dekoracio\/radius-beton-gyertya-tarto-duo\/\" \/>\n<meta property=\"og:site_name\" content=\"AB Concrete Design\" \/>\n<meta property=\"article:modified_time\" content=\"2020-10-07T11:56:42+00:00\" \/>\n<meta property=\"og:image\" content=\"https:\/\/abconcretedesign.com\/wp-content\/uploads\/2020\/06\/concrete-tealight-holder-for-loft-styled-home.jpg\" \/>\n\t<meta property=\"og:image:width\" content=\"1920\" \/>\n\t<meta property=\"og:image:height\" content=\"1440\" \/>\n\t<meta property=\"og:image:type\" content=\"image\/jpeg\" \/>\n<meta name=\"twitter:card\" content=\"summary_large_image\" \/>\n<script type=\"application\/ld+json\" class=\"yoast-schema-graph\">{\"@context\":\"https:\\\/\\\/schema.org\",\"@graph\":[{\"@type\":\"WebPage\",\"@id\":\"https:\\\/\\\/abconcretedesign.com\\\/hu\\\/uzlet\\\/beton-lakas-dekoracio\\\/radius-beton-gyertya-tarto-duo\\\/\",\"url\":\"https:\\\/\\\/abconcretedesign.com\\\/hu\\\/uzlet\\\/beton-lakas-dekoracio\\\/radius-beton-gyertya-tarto-duo\\\/\",\"name\":\"RADIUS Beton Gyertyatart\u00f3 - Duo &#187; AB Concrete Design\",\"isPartOf\":{\"@id\":\"https:\\\/\\\/abconcretedesign.com\\\/hu\\\/#website\"},\"primaryImageOfPage\":{\"@id\":\"https:\\\/\\\/abconcretedesign.com\\\/hu\\\/uzlet\\\/beton-lakas-dekoracio\\\/radius-beton-gyertya-tarto-duo\\\/#primaryimage\"},\"image\":{\"@id\":\"https:\\\/\\\/abconcretedesign.com\\\/hu\\\/uzlet\\\/beton-lakas-dekoracio\\\/radius-beton-gyertya-tarto-duo\\\/#primaryimage\"},\"thumbnailUrl\":\"https:\\\/\\\/abconcretedesign.com\\\/wp-content\\\/uploads\\\/2020\\\/06\\\/concrete-tealight-holder-for-loft-styled-home.jpg\",\"datePublished\":\"2020-10-03T14:10:30+00:00\",\"dateModified\":\"2020-10-07T11:56:42+00:00\",\"breadcrumb\":{\"@id\":\"https:\\\/\\\/abconcretedesign.com\\\/hu\\\/uzlet\\\/beton-lakas-dekoracio\\\/radius-beton-gyertya-tarto-duo\\\/#breadcrumb\"},\"inLanguage\":\"hu\",\"potentialAction\":[{\"@type\":\"ReadAction\",\"target\":[\"https:\\\/\\\/abconcretedesign.com\\\/hu\\\/uzlet\\\/beton-lakas-dekoracio\\\/radius-beton-gyertya-tarto-duo\\\/\"]}]},{\"@type\":\"ImageObject\",\"inLanguage\":\"hu\",\"@id\":\"https:\\\/\\\/abconcretedesign.com\\\/hu\\\/uzlet\\\/beton-lakas-dekoracio\\\/radius-beton-gyertya-tarto-duo\\\/#primaryimage\",\"url\":\"https:\\\/\\\/abconcretedesign.com\\\/wp-content\\\/uploads\\\/2020\\\/06\\\/concrete-tealight-holder-for-loft-styled-home.jpg\",\"contentUrl\":\"https:\\\/\\\/abconcretedesign.com\\\/wp-content\\\/uploads\\\/2020\\\/06\\\/concrete-tealight-holder-for-loft-styled-home.jpg\",\"width\":1920,\"height\":1440},{\"@type\":\"BreadcrumbList\",\"@id\":\"https:\\\/\\\/abconcretedesign.com\\\/hu\\\/uzlet\\\/beton-lakas-dekoracio\\\/radius-beton-gyertya-tarto-duo\\\/#breadcrumb\",\"itemListElement\":[{\"@type\":\"ListItem\",\"position\":1,\"name\":\"F\u0151oldal\",\"item\":\"https:\\\/\\\/abconcretedesign.com\\\/hu\\\/\"},{\"@type\":\"ListItem\",\"position\":2,\"name\":\"Shop\",\"item\":\"https:\\\/\\\/abconcretedesign.com\\\/hu\\\/uzlet\\\/\"},{\"@type\":\"ListItem\",\"position\":3,\"name\":\"RADIUS Beton Gyertyatart\u00f3 &#8211; Duo\"}]},{\"@type\":\"WebSite\",\"@id\":\"https:\\\/\\\/abconcretedesign.com\\\/hu\\\/#website\",\"url\":\"https:\\\/\\\/abconcretedesign.com\\\/hu\\\/\",\"name\":\"AB Concrete Design and Business Gifts\",\"description\":\"Beton Design T\u00e1rgyak, \u00c9kszer \u00e9s \u00dczleti Aj\u00e1nd\u00e9k, Beton Tr\u00f3fe\u00e1k\",\"publisher\":{\"@id\":\"https:\\\/\\\/abconcretedesign.com\\\/hu\\\/#organization\"},\"potentialAction\":[{\"@type\":\"SearchAction\",\"target\":{\"@type\":\"EntryPoint\",\"urlTemplate\":\"https:\\\/\\\/abconcretedesign.com\\\/hu\\\/?s={search_term_string}\"},\"query-input\":{\"@type\":\"PropertyValueSpecification\",\"valueRequired\":true,\"valueName\":\"search_term_string\"}}],\"inLanguage\":\"hu\"},{\"@type\":\"Organization\",\"@id\":\"https:\\\/\\\/abconcretedesign.com\\\/hu\\\/#organization\",\"name\":\"AB Concrete Design\",\"url\":\"https:\\\/\\\/abconcretedesign.com\\\/hu\\\/\",\"logo\":{\"@type\":\"ImageObject\",\"inLanguage\":\"hu\",\"@id\":\"https:\\\/\\\/abconcretedesign.com\\\/hu\\\/#\\\/schema\\\/logo\\\/image\\\/\",\"url\":\"https:\\\/\\\/abconcretedesign.com\\\/wp-content\\\/uploads\\\/2019\\\/04\\\/ab-concrete-design-logo.jpg\",\"contentUrl\":\"https:\\\/\\\/abconcretedesign.com\\\/wp-content\\\/uploads\\\/2019\\\/04\\\/ab-concrete-design-logo.jpg\",\"width\":351,\"height\":89,\"caption\":\"AB Concrete Design\"},\"image\":{\"@id\":\"https:\\\/\\\/abconcretedesign.com\\\/hu\\\/#\\\/schema\\\/logo\\\/image\\\/\"}}]}<\/script>\n<!-- \/ Yoast SEO Premium plugin. -->","yoast_head_json":{"title":"RADIUS Beton Gyertyatart\u00f3 - Duo &#187; AB Concrete Design","robots":{"index":"index","follow":"follow","max-snippet":"max-snippet:-1","max-image-preview":"max-image-preview:large","max-video-preview":"max-video-preview:-1"},"canonical":"https:\/\/abconcretedesign.com\/hu\/uzlet\/beton-lakas-dekoracio\/radius-beton-gyertya-tarto-duo\/","og_locale":"hu_HU","og_type":"article","og_title":"RADIUS Beton Gyertyatart\u00f3 - Duo","og_description":"RADIUS Duo beton gyertya-, m\u00e9cses- \u00e9s f\u00fcst\u00f6l\u0151tart\u00f3 A RADIUS design beton lak\u00e1skieg\u00e9sz\u00edt\u0151 h\u00e1romf\u00e9le funkci\u00f3j\u00e1val t\u00f6k\u00e9letes t\u00e1rs t\u00f6bbf\u00e9le hangulathoz is. A","og_url":"https:\/\/abconcretedesign.com\/hu\/uzlet\/beton-lakas-dekoracio\/radius-beton-gyertya-tarto-duo\/","og_site_name":"AB Concrete Design","article_modified_time":"2020-10-07T11:56:42+00:00","og_image":[{"width":1920,"height":1440,"url":"https:\/\/abconcretedesign.com\/wp-content\/uploads\/2020\/06\/concrete-tealight-holder-for-loft-styled-home.jpg","type":"image\/jpeg"}],"twitter_card":"summary_large_image","schema":{"@context":"https:\/\/schema.org","@graph":[{"@type":"WebPage","@id":"https:\/\/abconcretedesign.com\/hu\/uzlet\/beton-lakas-dekoracio\/radius-beton-gyertya-tarto-duo\/","url":"https:\/\/abconcretedesign.com\/hu\/uzlet\/beton-lakas-dekoracio\/radius-beton-gyertya-tarto-duo\/","name":"RADIUS Beton Gyertyatart\u00f3 - Duo &#187; AB Concrete Design","isPartOf":{"@id":"https:\/\/abconcretedesign.com\/hu\/#website"},"primaryImageOfPage":{"@id":"https:\/\/abconcretedesign.com\/hu\/uzlet\/beton-lakas-dekoracio\/radius-beton-gyertya-tarto-duo\/#primaryimage"},"image":{"@id":"https:\/\/abconcretedesign.com\/hu\/uzlet\/beton-lakas-dekoracio\/radius-beton-gyertya-tarto-duo\/#primaryimage"},"thumbnailUrl":"https:\/\/abconcretedesign.com\/wp-content\/uploads\/2020\/06\/concrete-tealight-holder-for-loft-styled-home.jpg","datePublished":"2020-10-03T14:10:30+00:00","dateModified":"2020-10-07T11:56:42+00:00","breadcrumb":{"@id":"https:\/\/abconcretedesign.com\/hu\/uzlet\/beton-lakas-dekoracio\/radius-beton-gyertya-tarto-duo\/#breadcrumb"},"inLanguage":"hu","potentialAction":[{"@type":"ReadAction","target":["https:\/\/abconcretedesign.com\/hu\/uzlet\/beton-lakas-dekoracio\/radius-beton-gyertya-tarto-duo\/"]}]},{"@type":"ImageObject","inLanguage":"hu","@id":"https:\/\/abconcretedesign.com\/hu\/uzlet\/beton-lakas-dekoracio\/radius-beton-gyertya-tarto-duo\/#primaryimage","url":"https:\/\/abconcretedesign.com\/wp-content\/uploads\/2020\/06\/concrete-tealight-holder-for-loft-styled-home.jpg","contentUrl":"https:\/\/abconcretedesign.com\/wp-content\/uploads\/2020\/06\/concrete-tealight-holder-for-loft-styled-home.jpg","width":1920,"height":1440},{"@type":"BreadcrumbList","@id":"https:\/\/abconcretedesign.com\/hu\/uzlet\/beton-lakas-dekoracio\/radius-beton-gyertya-tarto-duo\/#breadcrumb","itemListElement":[{"@type":"ListItem","position":1,"name":"F\u0151oldal","item":"https:\/\/abconcretedesign.com\/hu\/"},{"@type":"ListItem","position":2,"name":"Shop","item":"https:\/\/abconcretedesign.com\/hu\/uzlet\/"},{"@type":"ListItem","position":3,"name":"RADIUS Beton Gyertyatart\u00f3 &#8211; Duo"}]},{"@type":"WebSite","@id":"https:\/\/abconcretedesign.com\/hu\/#website","url":"https:\/\/abconcretedesign.com\/hu\/","name":"AB Concrete Design and Business Gifts","description":"Beton Design T\u00e1rgyak, \u00c9kszer \u00e9s \u00dczleti Aj\u00e1nd\u00e9k, Beton Tr\u00f3fe\u00e1k","publisher":{"@id":"https:\/\/abconcretedesign.com\/hu\/#organization"},"potentialAction":[{"@type":"SearchAction","target":{"@type":"EntryPoint","urlTemplate":"https:\/\/abconcretedesign.com\/hu\/?s={search_term_string}"},"query-input":{"@type":"PropertyValueSpecification","valueRequired":true,"valueName":"search_term_string"}}],"inLanguage":"hu"},{"@type":"Organization","@id":"https:\/\/abconcretedesign.com\/hu\/#organization","name":"AB Concrete Design","url":"https:\/\/abconcretedesign.com\/hu\/","logo":{"@type":"ImageObject","inLanguage":"hu","@id":"https:\/\/abconcretedesign.com\/hu\/#\/schema\/logo\/image\/","url":"https:\/\/abconcretedesign.com\/wp-content\/uploads\/2019\/04\/ab-concrete-design-logo.jpg","contentUrl":"https:\/\/abconcretedesign.com\/wp-content\/uploads\/2019\/04\/ab-concrete-design-logo.jpg","width":351,"height":89,"caption":"AB Concrete Design"},"image":{"@id":"https:\/\/abconcretedesign.com\/hu\/#\/schema\/logo\/image\/"}}]}},"_links":{"self":[{"href":"https:\/\/abconcretedesign.com\/hu\/wp-json\/wp\/v2\/product\/17176","targetHints":{"allow":["GET"]}}],"collection":[{"href":"https:\/\/abconcretedesign.com\/hu\/wp-json\/wp\/v2\/product"}],"about":[{"href":"https:\/\/abconcretedesign.com\/hu\/wp-json\/wp\/v2\/types\/product"}],"replies":[{"embeddable":true,"href":"https:\/\/abconcretedesign.com\/hu\/wp-json\/wp\/v2\/comments?post=17176"}],"version-history":[{"count":1,"href":"https:\/\/abconcretedesign.com\/hu\/wp-json\/wp\/v2\/product\/17176\/revisions"}],"predecessor-version":[{"id":17212,"href":"https:\/\/abconcretedesign.com\/hu\/wp-json\/wp\/v2\/product\/17176\/revisions\/17212"}],"wp:featuredmedia":[{"embeddable":true,"href":"https:\/\/abconcretedesign.com\/hu\/wp-json\/wp\/v2\/media\/15909"}],"wp:attachment":[{"href":"https:\/\/abconcretedesign.com\/hu\/wp-json\/wp\/v2\/media?parent=17176"}],"wp:term":[{"taxonomy":"product_brand","embeddable":true,"href":"https:\/\/abconcretedesign.com\/hu\/wp-json\/wp\/v2\/product_brand?post=17176"},{"taxonomy":"product_cat","embeddable":true,"href":"https:\/\/abconcretedesign.com\/hu\/wp-json\/wp\/v2\/product_cat?post=17176"},{"taxonomy":"product_tag","embeddable":true,"href":"https:\/\/abconcretedesign.com\/hu\/wp-json\/wp\/v2\/product_tag?post=17176"}],"curies":[{"name":"wp","href":"https:\/\/api.w.org\/{rel}","templated":true}]}}