{"id":17074,"date":"2020-10-03T17:26:43","date_gmt":"2020-10-03T15:26:43","guid":{"rendered":"https:\/\/abconcretedesign.com\/?post_type=product&#038;p=17074"},"modified":"2023-05-05T06:27:56","modified_gmt":"2023-05-05T04:27:56","slug":"radius-beton-gyertyatarto-terrazzo","status":"publish","type":"product","link":"https:\/\/abconcretedesign.com\/hu\/uzlet\/beton-lakas-dekoracio\/radius-beton-gyertyatarto-terrazzo\/","title":{"rendered":"RADIUS Beton Gyertyatart\u00f3 \/ Terrazzo"},"content":{"rendered":"<h2><b>RADIUS beton gyertya-, m\u00e9cses- \u00e9s f\u00fcst\u00f6l\u0151tart\u00f3<\/b><\/h2>\n\t<div id=\"gap-416213099\" class=\"gap-element clearfix\" style=\"display:block; height:auto;\">\n\t\t\n<style>\n#gap-416213099 {\n  padding-top: 30px;\n}\n<\/style>\n\t<\/div>\n\t\n<p>A RADIUS design beton lak\u00e1skieg\u00e9sz\u00edt\u0151 h\u00e1romf\u00e9le funkci\u00f3j\u00e1val t\u00f6k\u00e9letes t\u00e1rs t\u00f6bbf\u00e9le hangulathoz is. Ak\u00e1r a klasszikus betonos sz\u00edneket szereted, ak\u00e1r a j\u00e1t\u00e9kos terrazzo v\u00e1ltozatokat, biztosan megtal\u00e1lod a t\u00f6k\u00e9letes darabot, amivel \u00faj sz\u00ednfoltot vihetsz otthonodba.<\/p>\n<p>Nem kell f\u00e9ltened a b\u00fatoraidat sem, mert a t\u00fck\u00f6rf\u00e9nyesre csiszolt alj \u00e9s a r\u00e1ragasztott b\u00e1rsonyr\u00e9teg maxim\u00e1lis biztons\u00e1got ny\u00fajt.<\/p>\n\t<div id=\"gap-2044363853\" class=\"gap-element clearfix\" style=\"display:block; height:auto;\">\n\t\t\n<style>\n#gap-2044363853 {\n  padding-top: 30px;\n}\n<\/style>\n\t<\/div>\n\t\n<div class=\"row\"  id=\"row-669481922\">\n\n\t<div id=\"col-188378205\" class=\"col medium-7 small-12 large-7\"  >\n\t\t\t\t<div class=\"col-inner\"  >\n\t\t\t\n\t\t\t\n<h3><b>Keleti hangulat f\u00fcst\u00f6l\u0151vel<\/b><\/h3>\n<p>&nbsp;<\/p>\n<p>Nemcsak gyertya- \u00e9s m\u00e9csestart\u00f3k\u00e9nt haszn\u00e1lhatod a RADIUS csal\u00e1d tagjait, hanem a m\u00e9lyed\u00e9s alj\u00e1ba helyezett paraf\u00e1nak k\u00f6sz\u00f6nhet\u0151en f\u00fcst\u00f6l\u0151h\u00f6z is. Ne agg\u00f3dj, sem a beton, sem az akril lemez nem s\u00e9r\u00fcl a lehull\u00f3 par\u00e1zst\u00f3l, sz\u00e1raz textillel k\u00f6nnyen tiszt\u00e1n tudod tartani.<\/p>\n\t\t<\/div>\n\t\t\t\t\t<\/div>\n\n\t\n\n\t<div id=\"col-1502581124\" class=\"col medium-5 small-12 large-5\"  >\n\t\t\t\t<div class=\"col-inner\"  >\n\t\t\t\n\t\t\t\n\t<div class=\"img has-hover x md-x lg-x y md-y lg-y\" id=\"image_702138117\">\n\t\t\t\t\t\t\t\t<div class=\"img-inner dark\" >\n\t\t\t<img loading=\"lazy\" decoding=\"async\" width=\"1020\" height=\"765\" src=\"https:\/\/abconcretedesign.com\/wp-content\/uploads\/2020\/06\/concrete-incense-holder-1067x800.jpg\" class=\"attachment-large size-large\" alt=\"\" srcset=\"https:\/\/abconcretedesign.com\/wp-content\/uploads\/2020\/06\/concrete-incense-holder-1067x800.jpg 1067w, https:\/\/abconcretedesign.com\/wp-content\/uploads\/2020\/06\/concrete-incense-holder-510x383.jpg 510w, https:\/\/abconcretedesign.com\/wp-content\/uploads\/2020\/06\/concrete-incense-holder-533x400.jpg 533w, https:\/\/abconcretedesign.com\/wp-content\/uploads\/2020\/06\/concrete-incense-holder-768x576.jpg 768w, https:\/\/abconcretedesign.com\/wp-content\/uploads\/2020\/06\/concrete-incense-holder-600x450.jpg 600w, https:\/\/abconcretedesign.com\/wp-content\/uploads\/2020\/06\/concrete-incense-holder.jpg 1920w\" sizes=\"auto, (max-width: 1020px) 100vw, 1020px\" \/>\t\t\t\t\t\t\n\t\t\t\t\t<\/div>\n\t\t\t\t\t\t\t\t\n<style>\n#image_702138117 {\n  width: 100%;\n}\n<\/style>\n\t<\/div>\n\t\n\t\t<\/div>\n\t\t\t\t\t<\/div>\n\n\t\n<\/div>\n<div class=\"row\"  id=\"row-1565039685\">\n\n\t<div id=\"col-1912735614\" class=\"col medium-5 small-12 large-5\"  >\n\t\t\t\t<div class=\"col-inner\"  >\n\t\t\t\n\t\t\t\n\t<div class=\"img has-hover x md-x lg-x y md-y lg-y\" id=\"image_909152487\">\n\t\t\t\t\t\t\t\t<div class=\"img-inner dark\" >\n\t\t\t<img loading=\"lazy\" decoding=\"async\" width=\"1020\" height=\"681\" src=\"https:\/\/abconcretedesign.com\/wp-content\/uploads\/2020\/06\/coloured-concrete-design-accessories-1198x800.jpg\" class=\"attachment-large size-large\" alt=\"\" srcset=\"https:\/\/abconcretedesign.com\/wp-content\/uploads\/2020\/06\/coloured-concrete-design-accessories-1198x800.jpg 1198w, https:\/\/abconcretedesign.com\/wp-content\/uploads\/2020\/06\/coloured-concrete-design-accessories-510x341.jpg 510w, https:\/\/abconcretedesign.com\/wp-content\/uploads\/2020\/06\/coloured-concrete-design-accessories-599x400.jpg 599w, https:\/\/abconcretedesign.com\/wp-content\/uploads\/2020\/06\/coloured-concrete-design-accessories-768x513.jpg 768w, https:\/\/abconcretedesign.com\/wp-content\/uploads\/2020\/06\/coloured-concrete-design-accessories-600x401.jpg 600w, https:\/\/abconcretedesign.com\/wp-content\/uploads\/2020\/06\/coloured-concrete-design-accessories.jpg 1920w\" sizes=\"auto, (max-width: 1020px) 100vw, 1020px\" \/>\t\t\t\t\t\t\n\t\t\t\t\t<\/div>\n\t\t\t\t\t\t\t\t\n<style>\n#image_909152487 {\n  width: 100%;\n}\n<\/style>\n\t<\/div>\n\t\n\t\t<\/div>\n\t\t\t\t\t<\/div>\n\n\t\n\n\t<div id=\"col-1549718827\" class=\"col medium-7 small-12 large-7\"  >\n\t\t\t\t<div class=\"col-inner\"  >\n\t\t\t\n\t\t\t\n<h3>Modern \u00e9s eleg\u00e1ns gyertyatart\u00f3<\/h3>\n<p>A kialak\u00edt\u00e1snak k\u00f6sz\u00f6nhet\u0151en m\u00e9g a hossz\u00fa, karcs\u00fa gyerty\u00e1kat is biztons\u00e1gosan \u00e9s eleg\u00e1nsan tudod a tart\u00f3ba \u00e1ll\u00edtani. A kivehet\u0151 akril gy\u0171r\u0171nek k\u00f6sz\u00f6nhet\u0151en pedig k\u00f6nnyen elt\u00e1vol\u00edthatod a lefolyt viaszt, \u00edgy egyszer\u0171en tiszt\u00e1n tarthat\u00f3 a t\u00e1rgy.<\/p>\n\t\t<\/div>\n\t\t\t\t\t<\/div>\n\n\t\n<\/div>\n\t<div id=\"gap-1619753890\" class=\"gap-element clearfix\" style=\"display:block; height:auto;\">\n\t\t\n<style>\n#gap-1619753890 {\n  padding-top: 30px;\n}\n<\/style>\n\t<\/div>\n\t\n<div class=\"row\"  id=\"row-1173997269\">\n\n\t<div id=\"col-237101146\" class=\"col medium-6 small-12 large-6\"  >\n\t\t\t\t<div class=\"col-inner\"  >\n\t\t\t\n\t\t\t\n<h3>Meghitt pillanatok egy m\u00e9cses f\u00e9ny\u00e9n\u00e9l<\/h3>\n\t<div id=\"gap-1249175207\" class=\"gap-element clearfix\" style=\"display:block; height:auto;\">\n\t\t\n<style>\n#gap-1249175207 {\n  padding-top: 30px;\n}\n<\/style>\n\t<\/div>\n\t\n<p>A legfels\u0151, legnagyobb \u00e1tm\u00e9r\u0151j\u0171 ny\u00edl\u00e1snak k\u00f6sz\u00f6nhet\u0151en pedig m\u00e9csestart\u00f3k\u00e9nt is haszn\u00e1lhatod az \u00faj kedvenc design beton t\u00e1rgyadat. Csemp\u00e9ssz n\u00e9h\u00e1ny meghitt, nyugodt pillanatot a rohan\u00f3 mindennapokba, \u00e9s t\u00f6lt\u0151dj fel!<\/p>\n\t\t<\/div>\n\t\t\t\t\t<\/div>\n\n\t\n\n\t<div id=\"col-2042500863\" class=\"col medium-6 small-12 large-6\"  >\n\t\t\t\t<div class=\"col-inner\"  >\n\t\t\t\n\t\t\t\n\t<div class=\"img has-hover x md-x lg-x y md-y lg-y\" id=\"image_1448668725\">\n\t\t\t\t\t\t\t\t<div class=\"img-inner dark\" >\n\t\t\t<img loading=\"lazy\" decoding=\"async\" width=\"1020\" height=\"681\" src=\"https:\/\/abconcretedesign.com\/wp-content\/uploads\/2020\/06\/concrete-home-decor-1198x800.jpg\" class=\"attachment-large size-large\" alt=\"\" srcset=\"https:\/\/abconcretedesign.com\/wp-content\/uploads\/2020\/06\/concrete-home-decor-1198x800.jpg 1198w, https:\/\/abconcretedesign.com\/wp-content\/uploads\/2020\/06\/concrete-home-decor-510x340.jpg 510w, https:\/\/abconcretedesign.com\/wp-content\/uploads\/2020\/06\/concrete-home-decor-599x400.jpg 599w, https:\/\/abconcretedesign.com\/wp-content\/uploads\/2020\/06\/concrete-home-decor-768x513.jpg 768w, https:\/\/abconcretedesign.com\/wp-content\/uploads\/2020\/06\/concrete-home-decor-600x401.jpg 600w, https:\/\/abconcretedesign.com\/wp-content\/uploads\/2020\/06\/concrete-home-decor.jpg 1600w\" sizes=\"auto, (max-width: 1020px) 100vw, 1020px\" \/>\t\t\t\t\t\t\n\t\t\t\t\t<\/div>\n\t\t\t\t\t\t\t\t\n<style>\n#image_1448668725 {\n  width: 100%;\n}\n<\/style>\n\t<\/div>\n\t\n\t\t<\/div>\n\t\t\t\t\t<\/div>\n\n\t\n<\/div>\n\t<div id=\"gap-578232328\" class=\"gap-element clearfix\" style=\"display:block; height:auto;\">\n\t\t\n<style>\n#gap-578232328 {\n  padding-top: 30px;\n}\n<\/style>\n\t<\/div>\n\t\n<h3>Amikor nincs k\u00e9t egyforma darab!<\/h3>\n\t<div id=\"gap-1854740298\" class=\"gap-element clearfix\" style=\"display:block; height:auto;\">\n\t\t\n<style>\n#gap-1854740298 {\n  padding-top: 30px;\n}\n<\/style>\n\t<\/div>\n\t\n<p>Az alapanyagoknak \u00e9s a technol\u00f3gi\u00e1nak k\u00f6sz\u00f6nhet\u0151en minden egyes darab egyedi \u00e9s megism\u00e9telhetetlen.<\/p>\n<p>Az egysz\u00edn\u0171 RADIUS egyedis\u00e9g\u00e9t a minden darabn\u00e1l v\u00e9letlenszer\u0171en elhelyezked\u0151 j\u00e1t\u00e9kos l\u00e9gbubor\u00e9kok \u00e9s az anyag term\u00e9szetes text\u00far\u00e1ja adja. A gy\u00e1rt\u00e1s sor\u00e1n mindig izgalommal v\u00e1rjuk a v\u00e9geredm\u00e9nyt. Szeretj\u00fck ezeket a mint\u00e1zatokat, mert kiemelik a beton anyagszer\u0171s\u00e9g\u00e9t \u00e9s sz\u00e9ps\u00e9g\u00e9t.<\/p>\n\t<div id=\"gap-1736895428\" class=\"gap-element clearfix\" style=\"display:block; height:auto;\">\n\t\t\n<style>\n#gap-1736895428 {\n  padding-top: 30px;\n}\n<\/style>\n\t<\/div>\n\t\n","protected":false},"excerpt":{"rendered":"<p>Egyetlen t\u00e1rgy t\u00f6bbf\u00e9le hangulathoz \u00e9s funkci\u00f3hoz.<\/p>\n","protected":false},"featured_media":17147,"comment_status":"closed","ping_status":"closed","template":"","meta":{"footnotes":""},"product_brand":[],"product_cat":[237,364],"product_tag":[253,251,252,362,248],"class_list":{"0":"post-17074","1":"product","2":"type-product","3":"status-publish","4":"has-post-thumbnail","6":"product_cat-beton-lakas-dekoracio","7":"product_cat-terrazzo-hu","8":"product_tag-indoor-hu","9":"product_tag-decoration-hu","10":"product_tag-hangulatvilagitas","11":"product_tag-minimalista","12":"product_tag-terrazzo-hu","14":"first","15":"outofstock","16":"taxable","17":"shipping-taxable","18":"purchasable","19":"product-type-variable"},"yoast_head":"<!-- This site is optimized with the Yoast SEO Premium plugin v26.2 (Yoast SEO v27.4) - https:\/\/yoast.com\/product\/yoast-seo-premium-wordpress\/ -->\n<title>RADIUS Beton Gyertyatart\u00f3 \/ Terrazzo &#187; AB Concrete Design<\/title>\n<meta name=\"description\" content=\"RADIUS beton gyertya-, m\u00e9cses- \u00e9s f\u00fcst\u00f6l\u0151tart\u00f3 Designer beton lakberendez\u00e9si t\u00e1rgy h\u00e1rom funkci\u00f3val, t\u00f6bbf\u00e9le hangulathoz.\" \/>\n<meta name=\"robots\" content=\"index, follow, max-snippet:-1, max-image-preview:large, max-video-preview:-1\" \/>\n<link rel=\"canonical\" href=\"https:\/\/abconcretedesign.com\/hu\/uzlet\/beton-lakas-dekoracio\/radius-beton-gyertyatarto-terrazzo\/\" \/>\n<meta property=\"og:locale\" content=\"hu_HU\" \/>\n<meta property=\"og:type\" content=\"article\" \/>\n<meta property=\"og:title\" content=\"RADIUS Beton Gyertyatart\u00f3 \/ Terrazzo\" \/>\n<meta property=\"og:description\" content=\"Egyetlen t\u00e1rgy t\u00f6bbf\u00e9le hangulathoz \u00e9s funkci\u00f3hoz.\" \/>\n<meta property=\"og:url\" content=\"https:\/\/abconcretedesign.com\/hu\/uzlet\/beton-lakas-dekoracio\/radius-beton-gyertyatarto-terrazzo\/\" \/>\n<meta property=\"og:site_name\" content=\"AB Concrete Design\" \/>\n<meta property=\"article:modified_time\" content=\"2023-05-05T04:27:56+00:00\" \/>\n<meta property=\"og:image\" content=\"https:\/\/abconcretedesign.com\/wp-content\/uploads\/2020\/10\/terrazzo-home-decor.jpg\" \/>\n\t<meta property=\"og:image:width\" content=\"1600\" \/>\n\t<meta property=\"og:image:height\" content=\"1200\" \/>\n\t<meta property=\"og:image:type\" content=\"image\/jpeg\" \/>\n<meta name=\"twitter:card\" content=\"summary_large_image\" \/>\n<script type=\"application\/ld+json\" class=\"yoast-schema-graph\">{\"@context\":\"https:\\\/\\\/schema.org\",\"@graph\":[{\"@type\":\"WebPage\",\"@id\":\"https:\\\/\\\/abconcretedesign.com\\\/hu\\\/uzlet\\\/beton-lakas-dekoracio\\\/radius-beton-gyertyatarto-terrazzo\\\/\",\"url\":\"https:\\\/\\\/abconcretedesign.com\\\/hu\\\/uzlet\\\/beton-lakas-dekoracio\\\/radius-beton-gyertyatarto-terrazzo\\\/\",\"name\":\"RADIUS Beton Gyertyatart\u00f3 \\\/ Terrazzo &#187; AB Concrete Design\",\"isPartOf\":{\"@id\":\"https:\\\/\\\/abconcretedesign.com\\\/hu\\\/#website\"},\"primaryImageOfPage\":{\"@id\":\"https:\\\/\\\/abconcretedesign.com\\\/hu\\\/uzlet\\\/beton-lakas-dekoracio\\\/radius-beton-gyertyatarto-terrazzo\\\/#primaryimage\"},\"image\":{\"@id\":\"https:\\\/\\\/abconcretedesign.com\\\/hu\\\/uzlet\\\/beton-lakas-dekoracio\\\/radius-beton-gyertyatarto-terrazzo\\\/#primaryimage\"},\"thumbnailUrl\":\"https:\\\/\\\/abconcretedesign.com\\\/wp-content\\\/uploads\\\/2020\\\/10\\\/terrazzo-home-decor.jpg\",\"datePublished\":\"2020-10-03T15:26:43+00:00\",\"dateModified\":\"2023-05-05T04:27:56+00:00\",\"description\":\"RADIUS beton gyertya-, m\u00e9cses- \u00e9s f\u00fcst\u00f6l\u0151tart\u00f3 Designer beton lakberendez\u00e9si t\u00e1rgy h\u00e1rom funkci\u00f3val, t\u00f6bbf\u00e9le hangulathoz.\",\"breadcrumb\":{\"@id\":\"https:\\\/\\\/abconcretedesign.com\\\/hu\\\/uzlet\\\/beton-lakas-dekoracio\\\/radius-beton-gyertyatarto-terrazzo\\\/#breadcrumb\"},\"inLanguage\":\"hu\",\"potentialAction\":[{\"@type\":\"ReadAction\",\"target\":[\"https:\\\/\\\/abconcretedesign.com\\\/hu\\\/uzlet\\\/beton-lakas-dekoracio\\\/radius-beton-gyertyatarto-terrazzo\\\/\"]}]},{\"@type\":\"ImageObject\",\"inLanguage\":\"hu\",\"@id\":\"https:\\\/\\\/abconcretedesign.com\\\/hu\\\/uzlet\\\/beton-lakas-dekoracio\\\/radius-beton-gyertyatarto-terrazzo\\\/#primaryimage\",\"url\":\"https:\\\/\\\/abconcretedesign.com\\\/wp-content\\\/uploads\\\/2020\\\/10\\\/terrazzo-home-decor.jpg\",\"contentUrl\":\"https:\\\/\\\/abconcretedesign.com\\\/wp-content\\\/uploads\\\/2020\\\/10\\\/terrazzo-home-decor.jpg\",\"width\":1600,\"height\":1200,\"caption\":\"Terrazzo st\u00edlus\u00fa otthon-dekor beton design term\u00e9kek 3 sz\u00ednvari\u00e1ci\u00f3ban\"},{\"@type\":\"BreadcrumbList\",\"@id\":\"https:\\\/\\\/abconcretedesign.com\\\/hu\\\/uzlet\\\/beton-lakas-dekoracio\\\/radius-beton-gyertyatarto-terrazzo\\\/#breadcrumb\",\"itemListElement\":[{\"@type\":\"ListItem\",\"position\":1,\"name\":\"F\u0151oldal\",\"item\":\"https:\\\/\\\/abconcretedesign.com\\\/hu\\\/\"},{\"@type\":\"ListItem\",\"position\":2,\"name\":\"Shop\",\"item\":\"https:\\\/\\\/abconcretedesign.com\\\/hu\\\/uzlet\\\/\"},{\"@type\":\"ListItem\",\"position\":3,\"name\":\"RADIUS Beton Gyertyatart\u00f3 \\\/ Terrazzo\"}]},{\"@type\":\"WebSite\",\"@id\":\"https:\\\/\\\/abconcretedesign.com\\\/hu\\\/#website\",\"url\":\"https:\\\/\\\/abconcretedesign.com\\\/hu\\\/\",\"name\":\"AB Concrete Design and Business Gifts\",\"description\":\"Beton Design T\u00e1rgyak, \u00c9kszer \u00e9s \u00dczleti Aj\u00e1nd\u00e9k, Beton Tr\u00f3fe\u00e1k\",\"publisher\":{\"@id\":\"https:\\\/\\\/abconcretedesign.com\\\/hu\\\/#organization\"},\"potentialAction\":[{\"@type\":\"SearchAction\",\"target\":{\"@type\":\"EntryPoint\",\"urlTemplate\":\"https:\\\/\\\/abconcretedesign.com\\\/hu\\\/?s={search_term_string}\"},\"query-input\":{\"@type\":\"PropertyValueSpecification\",\"valueRequired\":true,\"valueName\":\"search_term_string\"}}],\"inLanguage\":\"hu\"},{\"@type\":\"Organization\",\"@id\":\"https:\\\/\\\/abconcretedesign.com\\\/hu\\\/#organization\",\"name\":\"AB Concrete Design\",\"url\":\"https:\\\/\\\/abconcretedesign.com\\\/hu\\\/\",\"logo\":{\"@type\":\"ImageObject\",\"inLanguage\":\"hu\",\"@id\":\"https:\\\/\\\/abconcretedesign.com\\\/hu\\\/#\\\/schema\\\/logo\\\/image\\\/\",\"url\":\"https:\\\/\\\/abconcretedesign.com\\\/wp-content\\\/uploads\\\/2019\\\/04\\\/ab-concrete-design-logo.jpg\",\"contentUrl\":\"https:\\\/\\\/abconcretedesign.com\\\/wp-content\\\/uploads\\\/2019\\\/04\\\/ab-concrete-design-logo.jpg\",\"width\":351,\"height\":89,\"caption\":\"AB Concrete Design\"},\"image\":{\"@id\":\"https:\\\/\\\/abconcretedesign.com\\\/hu\\\/#\\\/schema\\\/logo\\\/image\\\/\"}}]}<\/script>\n<!-- \/ Yoast SEO Premium plugin. -->","yoast_head_json":{"title":"RADIUS Beton Gyertyatart\u00f3 \/ Terrazzo &#187; AB Concrete Design","description":"RADIUS beton gyertya-, m\u00e9cses- \u00e9s f\u00fcst\u00f6l\u0151tart\u00f3 Designer beton lakberendez\u00e9si t\u00e1rgy h\u00e1rom funkci\u00f3val, t\u00f6bbf\u00e9le hangulathoz.","robots":{"index":"index","follow":"follow","max-snippet":"max-snippet:-1","max-image-preview":"max-image-preview:large","max-video-preview":"max-video-preview:-1"},"canonical":"https:\/\/abconcretedesign.com\/hu\/uzlet\/beton-lakas-dekoracio\/radius-beton-gyertyatarto-terrazzo\/","og_locale":"hu_HU","og_type":"article","og_title":"RADIUS Beton Gyertyatart\u00f3 \/ Terrazzo","og_description":"Egyetlen t\u00e1rgy t\u00f6bbf\u00e9le hangulathoz \u00e9s funkci\u00f3hoz.","og_url":"https:\/\/abconcretedesign.com\/hu\/uzlet\/beton-lakas-dekoracio\/radius-beton-gyertyatarto-terrazzo\/","og_site_name":"AB Concrete Design","article_modified_time":"2023-05-05T04:27:56+00:00","og_image":[{"width":1600,"height":1200,"url":"https:\/\/abconcretedesign.com\/wp-content\/uploads\/2020\/10\/terrazzo-home-decor.jpg","type":"image\/jpeg"}],"twitter_card":"summary_large_image","schema":{"@context":"https:\/\/schema.org","@graph":[{"@type":"WebPage","@id":"https:\/\/abconcretedesign.com\/hu\/uzlet\/beton-lakas-dekoracio\/radius-beton-gyertyatarto-terrazzo\/","url":"https:\/\/abconcretedesign.com\/hu\/uzlet\/beton-lakas-dekoracio\/radius-beton-gyertyatarto-terrazzo\/","name":"RADIUS Beton Gyertyatart\u00f3 \/ Terrazzo &#187; AB Concrete Design","isPartOf":{"@id":"https:\/\/abconcretedesign.com\/hu\/#website"},"primaryImageOfPage":{"@id":"https:\/\/abconcretedesign.com\/hu\/uzlet\/beton-lakas-dekoracio\/radius-beton-gyertyatarto-terrazzo\/#primaryimage"},"image":{"@id":"https:\/\/abconcretedesign.com\/hu\/uzlet\/beton-lakas-dekoracio\/radius-beton-gyertyatarto-terrazzo\/#primaryimage"},"thumbnailUrl":"https:\/\/abconcretedesign.com\/wp-content\/uploads\/2020\/10\/terrazzo-home-decor.jpg","datePublished":"2020-10-03T15:26:43+00:00","dateModified":"2023-05-05T04:27:56+00:00","description":"RADIUS beton gyertya-, m\u00e9cses- \u00e9s f\u00fcst\u00f6l\u0151tart\u00f3 Designer beton lakberendez\u00e9si t\u00e1rgy h\u00e1rom funkci\u00f3val, t\u00f6bbf\u00e9le hangulathoz.","breadcrumb":{"@id":"https:\/\/abconcretedesign.com\/hu\/uzlet\/beton-lakas-dekoracio\/radius-beton-gyertyatarto-terrazzo\/#breadcrumb"},"inLanguage":"hu","potentialAction":[{"@type":"ReadAction","target":["https:\/\/abconcretedesign.com\/hu\/uzlet\/beton-lakas-dekoracio\/radius-beton-gyertyatarto-terrazzo\/"]}]},{"@type":"ImageObject","inLanguage":"hu","@id":"https:\/\/abconcretedesign.com\/hu\/uzlet\/beton-lakas-dekoracio\/radius-beton-gyertyatarto-terrazzo\/#primaryimage","url":"https:\/\/abconcretedesign.com\/wp-content\/uploads\/2020\/10\/terrazzo-home-decor.jpg","contentUrl":"https:\/\/abconcretedesign.com\/wp-content\/uploads\/2020\/10\/terrazzo-home-decor.jpg","width":1600,"height":1200,"caption":"Terrazzo st\u00edlus\u00fa otthon-dekor beton design term\u00e9kek 3 sz\u00ednvari\u00e1ci\u00f3ban"},{"@type":"BreadcrumbList","@id":"https:\/\/abconcretedesign.com\/hu\/uzlet\/beton-lakas-dekoracio\/radius-beton-gyertyatarto-terrazzo\/#breadcrumb","itemListElement":[{"@type":"ListItem","position":1,"name":"F\u0151oldal","item":"https:\/\/abconcretedesign.com\/hu\/"},{"@type":"ListItem","position":2,"name":"Shop","item":"https:\/\/abconcretedesign.com\/hu\/uzlet\/"},{"@type":"ListItem","position":3,"name":"RADIUS Beton Gyertyatart\u00f3 \/ Terrazzo"}]},{"@type":"WebSite","@id":"https:\/\/abconcretedesign.com\/hu\/#website","url":"https:\/\/abconcretedesign.com\/hu\/","name":"AB Concrete Design and Business Gifts","description":"Beton Design T\u00e1rgyak, \u00c9kszer \u00e9s \u00dczleti Aj\u00e1nd\u00e9k, Beton Tr\u00f3fe\u00e1k","publisher":{"@id":"https:\/\/abconcretedesign.com\/hu\/#organization"},"potentialAction":[{"@type":"SearchAction","target":{"@type":"EntryPoint","urlTemplate":"https:\/\/abconcretedesign.com\/hu\/?s={search_term_string}"},"query-input":{"@type":"PropertyValueSpecification","valueRequired":true,"valueName":"search_term_string"}}],"inLanguage":"hu"},{"@type":"Organization","@id":"https:\/\/abconcretedesign.com\/hu\/#organization","name":"AB Concrete Design","url":"https:\/\/abconcretedesign.com\/hu\/","logo":{"@type":"ImageObject","inLanguage":"hu","@id":"https:\/\/abconcretedesign.com\/hu\/#\/schema\/logo\/image\/","url":"https:\/\/abconcretedesign.com\/wp-content\/uploads\/2019\/04\/ab-concrete-design-logo.jpg","contentUrl":"https:\/\/abconcretedesign.com\/wp-content\/uploads\/2019\/04\/ab-concrete-design-logo.jpg","width":351,"height":89,"caption":"AB Concrete Design"},"image":{"@id":"https:\/\/abconcretedesign.com\/hu\/#\/schema\/logo\/image\/"}}]}},"_links":{"self":[{"href":"https:\/\/abconcretedesign.com\/hu\/wp-json\/wp\/v2\/product\/17074","targetHints":{"allow":["GET"]}}],"collection":[{"href":"https:\/\/abconcretedesign.com\/hu\/wp-json\/wp\/v2\/product"}],"about":[{"href":"https:\/\/abconcretedesign.com\/hu\/wp-json\/wp\/v2\/types\/product"}],"replies":[{"embeddable":true,"href":"https:\/\/abconcretedesign.com\/hu\/wp-json\/wp\/v2\/comments?post=17074"}],"version-history":[{"count":7,"href":"https:\/\/abconcretedesign.com\/hu\/wp-json\/wp\/v2\/product\/17074\/revisions"}],"predecessor-version":[{"id":28923,"href":"https:\/\/abconcretedesign.com\/hu\/wp-json\/wp\/v2\/product\/17074\/revisions\/28923"}],"wp:featuredmedia":[{"embeddable":true,"href":"https:\/\/abconcretedesign.com\/hu\/wp-json\/wp\/v2\/media\/17147"}],"wp:attachment":[{"href":"https:\/\/abconcretedesign.com\/hu\/wp-json\/wp\/v2\/media?parent=17074"}],"wp:term":[{"taxonomy":"product_brand","embeddable":true,"href":"https:\/\/abconcretedesign.com\/hu\/wp-json\/wp\/v2\/product_brand?post=17074"},{"taxonomy":"product_cat","embeddable":true,"href":"https:\/\/abconcretedesign.com\/hu\/wp-json\/wp\/v2\/product_cat?post=17074"},{"taxonomy":"product_tag","embeddable":true,"href":"https:\/\/abconcretedesign.com\/hu\/wp-json\/wp\/v2\/product_tag?post=17074"}],"curies":[{"name":"wp","href":"https:\/\/api.w.org\/{rel}","templated":true}]}}