{"id":16996,"date":"2020-09-19T16:16:26","date_gmt":"2020-09-19T14:16:26","guid":{"rendered":"https:\/\/abconcretedesign.com\/shop\/nem-kategorizalt\/cubo-beton-kepkeret-szett\/"},"modified":"2020-09-20T16:02:31","modified_gmt":"2020-09-20T14:02:31","slug":"cubo-beton-kepkeret-szett","status":"publish","type":"product","link":"https:\/\/abconcretedesign.com\/hu\/uzlet\/beton-lakas-dekoracio\/cubo-beton-kepkeret-szett\/","title":{"rendered":"CUBO Beton K\u00e9pkeretek \/ vari\u00e1lhat\u00f3 szett"},"content":{"rendered":"<p>Mi\u00e9rt legyen csak egy, ha lehet h\u00e1rom is? T\u00f6bb szuper fot\u00f3 is k\u00e9sz\u00fclt az esk\u00fcv\u0151n vagy a csal\u00e1di nyaral\u00e1son? Nem tudt\u00e1l csak egy k\u00e9peslapot v\u00e1lasztani? Szeretsz a sz\u00ednekkel \u00e9s mint\u00e1kkal j\u00e1tszani? V\u00e1laszd a CUBO szettet, \u00edgy 1 nagy \u00e9s 2 k\u00e9t kicsi k\u00e9ptart\u00f3val sz\u00e1mtalan m\u00f3don kombin\u00e1lhatod a kedvenc fot\u00f3idat, grafik\u00e1kat vagy eml\u00e9keket.<\/p>\n<div class=\"row\"  id=\"row-907188807\">\n\n\t<div id=\"col-314950789\" class=\"col medium-6 small-12 large-6\"  >\n\t\t\t\t<div class=\"col-inner\"  >\n\t\t\t\n\t\t\t\n<p>A k\u00e9pkeretek kifinomult, egyszer\u0171 k\u00fclsej\u00fck miatt b\u00e1rmilyen st\u00edlus\u00fa otthonba vagy irod\u00e1ba j\u00f3l illenek. A beton alapba \u00e1ll\u00edtott k\u00e9t \u00fcveglap k\u00f6z\u00e9 teheted a k\u00e9pet, amelyet ak\u00e1r \u00e1ll\u00f3, ak\u00e1r fekv\u0151 m\u00f3don is elhelyezhetsz. You can place the image between the two glass sheets in the concrete base either in portrait or landscape mode. A k\u00e9pkeret tart\u00f3eleme t\u00fck\u00f6rsim\u00e1ra csiszolt beton, b\u00e1rsony cs\u00edkokkal az alj\u00e1n, \u00edgy a b\u00fatoraidat sem kell f\u00e9ltened. Az \u00fcveglapok m\u00e9rete 10&#215;15 cm.<\/p>\n<p>Az \u00fcveglapok m\u00e9rete: 10&#215;15 \u00e9s 15&#215;20 cm.<\/p>\n\t\t<\/div>\n\t\t\t\t\t<\/div>\n\n\t\n\n\t<div id=\"col-1844710242\" class=\"col medium-6 small-12 large-6\"  >\n\t\t\t\t<div class=\"col-inner\"  >\n\t\t\t\n\t\t\t\n\t<div class=\"img has-hover x md-x lg-x y md-y lg-y\" id=\"image_1627242718\">\n\t\t\t\t\t\t\t\t<div class=\"img-inner dark\" >\n\t\t\t<img loading=\"lazy\" decoding=\"async\" width=\"1020\" height=\"765\" src=\"https:\/\/abconcretedesign.com\/wp-content\/uploads\/2013\/08\/cubo2-1067x800.jpg\" class=\"attachment-large size-large\" alt=\"\" srcset=\"https:\/\/abconcretedesign.com\/wp-content\/uploads\/2013\/08\/cubo2-1067x800.jpg 1067w, https:\/\/abconcretedesign.com\/wp-content\/uploads\/2013\/08\/cubo2-510x383.jpg 510w, https:\/\/abconcretedesign.com\/wp-content\/uploads\/2013\/08\/cubo2-533x400.jpg 533w, https:\/\/abconcretedesign.com\/wp-content\/uploads\/2013\/08\/cubo2-768x576.jpg 768w, https:\/\/abconcretedesign.com\/wp-content\/uploads\/2013\/08\/cubo2-600x450.jpg 600w, https:\/\/abconcretedesign.com\/wp-content\/uploads\/2013\/08\/cubo2.jpg 1200w\" sizes=\"auto, (max-width: 1020px) 100vw, 1020px\" \/>\t\t\t\t\t\t\n\t\t\t\t\t<\/div>\n\t\t\t\t\t\t\t\t\n<style>\n#image_1627242718 {\n  width: 100%;\n}\n<\/style>\n\t<\/div>\n\t\n\t\t<\/div>\n\t\t\t\t\t<\/div>\n\n\t\n<\/div>\n\t<div id=\"gap-697640861\" class=\"gap-element clearfix\" style=\"display:block; height:auto;\">\n\t\t\n<style>\n#gap-697640861 {\n  padding-top: 60px;\n}\n<\/style>\n\t<\/div>\n\t\n<h2><b>Minden darab egyedi, \u00e9pp \u00fagy mint Te \u00e9s az otthonod!<\/b><\/h2>\n\t<div id=\"gap-108987813\" class=\"gap-element clearfix\" style=\"display:block; height:auto;\">\n\t\t\n<style>\n#gap-108987813 {\n  padding-top: 30px;\n}\n<\/style>\n\t<\/div>\n\t\n<div class=\"row\"  id=\"row-443571441\">\n\n\t<div id=\"col-271679947\" class=\"col medium-6 small-12 large-6\"  >\n\t\t\t\t<div class=\"col-inner\"  >\n\t\t\t\n\t\t\t\n<p>Az alapanyagoknak \u00e9s a technol\u00f3gi\u00e1nak k\u00f6sz\u00f6nhet\u0151en minden egyes darab egyedi. A h\u00e1rom klasszikus beton sz\u00ednben kaphat\u00f3 CUBO design beton k\u00e9ptart\u00f3k egyedis\u00e9g\u00e9t a minden darabn\u00e1l v\u00e9letlenszer\u0171en elhelyezked\u0151 j\u00e1t\u00e9kos l\u00e9gbubor\u00e9kok adj\u00e1k. A gy\u00e1rt\u00e1s sor\u00e1n mindig izgalommal v\u00e1rjuk a v\u00e9geredm\u00e9nyt. Szeretj\u00fck ezeket a mint\u00e1zatokat, mert kiemelik a beton anyagszer\u0171s\u00e9g\u00e9t \u00e9s sz\u00e9ps\u00e9g\u00e9t.<\/p>\n\t\t<\/div>\n\t\t\t\t\t<\/div>\n\n\t\n\n\t<div id=\"col-111405123\" class=\"col medium-1 small-12 large-1\"  >\n\t\t\t\t<div class=\"col-inner\"  >\n\t\t\t\n\t\t\t\n\t\t<\/div>\n\t\t\t\t\t<\/div>\n\n\t\n\n\t<div id=\"col-1246998964\" class=\"col medium-5 small-12 large-5\"  >\n\t\t\t\t<div class=\"col-inner\"  >\n\t\t\t\n\t\t\t\n\t<div class=\"img has-hover x md-x lg-x y md-y lg-y\" id=\"image_352503174\">\n\t\t\t\t\t\t\t\t<div class=\"img-inner dark\" >\n\t\t\t<img loading=\"lazy\" decoding=\"async\" width=\"847\" height=\"800\" src=\"https:\/\/abconcretedesign.com\/wp-content\/uploads\/2020\/05\/concrete-design-studio-workshop-847x800.jpg\" class=\"attachment-large size-large\" alt=\"\" srcset=\"https:\/\/abconcretedesign.com\/wp-content\/uploads\/2020\/05\/concrete-design-studio-workshop-847x800.jpg 847w, https:\/\/abconcretedesign.com\/wp-content\/uploads\/2020\/05\/concrete-design-studio-workshop-scaled-510x482.jpg 510w, https:\/\/abconcretedesign.com\/wp-content\/uploads\/2020\/05\/concrete-design-studio-workshop-423x400.jpg 423w, https:\/\/abconcretedesign.com\/wp-content\/uploads\/2020\/05\/concrete-design-studio-workshop-768x726.jpg 768w, https:\/\/abconcretedesign.com\/wp-content\/uploads\/2020\/05\/concrete-design-studio-workshop-1536x1451.jpg 1536w, https:\/\/abconcretedesign.com\/wp-content\/uploads\/2020\/05\/concrete-design-studio-workshop-2048x1935.jpg 2048w, https:\/\/abconcretedesign.com\/wp-content\/uploads\/2020\/05\/concrete-design-studio-workshop-600x567.jpg 600w, https:\/\/abconcretedesign.com\/wp-content\/uploads\/2020\/05\/concrete-design-studio-workshop-scaled.jpg 1600w\" sizes=\"auto, (max-width: 847px) 100vw, 847px\" \/>\t\t\t\t\t\t\n\t\t\t\t\t<\/div>\n\t\t\t\t\t\t\t\t\n<style>\n#image_352503174 {\n  width: 100%;\n}\n<\/style>\n\t<\/div>\n\t\n\t\t<\/div>\n\t\t\t\t\t<\/div>\n\n\t\n<\/div>\n\t<div id=\"gap-363608450\" class=\"gap-element clearfix\" style=\"display:block; height:auto;\">\n\t\t\n<style>\n#gap-363608450 {\n  padding-top: 60px;\n}\n<\/style>\n\t<\/div>\n\t\n<h2><b>Lepd c\u00e9ges partnereidet is az irod\u00e1juk \u00faj kedvenc darabj\u00e1val!<\/b><\/h2>\n\t<div id=\"gap-1345646946\" class=\"gap-element clearfix\" style=\"display:block; height:auto;\">\n\t\t\n<style>\n#gap-1345646946 {\n  padding-top: 30px;\n}\n<\/style>\n\t<\/div>\n\t\n<p>A t\u00f6k\u00e9letes \u00e9s izgalmas aj\u00e1nd\u00e9kot keresed a c\u00e9ges partnereid sz\u00e1m\u00e1ra? Szeretn\u00e9d a csapatodat olyan aj\u00e1nd\u00e9kkal meglepni, amit hossz\u00fa \u00e9veken \u00e1t \u00f6r\u00f6mmel haszn\u00e1lnak? Egyedi \u00e9s az arculathoz igazod\u00f3 kieg\u00e9sz\u00edt\u0151t keresel egy rendezv\u00e9nyre vagy exp\u00f3ra?<\/p>\n<div class=\"row\"  id=\"row-126584771\">\n\n\t<div id=\"col-252383682\" class=\"col medium-4 small-12 large-4\"  >\n\t\t\t\t<div class=\"col-inner\"  >\n\t\t\t\n\t\t\t\n\t<div class=\"img has-hover x md-x lg-x y md-y lg-y\" id=\"image_1693905138\">\n\t\t\t\t\t\t\t\t<div class=\"img-inner dark\" >\n\t\t\t<img loading=\"lazy\" decoding=\"async\" width=\"1000\" height=\"800\" src=\"https:\/\/abconcretedesign.com\/wp-content\/uploads\/2019\/12\/photo-holder-business-gift-1000x800.jpg\" class=\"attachment-large size-large\" alt=\"Photo holder business gifts made of concrete\" srcset=\"https:\/\/abconcretedesign.com\/wp-content\/uploads\/2019\/12\/photo-holder-business-gift-1000x800.jpg 1000w, https:\/\/abconcretedesign.com\/wp-content\/uploads\/2019\/12\/photo-holder-business-gift-510x408.jpg 510w, https:\/\/abconcretedesign.com\/wp-content\/uploads\/2019\/12\/photo-holder-business-gift-500x400.jpg 500w, https:\/\/abconcretedesign.com\/wp-content\/uploads\/2019\/12\/photo-holder-business-gift-768x614.jpg 768w, https:\/\/abconcretedesign.com\/wp-content\/uploads\/2019\/12\/photo-holder-business-gift-420x336.jpg 420w, https:\/\/abconcretedesign.com\/wp-content\/uploads\/2019\/12\/photo-holder-business-gift-600x480.jpg 600w, https:\/\/abconcretedesign.com\/wp-content\/uploads\/2019\/12\/photo-holder-business-gift.jpg 1600w\" sizes=\"auto, (max-width: 1000px) 100vw, 1000px\" \/>\t\t\t\t\t\t\n\t\t\t\t\t<\/div>\n\t\t\t\t\t\t\t\t\n<style>\n#image_1693905138 {\n  width: 100%;\n}\n<\/style>\n\t<\/div>\n\t\n\t\t<\/div>\n\t\t\t\t\t<\/div>\n\n\t\n\n\t<div id=\"col-1567025382\" class=\"col medium-4 small-12 large-4\"  >\n\t\t\t\t<div class=\"col-inner\"  >\n\t\t\t\n\t\t\t\n\t<div class=\"img has-hover x md-x lg-x y md-y lg-y\" id=\"image_958644452\">\n\t\t\t\t\t\t\t\t<div class=\"img-inner dark\" >\n\t\t\t<img loading=\"lazy\" decoding=\"async\" width=\"1000\" height=\"800\" src=\"https:\/\/abconcretedesign.com\/wp-content\/uploads\/2019\/12\/business-gift-terrazzo-1000x800.jpg\" class=\"attachment-large size-large\" alt=\"customized concrete corporate gift with custom made cardboard giftbox\" srcset=\"https:\/\/abconcretedesign.com\/wp-content\/uploads\/2019\/12\/business-gift-terrazzo-1000x800.jpg 1000w, https:\/\/abconcretedesign.com\/wp-content\/uploads\/2019\/12\/business-gift-terrazzo-510x408.jpg 510w, https:\/\/abconcretedesign.com\/wp-content\/uploads\/2019\/12\/business-gift-terrazzo-500x400.jpg 500w, https:\/\/abconcretedesign.com\/wp-content\/uploads\/2019\/12\/business-gift-terrazzo-768x615.jpg 768w, https:\/\/abconcretedesign.com\/wp-content\/uploads\/2019\/12\/business-gift-terrazzo-420x336.jpg 420w, https:\/\/abconcretedesign.com\/wp-content\/uploads\/2019\/12\/business-gift-terrazzo-600x480.jpg 600w, https:\/\/abconcretedesign.com\/wp-content\/uploads\/2019\/12\/business-gift-terrazzo.jpg 1600w\" sizes=\"auto, (max-width: 1000px) 100vw, 1000px\" \/>\t\t\t\t\t\t\n\t\t\t\t\t<\/div>\n\t\t\t\t\t\t\t\t\n<style>\n#image_958644452 {\n  width: 100%;\n}\n<\/style>\n\t<\/div>\n\t\n\t\t<\/div>\n\t\t\t\t\t<\/div>\n\n\t\n\n\t<div id=\"col-1429657860\" class=\"col medium-4 small-12 large-4\"  >\n\t\t\t\t<div class=\"col-inner\"  >\n\t\t\t\n\t\t\t\n\t<div class=\"img has-hover x md-x lg-x y md-y lg-y\" id=\"image_1024994282\">\n\t\t\t\t\t\t\t\t<div class=\"img-inner dark\" >\n\t\t\t<img loading=\"lazy\" decoding=\"async\" width=\"1000\" height=\"800\" src=\"https:\/\/abconcretedesign.com\/wp-content\/uploads\/2019\/12\/business-gifts-branded-packaging-1000x800.jpg\" class=\"attachment-large size-large\" alt=\"Custom made branded giftbox for concrete business gifts\" srcset=\"https:\/\/abconcretedesign.com\/wp-content\/uploads\/2019\/12\/business-gifts-branded-packaging-1000x800.jpg 1000w, https:\/\/abconcretedesign.com\/wp-content\/uploads\/2019\/12\/business-gifts-branded-packaging-510x408.jpg 510w, https:\/\/abconcretedesign.com\/wp-content\/uploads\/2019\/12\/business-gifts-branded-packaging-500x400.jpg 500w, https:\/\/abconcretedesign.com\/wp-content\/uploads\/2019\/12\/business-gifts-branded-packaging-768x614.jpg 768w, https:\/\/abconcretedesign.com\/wp-content\/uploads\/2019\/12\/business-gifts-branded-packaging-420x336.jpg 420w, https:\/\/abconcretedesign.com\/wp-content\/uploads\/2019\/12\/business-gifts-branded-packaging-600x480.jpg 600w, https:\/\/abconcretedesign.com\/wp-content\/uploads\/2019\/12\/business-gifts-branded-packaging.jpg 1600w\" sizes=\"auto, (max-width: 1000px) 100vw, 1000px\" \/>\t\t\t\t\t\t\n\t\t\t\t\t<\/div>\n\t\t\t\t\t\t\t\t\n<style>\n#image_1024994282 {\n  width: 100%;\n}\n<\/style>\n\t<\/div>\n\t\n\t\t<\/div>\n\t\t\t\t\t<\/div>\n\n\t\n<\/div>\n<p>A CUBO beton k\u00e9ptart\u00f3kat egyedi megold\u00e1sokkal \u00e9s log\u00f3zva, t\u00f6bbf\u00e9lek\u00e9ppen csomagolva, ak\u00e1r k\u00e9ppel vagy \u00fcdv\u00f6zl\u0151 k\u00e1rty\u00e1val kieg\u00e9sz\u00edtve is megrendelheted. Log\u00f3zott, egyedi vagy t\u00f6bb darabos rendel\u00e9s eset\u00e9n vedd fel vel\u00fcnk a kapcsolatot az <a href=\"\">anita@abconcretedesign.com<\/a> c\u00edmen! For orders with a logo, unique or multiple pieces, contact us at <a href=\"mailto:anita@abconcretedesign.com\">anita@abconcretedesign.com<\/a>!<\/p>\n","protected":false},"excerpt":{"rendered":"<p>T\u00f6bb k\u00e9p, t\u00f6bb keret &#8211; k\u00e9t kicsi \u00e9s egy nagy CUBO egy csomagban, kedvezm\u00e9nyes \u00e1ron.<br \/>\nV\u00e1logasd \u00f6ssze a saj\u00e1t szettedet a kedvenc sz\u00edneidb\u0151l!<\/p>\n","protected":false},"featured_media":14193,"comment_status":"closed","ping_status":"closed","template":"","meta":{"footnotes":""},"product_brand":[],"product_cat":[330,237,239],"product_tag":[251,362],"class_list":{"0":"post-16996","1":"product","2":"type-product","3":"status-publish","4":"has-post-thumbnail","6":"product_cat-beton-design-termek-akcio-legjobb-aron","7":"product_cat-beton-lakas-dekoracio","8":"product_cat-irodai-kiegeszitok","9":"product_tag-decoration-hu","10":"product_tag-minimalista","12":"first","13":"outofstock","14":"sale","15":"virtual","16":"taxable","17":"purchasable","18":"product-type-simple"},"yoast_head":"<!-- This site is optimized with the Yoast SEO Premium plugin v26.2 (Yoast SEO v27.4) - https:\/\/yoast.com\/product\/yoast-seo-premium-wordpress\/ -->\n<title>CUBO Beton K\u00e9pkeretek \/ vari\u00e1lhat\u00f3 szett &#187; AB Concrete Design<\/title>\n<meta name=\"description\" content=\"T\u00f6bb k\u00e9p, t\u00f6bb keret - k\u00e9t kicsi \u00e9s egy nagy CUBO egy csomagban, kedvezm\u00e9nyes \u00e1ron. V\u00e1logasd \u00f6ssze a saj\u00e1t szettedet a kedvenc sz\u00edneidb\u0151l!\" \/>\n<meta name=\"robots\" content=\"index, follow, max-snippet:-1, max-image-preview:large, max-video-preview:-1\" \/>\n<link rel=\"canonical\" href=\"https:\/\/abconcretedesign.com\/hu\/uzlet\/beton-lakas-dekoracio\/cubo-beton-kepkeret-szett\/\" \/>\n<meta property=\"og:locale\" content=\"hu_HU\" \/>\n<meta property=\"og:type\" content=\"article\" \/>\n<meta property=\"og:title\" content=\"CUBO Beton K\u00e9pkeretek \/ vari\u00e1lhat\u00f3 szett\" \/>\n<meta property=\"og:description\" content=\"T\u00f6bb k\u00e9p, t\u00f6bb keret - k\u00e9t kicsi \u00e9s egy nagy CUBO egy csomagban, kedvezm\u00e9nyes \u00e1ron. V\u00e1logasd \u00f6ssze a saj\u00e1t szettedet a kedvenc sz\u00edneidb\u0151l!\" \/>\n<meta property=\"og:url\" content=\"https:\/\/abconcretedesign.com\/hu\/uzlet\/beton-lakas-dekoracio\/cubo-beton-kepkeret-szett\/\" \/>\n<meta property=\"og:site_name\" content=\"AB Concrete Design\" \/>\n<meta property=\"article:modified_time\" content=\"2020-09-20T14:02:31+00:00\" \/>\n<meta property=\"og:image\" content=\"https:\/\/abconcretedesign.com\/wp-content\/uploads\/2019\/02\/designer-concrete-picture-holder-1-scaled.jpg\" \/>\n\t<meta property=\"og:image:width\" content=\"1600\" \/>\n\t<meta property=\"og:image:height\" content=\"1068\" \/>\n\t<meta property=\"og:image:type\" content=\"image\/jpeg\" \/>\n<meta name=\"twitter:card\" content=\"summary_large_image\" \/>\n<script type=\"application\/ld+json\" class=\"yoast-schema-graph\">{\"@context\":\"https:\\\/\\\/schema.org\",\"@graph\":[{\"@type\":\"WebPage\",\"@id\":\"https:\\\/\\\/abconcretedesign.com\\\/hu\\\/uzlet\\\/beton-lakas-dekoracio\\\/cubo-beton-kepkeret-szett\\\/\",\"url\":\"https:\\\/\\\/abconcretedesign.com\\\/hu\\\/uzlet\\\/beton-lakas-dekoracio\\\/cubo-beton-kepkeret-szett\\\/\",\"name\":\"CUBO Beton K\u00e9pkeretek \\\/ vari\u00e1lhat\u00f3 szett &#187; AB Concrete Design\",\"isPartOf\":{\"@id\":\"https:\\\/\\\/abconcretedesign.com\\\/hu\\\/#website\"},\"primaryImageOfPage\":{\"@id\":\"https:\\\/\\\/abconcretedesign.com\\\/hu\\\/uzlet\\\/beton-lakas-dekoracio\\\/cubo-beton-kepkeret-szett\\\/#primaryimage\"},\"image\":{\"@id\":\"https:\\\/\\\/abconcretedesign.com\\\/hu\\\/uzlet\\\/beton-lakas-dekoracio\\\/cubo-beton-kepkeret-szett\\\/#primaryimage\"},\"thumbnailUrl\":\"https:\\\/\\\/abconcretedesign.com\\\/wp-content\\\/uploads\\\/2019\\\/02\\\/designer-concrete-picture-holder-1-scaled.jpg\",\"datePublished\":\"2020-09-19T14:16:26+00:00\",\"dateModified\":\"2020-09-20T14:02:31+00:00\",\"description\":\"T\u00f6bb k\u00e9p, t\u00f6bb keret - k\u00e9t kicsi \u00e9s egy nagy CUBO egy csomagban, kedvezm\u00e9nyes \u00e1ron. V\u00e1logasd \u00f6ssze a saj\u00e1t szettedet a kedvenc sz\u00edneidb\u0151l!\",\"breadcrumb\":{\"@id\":\"https:\\\/\\\/abconcretedesign.com\\\/hu\\\/uzlet\\\/beton-lakas-dekoracio\\\/cubo-beton-kepkeret-szett\\\/#breadcrumb\"},\"inLanguage\":\"hu\",\"potentialAction\":[{\"@type\":\"ReadAction\",\"target\":[\"https:\\\/\\\/abconcretedesign.com\\\/hu\\\/uzlet\\\/beton-lakas-dekoracio\\\/cubo-beton-kepkeret-szett\\\/\"]}]},{\"@type\":\"ImageObject\",\"inLanguage\":\"hu\",\"@id\":\"https:\\\/\\\/abconcretedesign.com\\\/hu\\\/uzlet\\\/beton-lakas-dekoracio\\\/cubo-beton-kepkeret-szett\\\/#primaryimage\",\"url\":\"https:\\\/\\\/abconcretedesign.com\\\/wp-content\\\/uploads\\\/2019\\\/02\\\/designer-concrete-picture-holder-1-scaled.jpg\",\"contentUrl\":\"https:\\\/\\\/abconcretedesign.com\\\/wp-content\\\/uploads\\\/2019\\\/02\\\/designer-concrete-picture-holder-1-scaled.jpg\",\"width\":1600,\"height\":1068,\"caption\":\"minimalista st\u00edlus\u00fa f\u00e9nyk\u00e9ptart\u00f3 beton alapban\"},{\"@type\":\"BreadcrumbList\",\"@id\":\"https:\\\/\\\/abconcretedesign.com\\\/hu\\\/uzlet\\\/beton-lakas-dekoracio\\\/cubo-beton-kepkeret-szett\\\/#breadcrumb\",\"itemListElement\":[{\"@type\":\"ListItem\",\"position\":1,\"name\":\"F\u0151oldal\",\"item\":\"https:\\\/\\\/abconcretedesign.com\\\/hu\\\/\"},{\"@type\":\"ListItem\",\"position\":2,\"name\":\"Shop\",\"item\":\"https:\\\/\\\/abconcretedesign.com\\\/hu\\\/uzlet\\\/\"},{\"@type\":\"ListItem\",\"position\":3,\"name\":\"CUBO Beton K\u00e9pkeretek \\\/ vari\u00e1lhat\u00f3 szett\"}]},{\"@type\":\"WebSite\",\"@id\":\"https:\\\/\\\/abconcretedesign.com\\\/hu\\\/#website\",\"url\":\"https:\\\/\\\/abconcretedesign.com\\\/hu\\\/\",\"name\":\"AB Concrete Design and Business Gifts\",\"description\":\"Beton Design T\u00e1rgyak, \u00c9kszer \u00e9s \u00dczleti Aj\u00e1nd\u00e9k, Beton Tr\u00f3fe\u00e1k\",\"publisher\":{\"@id\":\"https:\\\/\\\/abconcretedesign.com\\\/hu\\\/#organization\"},\"potentialAction\":[{\"@type\":\"SearchAction\",\"target\":{\"@type\":\"EntryPoint\",\"urlTemplate\":\"https:\\\/\\\/abconcretedesign.com\\\/hu\\\/?s={search_term_string}\"},\"query-input\":{\"@type\":\"PropertyValueSpecification\",\"valueRequired\":true,\"valueName\":\"search_term_string\"}}],\"inLanguage\":\"hu\"},{\"@type\":\"Organization\",\"@id\":\"https:\\\/\\\/abconcretedesign.com\\\/hu\\\/#organization\",\"name\":\"AB Concrete Design\",\"url\":\"https:\\\/\\\/abconcretedesign.com\\\/hu\\\/\",\"logo\":{\"@type\":\"ImageObject\",\"inLanguage\":\"hu\",\"@id\":\"https:\\\/\\\/abconcretedesign.com\\\/hu\\\/#\\\/schema\\\/logo\\\/image\\\/\",\"url\":\"https:\\\/\\\/abconcretedesign.com\\\/wp-content\\\/uploads\\\/2019\\\/04\\\/ab-concrete-design-logo.jpg\",\"contentUrl\":\"https:\\\/\\\/abconcretedesign.com\\\/wp-content\\\/uploads\\\/2019\\\/04\\\/ab-concrete-design-logo.jpg\",\"width\":351,\"height\":89,\"caption\":\"AB Concrete Design\"},\"image\":{\"@id\":\"https:\\\/\\\/abconcretedesign.com\\\/hu\\\/#\\\/schema\\\/logo\\\/image\\\/\"}}]}<\/script>\n<!-- \/ Yoast SEO Premium plugin. -->","yoast_head_json":{"title":"CUBO Beton K\u00e9pkeretek \/ vari\u00e1lhat\u00f3 szett &#187; AB Concrete Design","description":"T\u00f6bb k\u00e9p, t\u00f6bb keret - k\u00e9t kicsi \u00e9s egy nagy CUBO egy csomagban, kedvezm\u00e9nyes \u00e1ron. V\u00e1logasd \u00f6ssze a saj\u00e1t szettedet a kedvenc sz\u00edneidb\u0151l!","robots":{"index":"index","follow":"follow","max-snippet":"max-snippet:-1","max-image-preview":"max-image-preview:large","max-video-preview":"max-video-preview:-1"},"canonical":"https:\/\/abconcretedesign.com\/hu\/uzlet\/beton-lakas-dekoracio\/cubo-beton-kepkeret-szett\/","og_locale":"hu_HU","og_type":"article","og_title":"CUBO Beton K\u00e9pkeretek \/ vari\u00e1lhat\u00f3 szett","og_description":"T\u00f6bb k\u00e9p, t\u00f6bb keret - k\u00e9t kicsi \u00e9s egy nagy CUBO egy csomagban, kedvezm\u00e9nyes \u00e1ron. V\u00e1logasd \u00f6ssze a saj\u00e1t szettedet a kedvenc sz\u00edneidb\u0151l!","og_url":"https:\/\/abconcretedesign.com\/hu\/uzlet\/beton-lakas-dekoracio\/cubo-beton-kepkeret-szett\/","og_site_name":"AB Concrete Design","article_modified_time":"2020-09-20T14:02:31+00:00","og_image":[{"width":1600,"height":1068,"url":"https:\/\/abconcretedesign.com\/wp-content\/uploads\/2019\/02\/designer-concrete-picture-holder-1-scaled.jpg","type":"image\/jpeg"}],"twitter_card":"summary_large_image","schema":{"@context":"https:\/\/schema.org","@graph":[{"@type":"WebPage","@id":"https:\/\/abconcretedesign.com\/hu\/uzlet\/beton-lakas-dekoracio\/cubo-beton-kepkeret-szett\/","url":"https:\/\/abconcretedesign.com\/hu\/uzlet\/beton-lakas-dekoracio\/cubo-beton-kepkeret-szett\/","name":"CUBO Beton K\u00e9pkeretek \/ vari\u00e1lhat\u00f3 szett &#187; AB Concrete Design","isPartOf":{"@id":"https:\/\/abconcretedesign.com\/hu\/#website"},"primaryImageOfPage":{"@id":"https:\/\/abconcretedesign.com\/hu\/uzlet\/beton-lakas-dekoracio\/cubo-beton-kepkeret-szett\/#primaryimage"},"image":{"@id":"https:\/\/abconcretedesign.com\/hu\/uzlet\/beton-lakas-dekoracio\/cubo-beton-kepkeret-szett\/#primaryimage"},"thumbnailUrl":"https:\/\/abconcretedesign.com\/wp-content\/uploads\/2019\/02\/designer-concrete-picture-holder-1-scaled.jpg","datePublished":"2020-09-19T14:16:26+00:00","dateModified":"2020-09-20T14:02:31+00:00","description":"T\u00f6bb k\u00e9p, t\u00f6bb keret - k\u00e9t kicsi \u00e9s egy nagy CUBO egy csomagban, kedvezm\u00e9nyes \u00e1ron. V\u00e1logasd \u00f6ssze a saj\u00e1t szettedet a kedvenc sz\u00edneidb\u0151l!","breadcrumb":{"@id":"https:\/\/abconcretedesign.com\/hu\/uzlet\/beton-lakas-dekoracio\/cubo-beton-kepkeret-szett\/#breadcrumb"},"inLanguage":"hu","potentialAction":[{"@type":"ReadAction","target":["https:\/\/abconcretedesign.com\/hu\/uzlet\/beton-lakas-dekoracio\/cubo-beton-kepkeret-szett\/"]}]},{"@type":"ImageObject","inLanguage":"hu","@id":"https:\/\/abconcretedesign.com\/hu\/uzlet\/beton-lakas-dekoracio\/cubo-beton-kepkeret-szett\/#primaryimage","url":"https:\/\/abconcretedesign.com\/wp-content\/uploads\/2019\/02\/designer-concrete-picture-holder-1-scaled.jpg","contentUrl":"https:\/\/abconcretedesign.com\/wp-content\/uploads\/2019\/02\/designer-concrete-picture-holder-1-scaled.jpg","width":1600,"height":1068,"caption":"minimalista st\u00edlus\u00fa f\u00e9nyk\u00e9ptart\u00f3 beton alapban"},{"@type":"BreadcrumbList","@id":"https:\/\/abconcretedesign.com\/hu\/uzlet\/beton-lakas-dekoracio\/cubo-beton-kepkeret-szett\/#breadcrumb","itemListElement":[{"@type":"ListItem","position":1,"name":"F\u0151oldal","item":"https:\/\/abconcretedesign.com\/hu\/"},{"@type":"ListItem","position":2,"name":"Shop","item":"https:\/\/abconcretedesign.com\/hu\/uzlet\/"},{"@type":"ListItem","position":3,"name":"CUBO Beton K\u00e9pkeretek \/ vari\u00e1lhat\u00f3 szett"}]},{"@type":"WebSite","@id":"https:\/\/abconcretedesign.com\/hu\/#website","url":"https:\/\/abconcretedesign.com\/hu\/","name":"AB Concrete Design and Business Gifts","description":"Beton Design T\u00e1rgyak, \u00c9kszer \u00e9s \u00dczleti Aj\u00e1nd\u00e9k, Beton Tr\u00f3fe\u00e1k","publisher":{"@id":"https:\/\/abconcretedesign.com\/hu\/#organization"},"potentialAction":[{"@type":"SearchAction","target":{"@type":"EntryPoint","urlTemplate":"https:\/\/abconcretedesign.com\/hu\/?s={search_term_string}"},"query-input":{"@type":"PropertyValueSpecification","valueRequired":true,"valueName":"search_term_string"}}],"inLanguage":"hu"},{"@type":"Organization","@id":"https:\/\/abconcretedesign.com\/hu\/#organization","name":"AB Concrete Design","url":"https:\/\/abconcretedesign.com\/hu\/","logo":{"@type":"ImageObject","inLanguage":"hu","@id":"https:\/\/abconcretedesign.com\/hu\/#\/schema\/logo\/image\/","url":"https:\/\/abconcretedesign.com\/wp-content\/uploads\/2019\/04\/ab-concrete-design-logo.jpg","contentUrl":"https:\/\/abconcretedesign.com\/wp-content\/uploads\/2019\/04\/ab-concrete-design-logo.jpg","width":351,"height":89,"caption":"AB Concrete Design"},"image":{"@id":"https:\/\/abconcretedesign.com\/hu\/#\/schema\/logo\/image\/"}}]}},"_links":{"self":[{"href":"https:\/\/abconcretedesign.com\/hu\/wp-json\/wp\/v2\/product\/16996","targetHints":{"allow":["GET"]}}],"collection":[{"href":"https:\/\/abconcretedesign.com\/hu\/wp-json\/wp\/v2\/product"}],"about":[{"href":"https:\/\/abconcretedesign.com\/hu\/wp-json\/wp\/v2\/types\/product"}],"replies":[{"embeddable":true,"href":"https:\/\/abconcretedesign.com\/hu\/wp-json\/wp\/v2\/comments?post=16996"}],"version-history":[{"count":0,"href":"https:\/\/abconcretedesign.com\/hu\/wp-json\/wp\/v2\/product\/16996\/revisions"}],"wp:featuredmedia":[{"embeddable":true,"href":"https:\/\/abconcretedesign.com\/hu\/wp-json\/wp\/v2\/media\/14193"}],"wp:attachment":[{"href":"https:\/\/abconcretedesign.com\/hu\/wp-json\/wp\/v2\/media?parent=16996"}],"wp:term":[{"taxonomy":"product_brand","embeddable":true,"href":"https:\/\/abconcretedesign.com\/hu\/wp-json\/wp\/v2\/product_brand?post=16996"},{"taxonomy":"product_cat","embeddable":true,"href":"https:\/\/abconcretedesign.com\/hu\/wp-json\/wp\/v2\/product_cat?post=16996"},{"taxonomy":"product_tag","embeddable":true,"href":"https:\/\/abconcretedesign.com\/hu\/wp-json\/wp\/v2\/product_tag?post=16996"}],"curies":[{"name":"wp","href":"https:\/\/api.w.org\/{rel}","templated":true}]}}