{"id":14203,"date":"2013-08-10T11:14:20","date_gmt":"2013-08-10T09:14:20","guid":{"rendered":"https:\/\/abconcretedesign.com\/shop\/nem-kategorizalt\/cubo-kicsi-kepkeret\/"},"modified":"2020-05-09T08:23:43","modified_gmt":"2020-05-09T06:23:43","slug":"cubo-kicsi-kepkeret","status":"publish","type":"product","link":"https:\/\/abconcretedesign.com\/hu\/uzlet\/beton-lakas-dekoracio\/cubo-kicsi-kepkeret\/","title":{"rendered":"CUBO Beton K\u00e9pkeret \/ kicsi"},"content":{"rendered":"<p>A k\u00e9pkeretek kifinomult, egyszer\u0171 k\u00fclsej\u00fck miatt b\u00e1rmilyen st\u00edlus\u00fa otthonba vagy irod\u00e1ba j\u00f3l illenek. A beton alapba \u00e1ll\u00edtott k\u00e9t \u00fcveglap k\u00f6z\u00e9 teheted a k\u00e9pet, amelyet ak\u00e1r \u00e1ll\u00f3, ak\u00e1r fekv\u0151 m\u00f3don is elhelyezhetsz.  <\/p>\n\t<div id=\"gap-1081502813\" class=\"gap-element clearfix\" style=\"display:block; height:auto;\">\n\t\t\n<style>\n#gap-1081502813 {\n  padding-top: 30px;\n}\n<\/style>\n\t<\/div>\n\t\n<div class=\"row\"  id=\"row-1649175719\">\n\n\t<div id=\"col-1095834970\" class=\"col medium-6 small-12 large-6\"  >\n\t\t\t\t<div class=\"col-inner\"  >\n\t\t\t\n\t\t\t\n\t<div class=\"img has-hover x md-x lg-x y md-y lg-y\" id=\"image_290522811\">\n\t\t\t\t\t\t\t\t<div class=\"img-inner dark\" >\n\t\t\t<img loading=\"lazy\" decoding=\"async\" width=\"1020\" height=\"681\" src=\"https:\/\/abconcretedesign.com\/wp-content\/uploads\/2013\/08\/concrete-home-decor-industrial-2-1198x800.jpg\" class=\"attachment-large size-large\" alt=\"Industrial home decoration objects made of concete\" srcset=\"https:\/\/abconcretedesign.com\/wp-content\/uploads\/2013\/08\/concrete-home-decor-industrial-2-1198x800.jpg 1198w, https:\/\/abconcretedesign.com\/wp-content\/uploads\/2013\/08\/concrete-home-decor-industrial-2-scaled-510x341.jpg 510w, https:\/\/abconcretedesign.com\/wp-content\/uploads\/2013\/08\/concrete-home-decor-industrial-2-599x400.jpg 599w, https:\/\/abconcretedesign.com\/wp-content\/uploads\/2013\/08\/concrete-home-decor-industrial-2-768x513.jpg 768w, https:\/\/abconcretedesign.com\/wp-content\/uploads\/2013\/08\/concrete-home-decor-industrial-2-1536x1025.jpg 1536w, https:\/\/abconcretedesign.com\/wp-content\/uploads\/2013\/08\/concrete-home-decor-industrial-2-2048x1367.jpg 2048w, https:\/\/abconcretedesign.com\/wp-content\/uploads\/2013\/08\/concrete-home-decor-industrial-2-600x401.jpg 600w, https:\/\/abconcretedesign.com\/wp-content\/uploads\/2013\/08\/concrete-home-decor-industrial-2-scaled.jpg 1920w\" sizes=\"auto, (max-width: 1020px) 100vw, 1020px\" \/>\t\t\t\t\t\t\n\t\t\t\t\t<\/div>\n\t\t\t\t\t\t\t\t\n<style>\n#image_290522811 {\n  width: 100%;\n}\n<\/style>\n\t<\/div>\n\t\n\t\t<\/div>\n\t\t\t\t\t<\/div>\n\n\t\n\n\t<div id=\"col-1057117308\" class=\"col medium-6 small-12 large-6\"  >\n\t\t\t\t<div class=\"col-inner\"  >\n\t\t\t\n\t\t\t\n\t<div class=\"img has-hover x md-x lg-x y md-y lg-y\" id=\"image_848437421\">\n\t\t\t\t\t\t\t\t<div class=\"img-inner dark\" >\n\t\t\t<img loading=\"lazy\" decoding=\"async\" width=\"1020\" height=\"681\" src=\"https:\/\/abconcretedesign.com\/wp-content\/uploads\/2013\/08\/concrete-design-objects-for-home-1-1198x800.jpg\" class=\"attachment-large size-large\" alt=\"Industrial concrete design objects for loft apartments\" srcset=\"https:\/\/abconcretedesign.com\/wp-content\/uploads\/2013\/08\/concrete-design-objects-for-home-1-1198x800.jpg 1198w, https:\/\/abconcretedesign.com\/wp-content\/uploads\/2013\/08\/concrete-design-objects-for-home-1-scaled-510x340.jpg 510w, https:\/\/abconcretedesign.com\/wp-content\/uploads\/2013\/08\/concrete-design-objects-for-home-1-599x400.jpg 599w, https:\/\/abconcretedesign.com\/wp-content\/uploads\/2013\/08\/concrete-design-objects-for-home-1-768x513.jpg 768w, https:\/\/abconcretedesign.com\/wp-content\/uploads\/2013\/08\/concrete-design-objects-for-home-1-1536x1025.jpg 1536w, https:\/\/abconcretedesign.com\/wp-content\/uploads\/2013\/08\/concrete-design-objects-for-home-1-2048x1367.jpg 2048w, https:\/\/abconcretedesign.com\/wp-content\/uploads\/2013\/08\/concrete-design-objects-for-home-1-600x401.jpg 600w, https:\/\/abconcretedesign.com\/wp-content\/uploads\/2013\/08\/concrete-design-objects-for-home-1-scaled.jpg 1600w\" sizes=\"auto, (max-width: 1020px) 100vw, 1020px\" \/>\t\t\t\t\t\t\n\t\t\t\t\t<\/div>\n\t\t\t\t\t\t\t\t\n<style>\n#image_848437421 {\n  width: 100%;\n}\n<\/style>\n\t<\/div>\n\t\n\t\t<\/div>\n\t\t\t\t\t<\/div>\n\n\t\n<\/div>\n<p>A k\u00e9pkeret tart\u00f3eleme t\u00fck\u00f6rsim\u00e1ra csiszolt beton, b\u00e1rsony cs\u00edkokkal az alj\u00e1n, \u00edgy a b\u00fatoraidat sem kell f\u00e9ltened. Az \u00fcveglapok m\u00e9rete 10&#215;15 cm.<\/p>\n\t<div id=\"gap-32911059\" class=\"gap-element clearfix\" style=\"display:block; height:auto;\">\n\t\t\n<style>\n#gap-32911059 {\n  padding-top: 30px;\n}\n<\/style>\n\t<\/div>\n\t\n<div class=\"row\"  id=\"row-1303038484\">\n\n\t<div id=\"col-1629533128\" class=\"col small-12 large-12\"  >\n\t\t\t\t<div class=\"col-inner\"  >\n\t\t\t\n\t\t\t\n<div class=\"row\"  id=\"row-733770524\">\n\n\t<div id=\"col-957593594\" class=\"col small-12 large-12\"  >\n\t\t\t\t<div class=\"col-inner\"  >\n\t\t\t\n\t\t\t\n<div class=\"row\"  id=\"row-310552133\">\n\n\t<div id=\"col-1997084235\" class=\"col medium-7 small-12 large-7\"  >\n\t\t\t\t<div class=\"col-inner\"  >\n\t\t\t\n\t\t\t\n\t<div class=\"img has-hover x md-x lg-x y md-y lg-y\" id=\"image_68942233\">\n\t\t\t\t\t\t\t\t<div class=\"img-inner dark\" >\n\t\t\t<img loading=\"lazy\" decoding=\"async\" width=\"1020\" height=\"681\" src=\"https:\/\/abconcretedesign.com\/wp-content\/uploads\/2020\/05\/concrete-home-decor-product-1-1198x800.gif\" class=\"attachment-large size-large\" alt=\"\" srcset=\"https:\/\/abconcretedesign.com\/wp-content\/uploads\/2020\/05\/concrete-home-decor-product-1-1198x800.gif 1198w, https:\/\/abconcretedesign.com\/wp-content\/uploads\/2020\/05\/concrete-home-decor-product-1-scaled-510x340.gif 510w, https:\/\/abconcretedesign.com\/wp-content\/uploads\/2020\/05\/concrete-home-decor-product-1-599x400.gif 599w, https:\/\/abconcretedesign.com\/wp-content\/uploads\/2020\/05\/concrete-home-decor-product-1-768x513.gif 768w, https:\/\/abconcretedesign.com\/wp-content\/uploads\/2020\/05\/concrete-home-decor-product-1-1536x1025.gif 1536w, https:\/\/abconcretedesign.com\/wp-content\/uploads\/2020\/05\/concrete-home-decor-product-1-2048x1367.gif 2048w, https:\/\/abconcretedesign.com\/wp-content\/uploads\/2020\/05\/concrete-home-decor-product-1-600x401.gif 600w\" sizes=\"auto, (max-width: 1020px) 100vw, 1020px\" \/>\t\t\t\t\t\t\n\t\t\t\t\t<\/div>\n\t\t\t\t\t\t\t\t\n<style>\n#image_68942233 {\n  width: 100%;\n}\n<\/style>\n\t<\/div>\n\t\n\t\t<\/div>\n\t\t\t\t\t<\/div>\n\n\t\n\n\t<div id=\"col-1740715385\" class=\"col medium-5 small-12 large-5\"  >\n\t\t\t\t<div class=\"col-inner\"  >\n\t\t\t\n\t\t\t\n\t\t<\/div>\n\t\t\t\t\t<\/div>\n\n\t\n<\/div>\n\t<div id=\"gap-164787722\" class=\"gap-element clearfix\" style=\"display:block; height:auto;\">\n\t\t\n<style>\n#gap-164787722 {\n  padding-top: 30px;\n}\n<\/style>\n\t<\/div>\n\t\n<h2><b>Minden darab egyedi, \u00e9pp \u00fagy mint Te \u00e9s az otthonod!<\/b><\/h2>\n\t<div id=\"gap-632248831\" class=\"gap-element clearfix\" style=\"display:block; height:auto;\">\n\t\t\n<style>\n#gap-632248831 {\n  padding-top: 30px;\n}\n<\/style>\n\t<\/div>\n\t\n\t\t<\/div>\n\t\t\t\t\t<\/div>\n\n\t\n<\/div>\n<div class=\"row\"  id=\"row-1342145755\">\n\n\t<div id=\"col-480820677\" class=\"col medium-6 small-12 large-6\"  >\n\t\t\t\t<div class=\"col-inner\"  >\n\t\t\t\n\t\t\t\n<p>Az alapanyagoknak \u00e9s a technol\u00f3gi\u00e1nak k\u00f6sz\u00f6nhet\u0151en minden egyes darab egyedi. A h\u00e1rom klasszikus beton sz\u00ednben kaphat\u00f3 CUBO design beton k\u00e9ptart\u00f3k egyedis\u00e9g\u00e9t a minden darabn\u00e1l v\u00e9letlenszer\u0171en elhelyezked\u0151 j\u00e1t\u00e9kos l\u00e9gbubor\u00e9kok adj\u00e1k. A gy\u00e1rt\u00e1s sor\u00e1n mindig izgalommal v\u00e1rjuk a v\u00e9geredm\u00e9nyt. Szeretj\u00fck ezeket a mint\u00e1zatokat, mert kiemelik a beton anyagszer\u0171s\u00e9g\u00e9t \u00e9s sz\u00e9ps\u00e9g\u00e9t.<\/p>\n\t\t<\/div>\n\t\t\t\t\t<\/div>\n\n\t\n\n\t<div id=\"col-673470593\" class=\"col medium-5 small-12 large-5\"  >\n\t\t\t\t<div class=\"col-inner\"  >\n\t\t\t\n\t\t\t\n\t<div class=\"img has-hover x md-x lg-x y md-y lg-y\" id=\"image_1571994597\">\n\t\t\t\t\t\t\t\t<div class=\"img-inner dark\" >\n\t\t\t<img loading=\"lazy\" decoding=\"async\" width=\"847\" height=\"800\" src=\"https:\/\/abconcretedesign.com\/wp-content\/uploads\/2020\/05\/concrete-design-studio-workshop-847x800.jpg\" class=\"attachment-large size-large\" alt=\"\" srcset=\"https:\/\/abconcretedesign.com\/wp-content\/uploads\/2020\/05\/concrete-design-studio-workshop-847x800.jpg 847w, https:\/\/abconcretedesign.com\/wp-content\/uploads\/2020\/05\/concrete-design-studio-workshop-scaled-510x482.jpg 510w, https:\/\/abconcretedesign.com\/wp-content\/uploads\/2020\/05\/concrete-design-studio-workshop-423x400.jpg 423w, https:\/\/abconcretedesign.com\/wp-content\/uploads\/2020\/05\/concrete-design-studio-workshop-768x726.jpg 768w, https:\/\/abconcretedesign.com\/wp-content\/uploads\/2020\/05\/concrete-design-studio-workshop-1536x1451.jpg 1536w, https:\/\/abconcretedesign.com\/wp-content\/uploads\/2020\/05\/concrete-design-studio-workshop-2048x1935.jpg 2048w, https:\/\/abconcretedesign.com\/wp-content\/uploads\/2020\/05\/concrete-design-studio-workshop-600x567.jpg 600w, https:\/\/abconcretedesign.com\/wp-content\/uploads\/2020\/05\/concrete-design-studio-workshop-scaled.jpg 1600w\" sizes=\"auto, (max-width: 847px) 100vw, 847px\" \/>\t\t\t\t\t\t\n\t\t\t\t\t<\/div>\n\t\t\t\t\t\t\t\t\n<style>\n#image_1571994597 {\n  width: 100%;\n}\n<\/style>\n\t<\/div>\n\t\n\t\t<\/div>\n\t\t\t\t\t<\/div>\n\n\t\n<\/div>\n\t<div id=\"gap-1214543050\" class=\"gap-element clearfix\" style=\"display:block; height:auto;\">\n\t\t\n<style>\n#gap-1214543050 {\n  padding-top: 30px;\n}\n<\/style>\n\t<\/div>\n\t\n\t\t<\/div>\n\t\t\t\t\t<\/div>\n\n\t\n<\/div>\n<h2><b>Lepd c\u00e9ges partnereidet is az irod\u00e1juk \u00faj kedvenc darabj\u00e1val!<\/b><\/h2>\n\t<div id=\"gap-629183731\" class=\"gap-element clearfix\" style=\"display:block; height:auto;\">\n\t\t\n<style>\n#gap-629183731 {\n  padding-top: 30px;\n}\n<\/style>\n\t<\/div>\n\t\n<p>A t\u00f6k\u00e9letes \u00e9s izgalmas aj\u00e1nd\u00e9kot keresed a c\u00e9ges partnereid sz\u00e1m\u00e1ra? Szeretn\u00e9d a csapatodat olyan aj\u00e1nd\u00e9kkal meglepni, amit hossz\u00fa \u00e9veken \u00e1t \u00f6r\u00f6mmel haszn\u00e1lnak? Egyedi \u00e9s az arculathoz igazod\u00f3 kieg\u00e9sz\u00edt\u0151t keresel egy rendezv\u00e9nyre vagy exp\u00f3ra?  <\/p>\n<div class=\"row\"  id=\"row-1051026886\">\n\n\t<div id=\"col-253676889\" class=\"col medium-4 small-12 large-4\"  >\n\t\t\t\t<div class=\"col-inner\"  >\n\t\t\t\n\t\t\t\n\t<div class=\"img has-hover x md-x lg-x y md-y lg-y\" id=\"image_1238184371\">\n\t\t\t\t\t\t\t\t<div class=\"img-inner dark\" >\n\t\t\t<img loading=\"lazy\" decoding=\"async\" width=\"1000\" height=\"800\" src=\"https:\/\/abconcretedesign.com\/wp-content\/uploads\/2019\/12\/corporate-gift-custom-made-packaging-1000x800.jpg\" class=\"attachment-large size-large\" alt=\"Designer concrete object as business gift for your clients\" srcset=\"https:\/\/abconcretedesign.com\/wp-content\/uploads\/2019\/12\/corporate-gift-custom-made-packaging-1000x800.jpg 1000w, https:\/\/abconcretedesign.com\/wp-content\/uploads\/2019\/12\/corporate-gift-custom-made-packaging-510x408.jpg 510w, https:\/\/abconcretedesign.com\/wp-content\/uploads\/2019\/12\/corporate-gift-custom-made-packaging-500x400.jpg 500w, https:\/\/abconcretedesign.com\/wp-content\/uploads\/2019\/12\/corporate-gift-custom-made-packaging-768x614.jpg 768w, https:\/\/abconcretedesign.com\/wp-content\/uploads\/2019\/12\/corporate-gift-custom-made-packaging-420x336.jpg 420w, https:\/\/abconcretedesign.com\/wp-content\/uploads\/2019\/12\/corporate-gift-custom-made-packaging-600x480.jpg 600w, https:\/\/abconcretedesign.com\/wp-content\/uploads\/2019\/12\/corporate-gift-custom-made-packaging.jpg 1920w\" sizes=\"auto, (max-width: 1000px) 100vw, 1000px\" \/>\t\t\t\t\t\t\n\t\t\t\t\t<\/div>\n\t\t\t\t\t\t\t\t\n<style>\n#image_1238184371 {\n  width: 100%;\n}\n<\/style>\n\t<\/div>\n\t\n\t\t<\/div>\n\t\t\t\t\t<\/div>\n\n\t\n\n\t<div id=\"col-933679921\" class=\"col medium-4 small-12 large-4\"  >\n\t\t\t\t<div class=\"col-inner\"  >\n\t\t\t\n\t\t\t\n\t<div class=\"img has-hover x md-x lg-x y md-y lg-y\" id=\"image_1134808212\">\n\t\t\t\t\t\t\t\t<div class=\"img-inner dark\" >\n\t\t\t<img loading=\"lazy\" decoding=\"async\" width=\"1000\" height=\"800\" src=\"https:\/\/abconcretedesign.com\/wp-content\/uploads\/2019\/12\/business-gifts-branded-packaging-1000x800.jpg\" class=\"attachment-large size-large\" alt=\"Custom made branded giftbox for concrete business gifts\" srcset=\"https:\/\/abconcretedesign.com\/wp-content\/uploads\/2019\/12\/business-gifts-branded-packaging-1000x800.jpg 1000w, https:\/\/abconcretedesign.com\/wp-content\/uploads\/2019\/12\/business-gifts-branded-packaging-510x408.jpg 510w, https:\/\/abconcretedesign.com\/wp-content\/uploads\/2019\/12\/business-gifts-branded-packaging-500x400.jpg 500w, https:\/\/abconcretedesign.com\/wp-content\/uploads\/2019\/12\/business-gifts-branded-packaging-768x614.jpg 768w, https:\/\/abconcretedesign.com\/wp-content\/uploads\/2019\/12\/business-gifts-branded-packaging-420x336.jpg 420w, https:\/\/abconcretedesign.com\/wp-content\/uploads\/2019\/12\/business-gifts-branded-packaging-600x480.jpg 600w, https:\/\/abconcretedesign.com\/wp-content\/uploads\/2019\/12\/business-gifts-branded-packaging.jpg 1600w\" sizes=\"auto, (max-width: 1000px) 100vw, 1000px\" \/>\t\t\t\t\t\t\n\t\t\t\t\t<\/div>\n\t\t\t\t\t\t\t\t\n<style>\n#image_1134808212 {\n  width: 100%;\n}\n<\/style>\n\t<\/div>\n\t\n\t\t<\/div>\n\t\t\t\t\t<\/div>\n\n\t\n\n\t<div id=\"col-1850781668\" class=\"col medium-4 small-12 large-4\"  >\n\t\t\t\t<div class=\"col-inner\"  >\n\t\t\t\n\t\t\t\n\t<div class=\"img has-hover x md-x lg-x y md-y lg-y\" id=\"image_1737314944\">\n\t\t\t\t\t\t\t\t<div class=\"img-inner dark\" >\n\t\t\t<img loading=\"lazy\" decoding=\"async\" width=\"1000\" height=\"800\" src=\"https:\/\/abconcretedesign.com\/wp-content\/uploads\/2019\/12\/custom-made-package-business-gift-1000x800.jpg\" class=\"attachment-large size-large\" alt=\"Branded corporate gifts with customized packaging\" srcset=\"https:\/\/abconcretedesign.com\/wp-content\/uploads\/2019\/12\/custom-made-package-business-gift-1000x800.jpg 1000w, https:\/\/abconcretedesign.com\/wp-content\/uploads\/2019\/12\/custom-made-package-business-gift-510x408.jpg 510w, https:\/\/abconcretedesign.com\/wp-content\/uploads\/2019\/12\/custom-made-package-business-gift-500x400.jpg 500w, https:\/\/abconcretedesign.com\/wp-content\/uploads\/2019\/12\/custom-made-package-business-gift-768x614.jpg 768w, https:\/\/abconcretedesign.com\/wp-content\/uploads\/2019\/12\/custom-made-package-business-gift-420x336.jpg 420w, https:\/\/abconcretedesign.com\/wp-content\/uploads\/2019\/12\/custom-made-package-business-gift-600x480.jpg 600w, https:\/\/abconcretedesign.com\/wp-content\/uploads\/2019\/12\/custom-made-package-business-gift.jpg 1920w\" sizes=\"auto, (max-width: 1000px) 100vw, 1000px\" \/>\t\t\t\t\t\t\n\t\t\t\t\t<\/div>\n\t\t\t\t\t\t\t\t\n<style>\n#image_1737314944 {\n  width: 100%;\n}\n<\/style>\n\t<\/div>\n\t\n\t\t<\/div>\n\t\t\t\t\t<\/div>\n\n\t\n<\/div>\n<p>A CUBO beton k\u00e9ptart\u00f3kat egyedi megold\u00e1sokkal \u00e9s log\u00f3zva, t\u00f6bbf\u00e9lek\u00e9ppen csomagolva, ak\u00e1r k\u00e9ppel vagy \u00fcdv\u00f6zl\u0151 k\u00e1rty\u00e1val kieg\u00e9sz\u00edtve is megrendelheted. Log\u00f3zott, egyedi vagy t\u00f6bb darabos rendel\u00e9s eset\u00e9n vedd fel vel\u00fcnk a kapcsolatot az <a href=\"mailto:anita@abconcretedesign.com\">anita@abconcretedesign.com<\/a> c\u00edmen! <\/p>\n","protected":false},"excerpt":{"rendered":"<h3>A minimalista beton k\u00e9pkeret, ami a k\u00e9pet hangs\u00falyozza.<\/h3>\n","protected":false},"featured_media":14177,"comment_status":"open","ping_status":"closed","template":"","meta":{"footnotes":""},"product_brand":[],"product_cat":[237,239],"product_tag":[253,251,362,248],"class_list":{"0":"post-14203","1":"product","2":"type-product","3":"status-publish","4":"has-post-thumbnail","6":"product_cat-beton-lakas-dekoracio","7":"product_cat-irodai-kiegeszitok","8":"product_tag-indoor-hu","9":"product_tag-decoration-hu","10":"product_tag-minimalista","11":"product_tag-terrazzo-hu","13":"first","14":"outofstock","15":"taxable","16":"shipping-taxable","17":"product-type-variable"},"yoast_head":"<!-- This site is optimized with the Yoast SEO Premium plugin v26.2 (Yoast SEO v27.4) - https:\/\/yoast.com\/product\/yoast-seo-premium-wordpress\/ -->\n<title>CUBO Beton K\u00e9pkeret \/ kicsi &#187; AB Concrete Design<\/title>\n<meta name=\"description\" content=\"A minimalista beton k\u00e9pkeret, ami a k\u00e9pet hangs\u00falyozza. A beton alapba \u00e1ll\u00edtott k\u00e9t \u00fcveglap k\u00f6z\u00e9 teheted a k\u00e9pet, ak\u00e1r \u00e1ll\u00f3 vagy fekv\u0151 m\u00f3don.\" \/>\n<meta name=\"robots\" content=\"index, follow, max-snippet:-1, max-image-preview:large, max-video-preview:-1\" \/>\n<link rel=\"canonical\" href=\"https:\/\/abconcretedesign.com\/hu\/uzlet\/beton-lakas-dekoracio\/cubo-kicsi-kepkeret\/\" \/>\n<meta property=\"og:locale\" content=\"hu_HU\" \/>\n<meta property=\"og:type\" content=\"article\" \/>\n<meta property=\"og:title\" content=\"CUBO Beton K\u00e9pkeret \/ kicsi\" \/>\n<meta property=\"og:description\" content=\"A minimalista beton k\u00e9pkeret, ami a k\u00e9pet hangs\u00falyozza.\" \/>\n<meta property=\"og:url\" content=\"https:\/\/abconcretedesign.com\/hu\/uzlet\/beton-lakas-dekoracio\/cubo-kicsi-kepkeret\/\" \/>\n<meta property=\"og:site_name\" content=\"AB Concrete Design\" \/>\n<meta property=\"article:modified_time\" content=\"2020-05-09T06:23:43+00:00\" \/>\n<meta property=\"og:image\" content=\"https:\/\/abconcretedesign.com\/wp-content\/uploads\/2013\/08\/concrete-home-decor-industrial-2-scaled.jpg\" \/>\n\t<meta property=\"og:image:width\" content=\"1920\" \/>\n\t<meta property=\"og:image:height\" content=\"1282\" \/>\n\t<meta property=\"og:image:type\" content=\"image\/jpeg\" \/>\n<meta name=\"twitter:card\" content=\"summary_large_image\" \/>\n<script type=\"application\/ld+json\" class=\"yoast-schema-graph\">{\"@context\":\"https:\\\/\\\/schema.org\",\"@graph\":[{\"@type\":\"WebPage\",\"@id\":\"https:\\\/\\\/abconcretedesign.com\\\/hu\\\/uzlet\\\/beton-lakas-dekoracio\\\/cubo-kicsi-kepkeret\\\/\",\"url\":\"https:\\\/\\\/abconcretedesign.com\\\/hu\\\/uzlet\\\/beton-lakas-dekoracio\\\/cubo-kicsi-kepkeret\\\/\",\"name\":\"CUBO Beton K\u00e9pkeret \\\/ kicsi &#187; AB Concrete Design\",\"isPartOf\":{\"@id\":\"https:\\\/\\\/abconcretedesign.com\\\/hu\\\/#website\"},\"primaryImageOfPage\":{\"@id\":\"https:\\\/\\\/abconcretedesign.com\\\/hu\\\/uzlet\\\/beton-lakas-dekoracio\\\/cubo-kicsi-kepkeret\\\/#primaryimage\"},\"image\":{\"@id\":\"https:\\\/\\\/abconcretedesign.com\\\/hu\\\/uzlet\\\/beton-lakas-dekoracio\\\/cubo-kicsi-kepkeret\\\/#primaryimage\"},\"thumbnailUrl\":\"https:\\\/\\\/abconcretedesign.com\\\/wp-content\\\/uploads\\\/2013\\\/08\\\/concrete-home-decor-industrial-2-scaled.jpg\",\"datePublished\":\"2013-08-10T09:14:20+00:00\",\"dateModified\":\"2020-05-09T06:23:43+00:00\",\"description\":\"A minimalista beton k\u00e9pkeret, ami a k\u00e9pet hangs\u00falyozza. A beton alapba \u00e1ll\u00edtott k\u00e9t \u00fcveglap k\u00f6z\u00e9 teheted a k\u00e9pet, ak\u00e1r \u00e1ll\u00f3 vagy fekv\u0151 m\u00f3don.\",\"breadcrumb\":{\"@id\":\"https:\\\/\\\/abconcretedesign.com\\\/hu\\\/uzlet\\\/beton-lakas-dekoracio\\\/cubo-kicsi-kepkeret\\\/#breadcrumb\"},\"inLanguage\":\"hu\",\"potentialAction\":[{\"@type\":\"ReadAction\",\"target\":[\"https:\\\/\\\/abconcretedesign.com\\\/hu\\\/uzlet\\\/beton-lakas-dekoracio\\\/cubo-kicsi-kepkeret\\\/\"]}]},{\"@type\":\"ImageObject\",\"inLanguage\":\"hu\",\"@id\":\"https:\\\/\\\/abconcretedesign.com\\\/hu\\\/uzlet\\\/beton-lakas-dekoracio\\\/cubo-kicsi-kepkeret\\\/#primaryimage\",\"url\":\"https:\\\/\\\/abconcretedesign.com\\\/wp-content\\\/uploads\\\/2013\\\/08\\\/concrete-home-decor-industrial-2-scaled.jpg\",\"contentUrl\":\"https:\\\/\\\/abconcretedesign.com\\\/wp-content\\\/uploads\\\/2013\\\/08\\\/concrete-home-decor-industrial-2-scaled.jpg\",\"width\":1920,\"height\":1282,\"caption\":\"Indusztri\u00e1l st\u00edlus\u00fa dekor\u00e1ci\u00f3s elem betonb\u00f3l\"},{\"@type\":\"BreadcrumbList\",\"@id\":\"https:\\\/\\\/abconcretedesign.com\\\/hu\\\/uzlet\\\/beton-lakas-dekoracio\\\/cubo-kicsi-kepkeret\\\/#breadcrumb\",\"itemListElement\":[{\"@type\":\"ListItem\",\"position\":1,\"name\":\"F\u0151oldal\",\"item\":\"https:\\\/\\\/abconcretedesign.com\\\/hu\\\/\"},{\"@type\":\"ListItem\",\"position\":2,\"name\":\"Shop\",\"item\":\"https:\\\/\\\/abconcretedesign.com\\\/hu\\\/uzlet\\\/\"},{\"@type\":\"ListItem\",\"position\":3,\"name\":\"CUBO Beton K\u00e9pkeret \\\/ kicsi\"}]},{\"@type\":\"WebSite\",\"@id\":\"https:\\\/\\\/abconcretedesign.com\\\/hu\\\/#website\",\"url\":\"https:\\\/\\\/abconcretedesign.com\\\/hu\\\/\",\"name\":\"AB Concrete Design and Business Gifts\",\"description\":\"Beton Design T\u00e1rgyak, \u00c9kszer \u00e9s \u00dczleti Aj\u00e1nd\u00e9k, Beton Tr\u00f3fe\u00e1k\",\"publisher\":{\"@id\":\"https:\\\/\\\/abconcretedesign.com\\\/hu\\\/#organization\"},\"potentialAction\":[{\"@type\":\"SearchAction\",\"target\":{\"@type\":\"EntryPoint\",\"urlTemplate\":\"https:\\\/\\\/abconcretedesign.com\\\/hu\\\/?s={search_term_string}\"},\"query-input\":{\"@type\":\"PropertyValueSpecification\",\"valueRequired\":true,\"valueName\":\"search_term_string\"}}],\"inLanguage\":\"hu\"},{\"@type\":\"Organization\",\"@id\":\"https:\\\/\\\/abconcretedesign.com\\\/hu\\\/#organization\",\"name\":\"AB Concrete Design\",\"url\":\"https:\\\/\\\/abconcretedesign.com\\\/hu\\\/\",\"logo\":{\"@type\":\"ImageObject\",\"inLanguage\":\"hu\",\"@id\":\"https:\\\/\\\/abconcretedesign.com\\\/hu\\\/#\\\/schema\\\/logo\\\/image\\\/\",\"url\":\"https:\\\/\\\/abconcretedesign.com\\\/wp-content\\\/uploads\\\/2019\\\/04\\\/ab-concrete-design-logo.jpg\",\"contentUrl\":\"https:\\\/\\\/abconcretedesign.com\\\/wp-content\\\/uploads\\\/2019\\\/04\\\/ab-concrete-design-logo.jpg\",\"width\":351,\"height\":89,\"caption\":\"AB Concrete Design\"},\"image\":{\"@id\":\"https:\\\/\\\/abconcretedesign.com\\\/hu\\\/#\\\/schema\\\/logo\\\/image\\\/\"}}]}<\/script>\n<!-- \/ Yoast SEO Premium plugin. -->","yoast_head_json":{"title":"CUBO Beton K\u00e9pkeret \/ kicsi &#187; AB Concrete Design","description":"A minimalista beton k\u00e9pkeret, ami a k\u00e9pet hangs\u00falyozza. A beton alapba \u00e1ll\u00edtott k\u00e9t \u00fcveglap k\u00f6z\u00e9 teheted a k\u00e9pet, ak\u00e1r \u00e1ll\u00f3 vagy fekv\u0151 m\u00f3don.","robots":{"index":"index","follow":"follow","max-snippet":"max-snippet:-1","max-image-preview":"max-image-preview:large","max-video-preview":"max-video-preview:-1"},"canonical":"https:\/\/abconcretedesign.com\/hu\/uzlet\/beton-lakas-dekoracio\/cubo-kicsi-kepkeret\/","og_locale":"hu_HU","og_type":"article","og_title":"CUBO Beton K\u00e9pkeret \/ kicsi","og_description":"A minimalista beton k\u00e9pkeret, ami a k\u00e9pet hangs\u00falyozza.","og_url":"https:\/\/abconcretedesign.com\/hu\/uzlet\/beton-lakas-dekoracio\/cubo-kicsi-kepkeret\/","og_site_name":"AB Concrete Design","article_modified_time":"2020-05-09T06:23:43+00:00","og_image":[{"width":1920,"height":1282,"url":"https:\/\/abconcretedesign.com\/wp-content\/uploads\/2013\/08\/concrete-home-decor-industrial-2-scaled.jpg","type":"image\/jpeg"}],"twitter_card":"summary_large_image","schema":{"@context":"https:\/\/schema.org","@graph":[{"@type":"WebPage","@id":"https:\/\/abconcretedesign.com\/hu\/uzlet\/beton-lakas-dekoracio\/cubo-kicsi-kepkeret\/","url":"https:\/\/abconcretedesign.com\/hu\/uzlet\/beton-lakas-dekoracio\/cubo-kicsi-kepkeret\/","name":"CUBO Beton K\u00e9pkeret \/ kicsi &#187; AB Concrete Design","isPartOf":{"@id":"https:\/\/abconcretedesign.com\/hu\/#website"},"primaryImageOfPage":{"@id":"https:\/\/abconcretedesign.com\/hu\/uzlet\/beton-lakas-dekoracio\/cubo-kicsi-kepkeret\/#primaryimage"},"image":{"@id":"https:\/\/abconcretedesign.com\/hu\/uzlet\/beton-lakas-dekoracio\/cubo-kicsi-kepkeret\/#primaryimage"},"thumbnailUrl":"https:\/\/abconcretedesign.com\/wp-content\/uploads\/2013\/08\/concrete-home-decor-industrial-2-scaled.jpg","datePublished":"2013-08-10T09:14:20+00:00","dateModified":"2020-05-09T06:23:43+00:00","description":"A minimalista beton k\u00e9pkeret, ami a k\u00e9pet hangs\u00falyozza. A beton alapba \u00e1ll\u00edtott k\u00e9t \u00fcveglap k\u00f6z\u00e9 teheted a k\u00e9pet, ak\u00e1r \u00e1ll\u00f3 vagy fekv\u0151 m\u00f3don.","breadcrumb":{"@id":"https:\/\/abconcretedesign.com\/hu\/uzlet\/beton-lakas-dekoracio\/cubo-kicsi-kepkeret\/#breadcrumb"},"inLanguage":"hu","potentialAction":[{"@type":"ReadAction","target":["https:\/\/abconcretedesign.com\/hu\/uzlet\/beton-lakas-dekoracio\/cubo-kicsi-kepkeret\/"]}]},{"@type":"ImageObject","inLanguage":"hu","@id":"https:\/\/abconcretedesign.com\/hu\/uzlet\/beton-lakas-dekoracio\/cubo-kicsi-kepkeret\/#primaryimage","url":"https:\/\/abconcretedesign.com\/wp-content\/uploads\/2013\/08\/concrete-home-decor-industrial-2-scaled.jpg","contentUrl":"https:\/\/abconcretedesign.com\/wp-content\/uploads\/2013\/08\/concrete-home-decor-industrial-2-scaled.jpg","width":1920,"height":1282,"caption":"Indusztri\u00e1l st\u00edlus\u00fa dekor\u00e1ci\u00f3s elem betonb\u00f3l"},{"@type":"BreadcrumbList","@id":"https:\/\/abconcretedesign.com\/hu\/uzlet\/beton-lakas-dekoracio\/cubo-kicsi-kepkeret\/#breadcrumb","itemListElement":[{"@type":"ListItem","position":1,"name":"F\u0151oldal","item":"https:\/\/abconcretedesign.com\/hu\/"},{"@type":"ListItem","position":2,"name":"Shop","item":"https:\/\/abconcretedesign.com\/hu\/uzlet\/"},{"@type":"ListItem","position":3,"name":"CUBO Beton K\u00e9pkeret \/ kicsi"}]},{"@type":"WebSite","@id":"https:\/\/abconcretedesign.com\/hu\/#website","url":"https:\/\/abconcretedesign.com\/hu\/","name":"AB Concrete Design and Business Gifts","description":"Beton Design T\u00e1rgyak, \u00c9kszer \u00e9s \u00dczleti Aj\u00e1nd\u00e9k, Beton Tr\u00f3fe\u00e1k","publisher":{"@id":"https:\/\/abconcretedesign.com\/hu\/#organization"},"potentialAction":[{"@type":"SearchAction","target":{"@type":"EntryPoint","urlTemplate":"https:\/\/abconcretedesign.com\/hu\/?s={search_term_string}"},"query-input":{"@type":"PropertyValueSpecification","valueRequired":true,"valueName":"search_term_string"}}],"inLanguage":"hu"},{"@type":"Organization","@id":"https:\/\/abconcretedesign.com\/hu\/#organization","name":"AB Concrete Design","url":"https:\/\/abconcretedesign.com\/hu\/","logo":{"@type":"ImageObject","inLanguage":"hu","@id":"https:\/\/abconcretedesign.com\/hu\/#\/schema\/logo\/image\/","url":"https:\/\/abconcretedesign.com\/wp-content\/uploads\/2019\/04\/ab-concrete-design-logo.jpg","contentUrl":"https:\/\/abconcretedesign.com\/wp-content\/uploads\/2019\/04\/ab-concrete-design-logo.jpg","width":351,"height":89,"caption":"AB Concrete Design"},"image":{"@id":"https:\/\/abconcretedesign.com\/hu\/#\/schema\/logo\/image\/"}}]}},"_links":{"self":[{"href":"https:\/\/abconcretedesign.com\/hu\/wp-json\/wp\/v2\/product\/14203","targetHints":{"allow":["GET"]}}],"collection":[{"href":"https:\/\/abconcretedesign.com\/hu\/wp-json\/wp\/v2\/product"}],"about":[{"href":"https:\/\/abconcretedesign.com\/hu\/wp-json\/wp\/v2\/types\/product"}],"replies":[{"embeddable":true,"href":"https:\/\/abconcretedesign.com\/hu\/wp-json\/wp\/v2\/comments?post=14203"}],"version-history":[{"count":0,"href":"https:\/\/abconcretedesign.com\/hu\/wp-json\/wp\/v2\/product\/14203\/revisions"}],"wp:featuredmedia":[{"embeddable":true,"href":"https:\/\/abconcretedesign.com\/hu\/wp-json\/wp\/v2\/media\/14177"}],"wp:attachment":[{"href":"https:\/\/abconcretedesign.com\/hu\/wp-json\/wp\/v2\/media?parent=14203"}],"wp:term":[{"taxonomy":"product_brand","embeddable":true,"href":"https:\/\/abconcretedesign.com\/hu\/wp-json\/wp\/v2\/product_brand?post=14203"},{"taxonomy":"product_cat","embeddable":true,"href":"https:\/\/abconcretedesign.com\/hu\/wp-json\/wp\/v2\/product_cat?post=14203"},{"taxonomy":"product_tag","embeddable":true,"href":"https:\/\/abconcretedesign.com\/hu\/wp-json\/wp\/v2\/product_tag?post=14203"}],"curies":[{"name":"wp","href":"https:\/\/api.w.org\/{rel}","templated":true}]}}