{"id":1838,"date":"2016-09-19T08:54:13","date_gmt":"2016-09-19T06:54:13","guid":{"rendered":"https:\/\/tesztdomain.eu\/aszf\/"},"modified":"2020-09-24T22:05:51","modified_gmt":"2020-09-24T20:05:51","slug":"altalanos-szerzodesi-feltetelek","status":"publish","type":"page","link":"https:\/\/abconcretedesign.com\/hu\/altalanos-szerzodesi-feltetelek\/","title":{"rendered":"\u00c1SZF"},"content":{"rendered":"<h2>\u00c1ltal\u00e1nos Felhaszn\u00e1l\u00e1si Felt\u00e9telek<\/h2>\n<p>\u00dcdv\u00f6z\u00f6lj\u00fck weboldalunkon. A jelen \u00c1ltal\u00e1nos Felhaszn\u00e1l\u00e1si Felt\u00e9telek a(z) abconcretedesign.com weboldalhoz val\u00f3 hozz\u00e1f\u00e9r\u00e9st, illetve annak haszn\u00e1lat\u00e1t szab\u00e1lyozz\u00e1k.<\/p>\n<p>Annak alapj\u00e1n, hogy \u00d6n a jelen weboldalt felkeresi, illetve azt haszn\u00e1lja, valamint a(z) abconcretedesign.com weboldalon term\u00e9keket v\u00e1s\u00e1rol, felt\u00e9telezz\u00fck, hogy \u00d6n a jelen \u00c1ltal\u00e1nos Felhaszn\u00e1l\u00e1si Felt\u00e9teleket elolvasta, meg\u00e9rtette \u00e9s elfogadta Abconcretedesign.com \u00fczemeltet\u0151je \u00e9s tulajdonosa Anita Boldog e.v.<\/p>\n<p>Az abconcretedesign.com weboldalt \u00e9s a kapcsol\u00f3d\u00f3 szolg\u00e1ltat\u00e1sokat az al\u00e1bbi Felhaszn\u00e1l\u00e1si \u00e9s Szolg\u00e1ltat\u00e1si Felt\u00e9teleknek, valamint egy\u00e9b szab\u00e1lyoknak (egy\u00fcttesen az &#8222;SZF&#8221;) megfelel\u0151en ny\u00fajtjuk \u00d6nnek K\u00e9rj\u00fck, olvassa el figyelmesen az SZF-et miel\u0151tt megrendel\u00e9st ad le az abconcretedesign.com weboldalon.<\/p>\n<p>Esetenk\u00e9nt az SZF-et m\u00f3dos\u00edthatjuk. K\u00e9rj\u00fck, rendszeresen olvassa el \u00e9s ellen\u0151rizze az SZF-et. Amennyiben az SZF b\u00e1rmilyen v\u00e1ltoz\u00e1s\u00e1val \u00d6n nem \u00e9rt egyet, halad\u00e9ktalanul abba kell hagynia a Weboldal haszn\u00e1lat\u00e1t. Az \u00d6n megrendel\u00e9s\u00e9nek lead\u00e1s\u00e1t k\u00f6vet\u0151en bek\u00f6vetkez\u0151 v\u00e1ltoz\u00e1sok azt a megrendel\u00e9st nem \u00e9rintik, kiv\u00e9ve ha a v\u00e1ltoztat\u00e1sra t\u00f6rv\u00e9ny k\u00f6telez benn\u00fcnket.<\/p>\n<p>Tov\u00e1bbi jogi inform\u00e1ci\u00f3k az <a href=\"https:\/\/abconcretedesign.com\/privacy-policy\/\" target=\"_blank\" rel=\"noopener noreferrer\">Adatv\u00e9delmi Nyilatkozat<\/a>, illetve a <a href=\"https:\/\/abconcretedesign.com\/en\/shipping\">Sz\u00e1ll\u00edt\u00e1s<\/a> c\u00edm\u0171 r\u00e9szekben tal\u00e1lhat\u00f3k az abconcretedesign.com weboldalon.<\/p>\n<p>&nbsp;<\/p>\n<h2>Szellemi Tulajdonjogok<\/h2>\n<p><span style=\"font-weight: 400;\">Az abconcretedesign.com weboldalon tal\u00e1lhat\u00f3 minden tartalom, mint p\u00e9ld\u00e1ul a m\u0171vek, k\u00e9pek, fot\u00f3k, zen\u00e9k, hangok, anim\u00e1ci\u00f3k, vide\u00f3k, dokumentumok, rajzok, \u00e1br\u00e1k, log\u00f3k, men\u00fck, weblapok, grafik\u00e1k, sz\u00ednek, s\u00e9m\u00e1k, eszk\u00f6z\u00f6k, bet\u0171t\u00edpusok, formatervek, diagramok, elrendez\u00e9sek, m\u00f3dszerek, elj\u00e1r\u00e1sok, funkci\u00f3k \u00e9s szoftver (egy\u00fcttesen a &#8222;Tartalom&#8221;), az abconcretedesign.com \u00e9s Boldog Anita Egy\u00e9ni V\u00e1llalkoz\u00f3 tulajdona, \u00e9s nemzeti \u00e9s nemzetk\u00f6zi szerz\u0151i jogi \u00e9s egy\u00e9b szellemi tulajdonra vonatkoz\u00f3 t\u00f6rv\u00e9nyek v\u00e9dik. A Tartalmat a helyzett\u0151l f\u00fcgg\u0151en az abconcretedesign.com illetve Boldog Anita Egy\u00e9ni V\u00e1lallkoz\u00f3 el\u0151zetes kifejezett \u00edr\u00e1sbeli hozz\u00e1j\u00e1rul\u00e1sa n\u00e9lk\u00fcl nem lehet eg\u00e9sz\u00e9ben vagy r\u00e9szben m\u00e1solni, k\u00f6zz\u00e9tenni, terjeszteni, megjelen\u00edteni, m\u00f3dos\u00edtani, abb\u00f3l sz\u00e1rmaz\u00e9kos m\u0171vet l\u00e9trehozni, vagy azt b\u00e1rmilyen m\u00f3don hasznos\u00edtani.<\/span><\/p>\n<p><span style=\"font-weight: 400;\">Az abconcretedesign.com illetve Boldog Anita Egy\u00e9ni V\u00e1llalkoz\u00f3 kiz\u00e1r\u00f3lagos joggal rendelkezik arra vonatkoz\u00f3an, hogy saj\u00e1t bel\u00e1t\u00e1sa szerint enged\u00e9lyezze vagy megtiltsa eg\u00e9sz\u00e9ben vagy r\u00e9szben a Tartalom m\u00e1sol\u00e1s\u00e1t, k\u00f6zz\u00e9t\u00e9tel\u00e9t, terjeszt\u00e9s\u00e9t, megjelen\u00edt\u00e9s\u00e9t, m\u00f3dos\u00edt\u00e1s\u00e1t, abb\u00f3l sz\u00e1rmaz\u00e9kos m\u0171 l\u00e9trehoz\u00e1s\u00e1t, vagy annak b\u00e1rmilyen m\u00f3don t\u00f6rt\u00e9n\u0151 hasznos\u00edt\u00e1s\u00e1t. Az abconcretedesign.com-nak, illetve Boldog Anita Egy\u00e9ni V\u00e1llalkoz\u00f3nak jog\u00e1ban \u00e1ll b\u00e1rmikor szerz\u0151i ig\u00e9nyt t\u00e1masztani a jelen Weboldalon k\u00f6zz\u00e9tett b\u00e1rmely Tartalomra, \u00e9s megtiltani az ilyen Tartalom b\u00e1rmilyen felhaszn\u00e1l\u00e1s\u00e1t, eltorz\u00edt\u00e1s\u00e1t vagy egy\u00e9b m\u00f3dos\u00edt\u00e1s\u00e1t.<\/span><\/p>\n<p><span style=\"font-weight: 400;\">A Tartalomnak az abconcretedesign.com, illetve Boldog Anita Egy\u00e9ni V\u00e1llalkoz\u00f3 \u00e1ltal kifejezetten \u00edr\u00e1sban enged\u00e9lyezett b\u00e1rmilyen m\u00e1sol\u00e1s\u00e1t, k\u00f6zz\u00e9t\u00e9tel\u00e9t, terjeszt\u00e9s\u00e9t, megjelen\u00edt\u00e9s\u00e9t, m\u00f3dos\u00edt\u00e1s\u00e1t, abb\u00f3l sz\u00e1rmaz\u00e9kos m\u0171 l\u00e9trehoz\u00e1s\u00e1t, vagy annak hasznos\u00edt\u00e1s\u00e1t \u00d6n kiz\u00e1r\u00f3lag t\u00f6rv\u00e9nyes c\u00e9lokra \u00e9s az \u00f6sszes vonatkoz\u00f3 t\u00f6rv\u00e9nynek megfelel\u0151en v\u00e9gezheti.<\/span><\/p>\n<p>&nbsp;<\/p>\n<h2>Tartalommal kapcsolatos felel\u0151ss\u00e9gkiz\u00e1r\u00e1s, szerz\u0151i jogi panaszok<\/h2>\n<p><span style=\"font-weight: 400;\">Az abconcretedesign.com nem szavatolja, hogy a weboldal tartalmai Magyarorsz\u00e1gon k\u00edv\u00fcli orsz\u00e1gokban is hely\u00e9nval\u00f3ak vagy jogszer\u0171ek. Amennyiben ezen tartalmak egyes Orsz\u00e1gokban jogszer\u0171tlennek vagy illeg\u00e1lisnak min\u0151s\u00fclnek, k\u00e9rj\u00fck ne keresse fel a jelen weboldalt, vagy amennyiben m\u00e9gis \u00fagy d\u00f6nt, hogy felkeresi, ezennel t\u00e1j\u00e9koztatjuk, hogy \u00d6n az abconcretedesign.com \u00e1ltal ny\u00fajtott szolg\u00e1ltat\u00e1sokat kiz\u00e1r\u00f3lag saj\u00e1t felel\u0151ss\u00e9g\u00e9re haszn\u00e1lja. A Szolg\u00e1ltat\u00f3 int\u00e9zked\u00e9seket tett annak biztos\u00edt\u00e1s\u00e1ra, hogy az abconcretedesign.com tartalma pontos legyen, \u00e9s ne tartalmazzon helytelen vagy elavult inform\u00e1ci\u00f3t, azonban, az abconcretedesign.com a tartalom marad\u00e9ktalan pontoss\u00e1g\u00e1\u00e9rt \u00e9s teljess\u00e9g\u00e9\u00e9rt, nem tud felel\u0151ss\u00e9get v\u00e1llalni.<\/span><\/p>\n<p><span style=\"font-weight: 400;\">Tov\u00e1bb\u00e1, az Internet csatlakoz\u00e1s term\u00e9szete miatt az abconcretedesign.com nem tudja garant\u00e1lni a weboldal folyamatos, megszak\u00edt\u00e1s- \u00e9s hibamentes m\u0171k\u00f6d\u00e9s\u00e9t. Amennyiben b\u00e1rmilyen probl\u00e9m\u00e1t tapasztal a weboldalunk haszn\u00e1lata sor\u00e1n, k\u00e9rj\u00fck, jelezz \u00fcgyf\u00e9lszolg\u00e1latunknak a k\u00f6vetkez\u0151 e-mail c\u00edmen: info@abconcretedesign.com,<\/span><span style=\"font-weight: 400;\"> annak \u00e9rdek\u00e9ben, hogy a lehet\u0151 leghamarabb helyre tudjuk \u00e1ll\u00edtani a weboldalunk hozz\u00e1f\u00e9rhet\u0151s\u00e9g\u00e9t. Ugyanakkor, k\u00e9rj\u00fck gy\u0151z\u0151dj\u00f6n meg arr\u00f3l is, hogy nem az \u00d6n internet csatlakoz\u00e1s\u00e1val van probl\u00e9ma. Indokolt esetben l\u00e9pjen kapcsolatba az Internet szolg\u00e1ltat\u00f3j\u00e1val illetve ellen\u0151rizze az Internet csatlakoz\u00e1shoz haszn\u00e1lt eszk\u00f6zeinek rendelkez\u00e9sre \u00e1ll\u00e1s\u00e1t. Az Internet \u00e9s a webtartalom dinamikus term\u00e9szete nem teszi lehet\u0151v\u00e9, hogy az abconcretedesign.com a weboldal friss\u00edt\u00e9s miatti felf\u00fcggeszt\u00e9s, megszak\u00edt\u00e1s vagy le\u00e1ll\u00e1s n\u00e9lk\u00fcl \u00fczemeljen.<\/span><\/p>\n<p>&nbsp;<\/p>\n<h2>Joghat\u00f3s\u00e1g<\/h2>\n<p><span style=\"font-weight: 400;\">Abconcretedesign.com nem \u00e1ll\u00edtja, illetve nem szavatolja, hogy a jelen weboldalon tal\u00e1lhat\u00f3 anyagok m\u00e1s helyeken is megfelel\u0151ek, el\u00e9rhet\u0151ek. Amennyiben m\u00e1s r\u00e9gi\u00f3b\u00f3l keresi fel a jelen weboldalt, azt a saj\u00e1t kock\u00e1zat\u00e1ra teszi, \u00e9s b\u00e1rmely helyi t\u00f6rv\u00e9ny betart\u00e1s\u00e1\u00e9rt \u00d6n felel\u0151s.<\/span><\/p>\n<p><span style=\"font-weight: 400;\">A jelen \u00c1ltal\u00e1nos Felhaszn\u00e1l\u00e1si Felt\u00e9telekre a magyar jog ir\u00e1nyad\u00f3.<\/span><\/p>\n<p>&nbsp;<\/p>\n<h2>Weboldal szab\u00e1lyzatai, azok m\u00f3dos\u00edt\u00e1sa<\/h2>\n<p><span style=\"font-weight: 400;\">K\u00e9rj\u00fck, olvassa el a jelen weboldalon k\u00f6zz\u00e9tett egy\u00e9b szab\u00e1lyzatainkat, bele\u00e9rtve a jelen weboldalon kereszt\u00fcl t\u00f6rt\u00e9n\u0151 kiskereskedelmi \u00e9rt\u00e9kes\u00edt\u00e9sekre vonatkoz\u00f3kat is, mivel ezen el\u0151\u00edr\u00e1sok is szab\u00e1lyozz\u00e1k az abconcretedesign.com weboldalon tett l\u00e1togat\u00e1s\u00e1t. Fenntartjuk a jogot arra vonatkoz\u00f3an, hogy a weboldalunkat, szab\u00e1lyainkat, valamint a jelen Felt\u00e9teleket b\u00e1rmikor megv\u00e1ltoztathassuk. Amennyiben a jelen felt\u00e9telek b\u00e1rmely pontja \u00e9rv\u00e9nytelennek, semmisnek vagy b\u00e1rmilyen okb\u00f3l \u00e9rv\u00e9nyes\u00edthetetlennek min\u0151s\u00fcl, az a fennmarad\u00f3 felt\u00e9telek \u00e9rv\u00e9nyess\u00e9g\u00e9t \u00e9s \u00e9rv\u00e9nyes\u00edthet\u0151s\u00e9g\u00e9t nem \u00e9rinti.<\/span><\/p>\n<p><span style=\"font-weight: 400;\">A jelen Felt\u00e9telek addig alkalmazand\u00f3k, am\u00edg ak\u00e1r az abconcretedesign.com, ak\u00e1r \u00d6n fel nem mondja. Amennyiben fel k\u00edv\u00e1nja mondani a jelen meg\u00e1llapod\u00e1st, sz\u00fcntesse be a jelen weboldal haszn\u00e1lat\u00e1t.<\/span><\/p>\n<p><span style=\"font-weight: 400;\">Abconcretedesign.com felmondhatja a jelen meg\u00e1llapod\u00e1st, amennyiben \u00d6n megszegte a Felt\u00e9telek b\u00e1rmely rendelkez\u00e9s\u00e9t, vagy olyan m\u00f3don j\u00e1rt el, ami egy\u00e9rtelm\u0171en azt mutatja, hogy nem k\u00edv\u00e1nja, vagy nem tudja betartani a Felt\u00e9telekben megfogalmazott rendelkez\u00e9seket. Abconcretedesign.com oly m\u00f3don is felmondhatja a jelen meg\u00e1llapod\u00e1st, hogy t\u00f6bb\u00e9 nem k\u00edv\u00e1nja fenntartani a jelen weboldalt.<\/span><\/p>\n<p>&nbsp;<\/p>\n<h2>\u00c9rt\u00e9kes\u00edt\u00e9si Felt\u00e9telek<\/h2>\n<p><span style=\"font-weight: 400;\">Az abconcretedesign.com weboldalon megv\u00e1s\u00e1rolt term\u00e9keket k\u00f6zvetlen\u00fcl Boldog Anita Egy\u00e9ni V\u00e1llalkoz\u00f3 \u00e9rt\u00e9kes\u00edti, amelynek bejegyzett sz\u00e9khelye 2700 Cegl\u00e9d, Malom u. 21. 21. Magyarorsz\u00e1g. AB Concrete Design azzal a felt\u00e9tellel k\u00edn\u00e1lja \u00d6nnek, a felhaszn\u00e1l\u00f3nak a jelen weboldalt, bele\u00e9rtve a jelen weboldalon rendelkez\u00e9sre \u00e1ll\u00f3 minden inform\u00e1ci\u00f3t, eszk\u00f6zt \u00e9s szolg\u00e1ltat\u00e1st, hogy \u00d6n az itt k\u00f6z\u00f6lt \u00f6sszes felt\u00e9telt, szab\u00e1lyt \u00e9s \u00e9rtes\u00edt\u00e9st elfogadja.<\/span><\/p>\n<p><span style=\"font-weight: 400;\">Weboldalunk t\u00e1rhely szolg\u00e1ltat\u00f3ja a MikroVPS Kft. \u0150k biztos\u00edtj\u00e1k az online e-kereskedelmi platformot \u00e9s fizet\u00e9si szolg\u00e1ltat\u00e1sokat, amelyek lehet\u0151v\u00e9 teszik sz\u00e1munkra, hogy term\u00e9keket \u00e9s szolg\u00e1ltat\u00e1sokat \u00e9rt\u00e9kes\u00edts\u00fcnk \u00d6nnek.<\/span><\/p>\n<p><span style=\"font-weight: 400;\">Azzal, hogy megl\u00e1togatja a weboldalunkat \u00e9s\/vagy v\u00e1s\u00e1rol valamit t\u0151l\u00fcnk, \u00d6n ig\u00e9nybe veszi a &#8222;Szolg\u00e1ltat\u00e1sunkat&#8221; \u00e9s beleegyezik abba, hogy az al\u00e1bbi felt\u00e9telek, bele\u00e9rtve az itt hivatkozott tov\u00e1bbi felt\u00e9teleket \u00e9s szab\u00e1lyokat is, \u00d6nre n\u00e9zve k\u00f6telez\u0151ek.<\/span><\/p>\n<p><span style=\"font-weight: 400;\">A jelen Felt\u00e9telek a weboldal minden felhaszn\u00e1l\u00f3j\u00e1ra vonatkoznak, bele\u00e9rtve korl\u00e1toz\u00e1s n\u00e9lk\u00fcl a b\u00f6ng\u00e9sz\u0151, sz\u00e1ll\u00edt\u00f3, v\u00e1s\u00e1rl\u00f3, keresked\u0151, \u00e9s\/vagy k\u00f6zrem\u0171k\u00f6d\u0151 tartalomszolg\u00e1ltat\u00f3 felhaszn\u00e1l\u00f3kat is.<\/span><\/p>\n<p><span style=\"font-weight: 400;\">K\u00e9rj\u00fck, olvassa el figyelmesen a jelen Felt\u00e9teleket miel\u0151tt felkeresi vagy haszn\u00e1lja a weboldalunkat. A weboldal b\u00e1rmely r\u00e9sz\u00e9nek felkeres\u00e9s\u00e9vel vagy haszn\u00e1lat\u00e1val \u00d6n beleegyezik abba, hogy a jelen Felt\u00e9telek \u00d6nre n\u00e9zve k\u00f6telez\u0151ek.<\/span><\/p>\n<p><span style=\"font-weight: 400;\">B\u00e1rmilyen \u00faj funkci\u00f3ra vagy eszk\u00f6zre, amellyel a jelenlegi webshop kieg\u00e9sz\u00fcl, szint\u00e9n vonatkoznak a Felt\u00e9telek. A Felt\u00e9telek mindenkori v\u00e1ltozat\u00e1t b\u00e1rmikor megtekintheti a jelen weblapon. Fenntartjuk a jogot arra vonatkoz\u00f3an, hogy jelen Felt\u00e9telek b\u00e1rmely r\u00e9sz\u00e9t friss\u00edts\u00fck, megv\u00e1ltoztassuk vagy felv\u00e1ltsuk, a friss\u00edt\u00e9sek \u00e9s\/vagy v\u00e1ltoz\u00e1sok weboldalunkon t\u00f6rt\u00e9n\u0151 k\u00f6zz\u00e9t\u00e9tel\u00e9vel.<\/span><\/p>\n<p>&nbsp;<\/p>\n<h2>Term\u00e9kek<\/h2>\n<p><span style=\"font-weight: 400;\">Az abconcretedesign.com weboldalon kiz\u00e1r\u00f3lag az &#8222;AB&#8221; logoval \/ &#8222;AB Concrete Design&#8221; v\u00e9djeggyel ell\u00e1tott term\u00e9keket k\u00edn\u00e1lunk. Az abconcretedesign.com nem \u00e9rt\u00e9kes\u00edt haszn\u00e1lt term\u00e9keket, hib\u00e1s term\u00e9keket vagy a piaci norm\u00e1knak megfelel\u0151n\u00e9l gyeng\u00e9bb min\u0151s\u00e9g\u0171 term\u00e9keket.<\/span><\/p>\n<p><span style=\"font-weight: 400;\">A term\u00e9kek f\u0151 jellemz\u0151i az abconcretedesign.com egyes term\u00e9k oldalain vannak felt\u00fcntetve. Az abconcretedesign.com weboldalon \u00e9rt\u00e9kes\u00edt\u00e9sre felk\u00edn\u00e1lt term\u00e9kek k\u00e9pe, illetve azok sz\u00edne, a haszn\u00e1lt internetb\u00f6ng\u00e9sz\u0151 vagy monitor miatt elt\u00e9rhetnek a val\u00f3di term\u00e9kek sz\u00edneit\u0151l.<\/span><\/p>\n<p>&nbsp;<\/p>\n<h2>V\u00e1s\u00e1rl\u00e1si jogosults\u00e1g<\/h2>\n<p><span style=\"font-weight: 400;\">Ahhoz, hogy v\u00e1s\u00e1rolhasson az abconcretedesign.com weboldalon, \u00d6nnek meg kell adnia szem\u00e9lyes adatait. Nevezetesen, \u00d6nnek meg kell adnia a val\u00f3di nev\u00e9t, e-mail c\u00edm\u00e9t, tov\u00e1bb\u00e1, meg kell adnia a fizet\u00e9si adatait, amelyekr\u0151l ki kell jelentenie \u00e9s szavatolnia kell, hogy \u00e9rv\u00e9nyesek \u00e9s helyesek. Meg kell er\u0151s\u00edtenie, hogy \u00d6n az a szem\u00e9ly, akire a megadott sz\u00e1ml\u00e1z\u00e1si inform\u00e1ci\u00f3k utalnak.<\/span><\/p>\n<p><span style=\"font-weight: 400;\">Fenntartjuk a jogot arra, hogy b\u00e1rmely \u00d6n \u00e1ltal leadott megrendel\u00e9st elutas\u00edtsunk. Saj\u00e1t bel\u00e1t\u00e1sunk szerint korl\u00e1tozhatjuk vagy t\u00f6r\u00f6lhetj\u00fck az egy szem\u00e9ly \u00e1ltal megv\u00e1s\u00e1rolhat\u00f3 mennyis\u00e9geket. Amennyiben egy megrendel\u00e9st megv\u00e1ltoztatunk vagy t\u00f6rl\u00fcnk, kapcsolatba l\u00e9p\u00fcnk \u00d6nnel a megrendel\u00e9s lead\u00e1sakor megadott e-mail \u00e9s\/vagy sz\u00e1ml\u00e1z\u00e1si c\u00edmen\/telefonsz\u00e1mon. Fenntartjuk a jogot tov\u00e1bb\u00e1 arra is, hogy korl\u00e1tozzuk az egy t\u00e9telb\u0151l egy postac\u00edmre sz\u00e1ll\u00edtott mennyis\u00e9geket is.<\/span><\/p>\n<p><span style=\"font-weight: 400;\">Azzal, hogy aj\u00e1nlatot tesz egy term\u00e9k megv\u00e1s\u00e1rl\u00e1s\u00e1ra, \u00d6n kifejezetten enged\u00e9lyezi sz\u00e1munkra, hogy fizet\u00e9si m\u00f3dt\u00f3l f\u00fcgg\u0151en ellen\u0151rzik fizet\u00e9si szolg\u00e1ltat\u00f3j\u00e1n\u00e1l, hogy rendelkezik-e a term\u00e9k megv\u00e1s\u00e1rl\u00e1s\u00e1ra elegend\u0151 fedezettel. Az abconcretedesign.com inform\u00e1ci\u00f3kat k\u00e9rhet \u00d6nr\u0151l az \u00d6n fizet\u00e9si szolg\u00e1ltat\u00f3j\u00e1t\u00f3l, illetve, k\u00e9rheti \u00d6nt, hogy t\u00e1massza al\u00e1 hitelk\u00e1rtya\/bankk\u00e1rtya sz\u00e1m\u00e1t, szem\u00e9lyazonoss\u00e1g\u00e1t, hitelk\u00e1rty\u00e1j\u00e1nak\/bankk\u00e1rty\u00e1j\u00e1nak \u00e9rv\u00e9nyess\u00e9g\u00e9t, adott v\u00e1s\u00e1rl\u00e1si tranzakci\u00f3 enged\u00e9lyez\u00e9se c\u00e9lj\u00e1b\u00f3l.<\/span><\/p>\n<p><span style=\"font-weight: 400;\">A banksz\u00e1mla kivonat\u00e1n, sz\u00e1mlat\u00f6rt\u00e9netben az abconcretedesign.com weboldalon leadott rendel\u00e9s\u00e9nek terhel\u00e9se mellett Boldog Anita e.v. vagy \u201cAB Concrete Design\u201d fog szerepelni.<\/span><\/p>\n<p><span style=\"font-weight: 400;\">Tov\u00e1bb\u00e1, \u00d6n beleegyezik abba, hogy az \u00d6n \u00e1ltal megadott Szem\u00e9lyes Inform\u00e1ci\u00f3kat felhaszn\u00e1lhatjuk csal\u00e1smegel\u0151z\u0151 ellen\u0151rz\u00e9sek v\u00e9gz\u00e9s\u00e9re. Az \u00d6n \u00e1ltal megadott Szem\u00e9lyes Inform\u00e1ci\u00f3kat felfedhetj\u00fck hitelreferencia vagy csal\u00e1s megel\u0151z\u0151 \u00fcgyn\u00f6ks\u00e9geknek, amelyek nyilv\u00e1ntarthatj\u00e1k ezeket az inform\u00e1ci\u00f3kat.<\/span><\/p>\n<p><span style=\"font-weight: 400;\">K\u00e9rj\u00fck, olvassa el<\/span> <a href=\"https:\/\/abconcretedesign.com\/privacy-policy\/\" target=\"_blank\" rel=\"noopener noreferrer\"><span style=\"font-weight: 400;\">az Adatv\u00e9delmi Nyilatkozatunkat<\/span><\/a><span style=\"font-weight: 400;\"> az adatainak felhaszn\u00e1l\u00e1s\u00e1val kapcsolatos tov\u00e1bbi inform\u00e1ci\u00f3k\u00e9rt.<\/span><\/p>\n<p>&nbsp;<\/p>\n<h2>Megrendel\u00e9sek<\/h2>\n<p><span style=\"font-weight: 400;\">Minden megrendel\u00e9s elfogad\u00e1s \u00e9s rendelkez\u00e9sre \u00e1ll\u00e1s f\u00fcggv\u00e9nye, \u00e9s a kosar\u00e1ba tett t\u00e9telek nincsenek lefoglalva, m\u00e1s v\u00e1s\u00e1rl\u00f3k megv\u00e1s\u00e1rolhatj\u00e1k azokat. Az abconcretedesign.com k\u00e9szleten lev\u0151, rendelkez\u00e9sre \u00e1ll\u00f3 term\u00e9keket k\u00edn\u00e1lja \u00e9rt\u00e9kes\u00edt\u00e9sre, azonban fenntartjuk a jogot arra, hogy b\u00e1rmely \u00d6n \u00e1ltal leadott megrendel\u00e9st elutas\u00edtsunk. Saj\u00e1t bel\u00e1t\u00e1sunk szerint korl\u00e1tozhatjuk vagy t\u00f6r\u00f6lhetj\u00fck az egy szem\u00e9ly \u00e1ltal megv\u00e1s\u00e1rolhat\u00f3 mennyis\u00e9geket. Amennyiben egy megrendel\u00e9st megv\u00e1ltoztatunk vagy t\u00f6rl\u00fcnk, kapcsolatba l\u00e9p\u00fcnk \u00d6nnel a megrendel\u00e9s lead\u00e1sakor megadott e-mail \u00e9s\/vagy sz\u00e1ml\u00e1z\u00e1si c\u00edmen\/telefonsz\u00e1mon. Fenntartjuk a jogot tov\u00e1bb\u00e1 arra is, hogy korl\u00e1tozzuk az egy t\u00e9telb\u0151l egy postac\u00edmre sz\u00e1ll\u00edtott mennyis\u00e9geket is.<\/span><\/p>\n<p><span style=\"font-weight: 400;\">Id\u0151nk\u00e9nt el\u0151fordulhat g\u00e9pel\u00e9si hib\u00e1t tartalmaz\u00f3, pontatlan vagy hi\u00e1nyos term\u00e9k le\u00edr\u00e1sokkal, \u00e1rk\u00e9pz\u00e9ssel, akci\u00f3kkal, aj\u00e1nlatokkal, term\u00e9k sz\u00e1ll\u00edt\u00e1si k\u00f6lts\u00e9gekkel, sz\u00e1ll\u00edt\u00e1si id\u0151kkel \u00e9s rendelkez\u00e9sre \u00e1ll\u00e1ssal kapcsolatos inform\u00e1ci\u00f3 a weboldalunkon vagy a Szolg\u00e1ltat\u00e1sban. Fenntartjuk a jogot arra, hogy b\u00e1rmilyen hib\u00e1t, pontatlans\u00e1got vagy hi\u00e1nyoss\u00e1got korrig\u00e1ljunk, \u00e9s el\u0151zetes \u00e9rtes\u00edt\u00e9s n\u00e9lk\u00fcl b\u00e1rmikor (bele\u00e9rtve azt is miut\u00e1n \u00d6n leadta a megrendel\u00e9s\u00e9t) megv\u00e1ltoztassuk, friss\u00edts\u00fck az inform\u00e1ci\u00f3t, adott esetben t\u00f6r\u00f6lj\u00fck a megrendel\u00e9seket, amennyiben a Szolg\u00e1ltat\u00e1sban vagy a kapcsol\u00f3d\u00f3 weboldalon b\u00e1rmilyen inform\u00e1ci\u00f3 pontatlan.<\/span><\/p>\n<p>&nbsp;<\/p>\n<h2>\u00c1rk\u00e9pz\u00e9si szab\u00e1lyok<\/h2>\n<p><span style=\"font-weight: 400;\">A weboldalon felt\u00fcntetett \u00e1rak a l\u00e1togat\u00f3 \u00e1ltal haszn\u00e1lt k\u00e9sz\u00fcl\u00e9k b\u00f6ng\u00e9sz\u0151je \u00e9s \/ vagy oper\u00e1ci\u00f3s rendszer\u00e9ben be\u00e1ll\u00edtott nyelvhez t\u00e1rs\u00edtott devizanemben ker\u00fclnek bemutat\u00e1sra \u00e9s tartalmazz\u00e1k a t\u00f6rv\u00e9ny \u00e1ltal el\u0151\u00edrt m\u00e9rt\u00e9k\u0171 \u00c1F\u00c1-t, ami az AB Concrete Design eset\u00e9ben 0%-os. <\/span><\/p>\n<p><span style=\"font-weight: 400;\">Minden \u00e1r \u00e9s aj\u00e1nlat a meghirdetett ideig \u00e9rv\u00e9nyes. A term\u00e9k megrendel\u00e9s\u00e9nek elfogad\u00e1sakor a weboldalon felt\u00fcntetett \u00e1rat, a fizet\u00e9si hib\u00e1k eset\u00e9t kiv\u00e9ve, tiszteletben tartjuk.<\/span><\/p>\n<p><span style=\"font-weight: 400;\">Azonban fenntartjuk a jogot arra, hogy \u00e9rtes\u00edt\u00e9s n\u00e9lk\u00fcl b\u00e1rmikor megv\u00e1ltoztassuk az \u00e1rakat adott esetben megsz\u00fcntess\u00fck az \u00e9pp aktu\u00e1lisan k\u00f6zz\u00e9tett aj\u00e1nlatot. Nem tartozunk felel\u0151ss\u00e9ggel sem \u00d6nnek, sem b\u00e1rmilyen harmadik f\u00e9lnek semmilyen m\u00f3dos\u00edt\u00e1s\u00e9rt, \u00e1rv\u00e1ltoz\u00e1s\u00e9rt, vagy aj\u00e1nlat felf\u00fcggeszt\u00e9s\u00e9rt illetve megsz\u00fcntet\u00e9s\u00e9rt.<\/span><\/p>\n<p><span style=\"font-weight: 400;\">Azt javasoljuk, hogy v\u00e1s\u00e1rl\u00e1s el\u0151tt az import k\u00f6lts\u00e9gekkel n\u00f6velt \u00e1r meg\u00e1llap\u00edt\u00e1sa \u00e9rdek\u00e9ben forduljon a helyi v\u00e1mhat\u00f3s\u00e1ghoz.<\/span><\/p>\n<p><span style=\"font-weight: 400;\">Amennyiben az \u00d6n hitelk\u00e1rty\u00e1ja\/bankk\u00e1rty\u00e1ja nem azonos devizaalap\u00fa, mint a teljes\u00edt\u00e9s devizaneme, akkor v\u00e9gleges \u00e1r az azon a napon \u00e9rv\u00e9nyes deviza kereszt\u00e1rfolyam alkalmaz\u00e1s\u00e1val ker\u00fcl kisz\u00e1m\u00edt\u00e1sra az \u00d6n fizet\u00e9si szolg\u00e1ltat\u00f3ja\/bankja \u00e1ltal.<\/span><\/p>\n<p>&nbsp;<\/p>\n<h2>Az \u00d6n megrendel\u00e9s\u00e9nek elfogad\u00e1sa<\/h2>\n<p><span style=\"font-weight: 400;\">Amint \u00d6n v\u00e1lasztott \u00e9s leadta a megrendel\u00e9s\u00e9t, kapni fog egy a megrendel\u00e9se adatait visszaigazol\u00f3 e-mailt. Ez az e-mail nem jelenti a megrendel\u00e9se elfogad\u00e1s\u00e1t, csup\u00e1n azt igazolja, hogy azt megkaptuk.<\/span><\/p>\n<p><span style=\"font-weight: 400;\">Hacsak nem t\u00f6rli a megrendel\u00e9s\u00e9t, az \u00d6n megrendel\u00e9s\u00e9nek elfogad\u00e1sa \u00e9s az \u00d6n \u00e9s a(z) adamohammock.com k\u00f6z\u00f6tti szerz\u0151d\u00e9s megk\u00f6t\u00e9se akkor t\u00f6rt\u00e9nik meg, amikor az \u00e1ru rendelkez\u00e9sre \u00e1ll\u00e1s\u00e1t, annak felad\u00e1s\u00e1t e-mailben meger\u0151s\u00edtj\u00fck. Az ad\u00e1sv\u00e9teli szerz\u0151d\u00e9s ez\u00e9rt Budapesten, Magyarorsz\u00e1gon j\u00f6n l\u00e9tre, \u00e9s a szerz\u0151d\u00e9s nyelve az angol.<\/span><\/p>\n<p><span style=\"font-weight: 400;\">Fenntartjuk a jogot arra, hogy ne fogadjuk el az \u00d6n megrendel\u00e9s\u00e9t abban az esetben, ha a fizet\u00e9s enged\u00e9lyez\u00e9st, rendelkez\u00e9sre tart\u00e1si foglal\u00e1s elhelyez\u00e9s\u00e9t fedezet hi\u00e1ny, vagy egy\u00e9b ok miatt nem tudjuk \u00e9rv\u00e9nyes\u00edteni, tov\u00e1bb\u00e1, ha az \u00d6n \u00e1ltal rendelt t\u00e9telre sz\u00e1ll\u00edt\u00e1si korl\u00e1toz\u00e1sok vonatkoznak, illetve ha a megrendelt t\u00e9tel nem \u00e1ll rendelkez\u00e9sre \u00e9rt\u00e9kes\u00edthet\u0151 min\u0151s\u00e9gben.<\/span><\/p>\n<p>&nbsp;<\/p>\n<h2>Fizet\u00e9s<\/h2>\n<p><span style=\"font-weight: 400;\">A fizet\u00e9s teljes\u00edthet\u0151 Paypal-lal \u00e9s Visa, Visa Electron, Visa Debit, Visa Delta, MasterCard, Maestro bankk\u00e1rty\u00e1val, valamint b\u00e1rmilyen m\u00e1s a Weblapon meghirdetett m\u00f3don. Paypal \u00e9s bankk\u00e1rty\u00e1s fizet\u00e9si m\u00f3dok eset\u00e9ben az \u00d6n \u00e1ltal rendelt term\u00e9kek, sz\u00e1ll\u00edt\u00e1si, esetenk\u00e9nt v\u00e1mkezel\u00e9si k\u00f6lts\u00e9ggel n\u00f6velt \u00f6sszeg\u00e9re vonatkoz\u00f3an rendelkez\u00e9sre tart\u00e1si foglal\u00e1st ind\u00edtunk, majd a csomag \u00f6ssze\u00e1ll\u00edt\u00e1s\u00e1t, felad\u00e1s\u00e1t k\u00f6vet\u0151en emelj\u00fck le a sz\u00e1ml\u00e1j\u00e1r\u00f3l a sz\u00f3ban forg\u00f3 \u00f6sszeget. A fizet\u00e9si folyamat sor\u00e1n \u00d6nnek meg kell er\u0151s\u00edtenie, hogy az \u00d6n \u00e1ltal haszn\u00e1lt hitelk\u00e1rtya\/bankk\u00e1rtya az \u00d6n\u00e9 vagy annak haszn\u00e1lat\u00e1ra rendelkezik a hitelk\u00e1rtya\/bankk\u00e1rtya tulajdonos\u00e1nak kifejezett enged\u00e9ly\u00e9vel. Minden hitelk\u00e1rtya\/bankk\u00e1rtya tulajdonost al\u00e1vet\u00fcnk a k\u00e1rtya kibocs\u00e1t\u00f3 \u00e1ltali \u00e9rv\u00e9nyes\u00edt\u00e9si ellen\u0151rz\u00e9snek \u00e9s enged\u00e9lyez\u00e9snek. Amennyiben az \u00d6n bankk\u00e1rtya kibocs\u00e1t\u00f3ja megtagadja a fizet\u00e9s enged\u00e9lyez\u00e9s\u00e9t abconcretedesign.com sz\u00e1m\u00e1ra, nem tartozunk felel\u0151ss\u00e9ggel a sz\u00e1ll\u00edt\u00e1s k\u00e9sedelem\u00e9\u00e9rt vagy elmarad\u00e1s\u00e1\u00e9rt.<\/span><\/p>\n<p><span style=\"font-weight: 400;\">A jelen weboldalon t\u00f6rt\u00e9n\u0151 minden hitelk\u00e1rty\u00e1s\/bankk\u00e1rty\u00e1s tranzakci\u00f3 feldolgoz\u00e1s\u00e1hoz egy biztons\u00e1gos online fizet\u00e9si \u00e1tj\u00e1r\u00f3t haszn\u00e1lunk, amely biztons\u00e1gos befogad\u00f3 k\u00f6rnyezetben titkos\u00edtja az \u00d6n bankk\u00e1rtya adatait.<\/span><\/p>\n<p><span style=\"font-weight: 400;\">Annak biztos\u00edt\u00e1sa \u00e9rdek\u00e9ben, hogy az \u00d6n v\u00e1s\u00e1rl\u00e1si \u00e9lm\u00e9nye biztons\u00e1gos, egyszer\u0171 \u00e9s megb\u00edzhat\u00f3 legyen, abconcretedesign.com a Secure Socket Layer (SSL) technol\u00f3gi\u00e1t alkalmazza.<\/span><\/p>\n<p><span style=\"font-weight: 400;\">Tov\u00e1bb\u00e1, elv\u00e1rhat\u00f3 gondoss\u00e1ggal j\u00e1runk el, az \u00d6n megrendel\u00e9se \u00e9s fizet\u00e9si adatai biztons\u00e1g\u00e1nak fenntart\u00e1sa \u00e9rdek\u00e9ben, de gondatlans\u00e1gb\u00f3l bek\u00f6vetkez\u0151 nem v\u00e1rt esem\u00e9nyekre vonatkoz\u00f3an nem \u00e1ll m\u00f3dunkban felel\u0151ss\u00e9get v\u00e1llalni. Nem tartozunk felel\u0151ss\u00e9ggel az \u00d6n \u00e1ltal elszenvedett esetleges vesztes\u00e9gek\u00e9rt, ha egy harmadik f\u00e9l illet\u00e9ktelen\u00fcl hozz\u00e1f\u00e9r az \u00d6n \u00e1ltal megadott adatokhoz, amikor \u00d6n felkeresi a weboldalt vagy azon megrendel\u00e9st ad le.<\/span><\/p>\n<p>&nbsp;<\/p>\n<h2>Term\u00e9k sz\u00e1ll\u00edt\u00e1s \u00e9s \u00e1tv\u00e9tel<\/h2>\n<p><span style=\"font-weight: 400;\">A term\u00e9kek sz\u00e1ll\u00edt\u00e1si \u00e9s \u00e1tv\u00e9teli m\u00f3djait megtal\u00e1lja a <a href=\"https:\/\/abconcretedesign.com\/shipping\/\" target=\"_blank\" rel=\"noopener noreferrer\">Sz\u00e1ll\u00edt\u00e1s<\/a> men\u00fcpont alatt. K\u00e9rj\u00fck, olvassa el figyelmesen az ott le\u00edrtakat, mivel ezen t\u00e1j\u00e9koztat\u00e1sok is szerves r\u00e9sz\u00e9t k\u00e9pezik az \u00c9rt\u00e9kes\u00edt\u00e9si Felt\u00e9teleknek, k\u00f6vetkez\u00e9sk\u00e9ppen, amikor \u00d6n megrendel\u00e9st ad le, \u00fagy tekintend\u0151, hogy azokat teljesen elolvasta \u00e9s elfogadta.<\/span><\/p>\n<p>&nbsp;<\/p>\n<h2>Visszak\u00fcld\u00e9s \u00e9s csere<\/h2>\n<p>Amennyiben a megrendel\u00e9s\u00e9vel b\u00e1rmilyen okb\u00f3l nem el\u00e9gedett, jog\u00e1ban \u00e1ll a megv\u00e1s\u00e1rolt term\u00e9keket a k\u00e9zhezv\u00e9telt\u0151l sz\u00e1m\u00edtott 21 napon bel\u00fcl visszak\u00fcldeni az abconcretedesign.com-nak. Amennyiben a t\u00e9teleket ezen id\u0151kereten bel\u00fcl visszak\u00fcldi, akkor az \u00d6n ig\u00e9nyei szerint a term\u00e9keket vagy kicser\u00e9lj\u00fck vagy visszat\u00e9r\u00edtj\u00fck azok \u00e9rt\u00e9k\u00e9t, az eredeti fizet\u00e9si m\u00f3dnak megfelel\u0151en. A visszat\u00e9r\u00edt\u00e9st a web\u00e1ruh\u00e1z \u00fczemeltet\u0151je, Boldog Anita e.v. utalja. Kiv\u00e9telt k\u00e9peznek a m\u00e9retre k\u00e9sz\u00fclt term\u00e9kek \u00e9s a k\u00f6vetkez\u0151 kollekci\u00f3ra leadott el\u0151rendel\u00e9sek. Ezekre nem fogadunk el visszak\u00fcld\u00e9si, csere- \u00e9s visszat\u00e9r\u00edt\u00e9si ig\u00e9nyt.<\/p>\n<p>Ha vissza szeretn\u00e9 k\u00fcldeni a term\u00e9ket, a k\u00f6vetkez\u0151 l\u00e9p\u00e9seket k\u00f6vesse:<\/p>\n<h3>1.) Ind\u00edtsa el a visszak\u00fcld\u00e9s-ig\u00e9nyl\u00e9si folyamatot egy email k\u00fcld\u00e9s\u00e9vel<\/h3>\n<p>K\u00e9rj\u00fck, k\u00fcldj\u00f6n egy emailt az info@abconcretedesign.com-ra melyben \u00d6n kezdem\u00e9nyezi a term\u00e9k visszajuttat\u00e1s\u00e1t, -cser\u00e9j\u00e9t \u00e9s \/ vagy p\u00e9nzvisszat\u00e9r\u00edt\u00e9st A folyamat sor\u00e1n jel\u00f6lje meg a term\u00e9keket, amelyeket vissza szeretne k\u00fcldeni. Ha cser\u00e9lni szeretne, ezt is jel\u00f6lje, \u00e9s adja meg a k\u00edv\u00e1nt csereterm\u00e9ket. Csereterm\u00e9kk\u00e9nt csak azonos t\u00edpus\u00fa term\u00e9k elt\u00e9r\u0151 sz\u00edn- vagy m\u00e9retv\u00e1ltozata jel\u00f6lhet\u0151 meg.<\/p>\n<h3>2.) K\u00e9sz\u00edtse el\u0151 a csomagj\u00e1t<\/h3>\n<div>K\u00e9rj\u00fck, vegye figyelembe, hogy a visszak\u00fcldend\u0151 term\u00e9keknek meg kell felelni\u00fck a k\u00f6vetkez\u0151 felt\u00e9teleknek:<\/div>\n<ol type=\"a\">\n<li>a term\u00e9keket nem haszn\u00e1lt\u00e1k, nem viselt\u00e9k, nem most\u00e1k, nem alak\u00edtott\u00e1k \u00e1t \u00e9s nem k\u00e1ros\u00edtott\u00e1k;<\/li>\n<li>a term\u00e9kc\u00edmk\u00e9t nem t\u00e1vol\u00edtott\u00e1k el;<\/li>\n<li>a term\u00e9keket teljes eg\u00e9sz\u00e9ben \u00e9s haszn\u00e1latlanul, eredeti csomagol\u00e1sukban (ha teljes \u00f6ssze\u00e1ll\u00edt\u00e1st k\u00fcld vissza, akkor annak minden elem\u00e9t mell\u00e9kelve) kell visszak\u00fcldeni;<\/li>\n<li>a visszak\u00fcldend\u0151 term\u00e9keket a k\u00e9zbes\u00edt\u00e9st\u0151l sz\u00e1m\u00edtott 21 napon bel\u00fcl vissza kell k\u00fcldeni AB Concrete Design sz\u00e1m\u00e1ra.<\/li>\n<li>haszn\u00e1lja az eredeti csomagol\u00f3anyagokat, hogy a visszak\u00fcld\u00f6tt term\u00e9kek biztosan j\u00f3 \u00e1llapotban \u00e9rkezzenek meg<\/li>\n<li>t\u00e1vol\u00edtson el minden kor\u00e1bbi csomagc\u00edmk\u00e9t a doboz k\u00fclsej\u00e9r\u0151l (r\u00e9gi c\u00edmeket, fuvarlevelet)<\/li>\n<li>z\u00e1rja le \u00e9s gondosan ragassza le a dobozt, hogy ne ny\u00edlhasson ki sz\u00e1ll\u00edt\u00e1s k\u00f6zben.<\/li>\n<\/ol>\n<h3>3.) K\u00fcldje vissza a csomagj\u00e1t a k\u00f6vetkez\u0151 c\u00edmre:<\/h3>\n<p>AB Concrete Design \/ Fab Lab,<br \/>\nE\u00f6tv\u00f6s utca 27-29<br \/>\n1068, Budapest<br \/>\nHungary<\/p>\n<p>A term\u00e9k visszak\u00fcld\u00e9se az v\u00e1s\u00e1rl\u00f3 felel\u0151ss\u00e9g\u00e9re \u00e9s k\u00f6lts\u00e9g\u00e9re t\u00f6rt\u00e9nik. Olyan sz\u00e1ll\u00edt\u00e1si szolg\u00e1ltat\u00f3t v\u00e1lasszon, amely biztos\u00edtja a k\u00fcldem\u00e9nyt lop\u00e1s vagy elveszt\u00e9s eset\u00e9re. Gy\u0151z\u0151dj\u00f6n meg r\u00f3la, hogy k\u00fcldem\u00e9ny\u00e9t ell\u00e1tj\u00e1k olyan egyedi azonos\u00edt\u00f3val, amellyel felad\u00e1s ut\u00e1n a csomag \u00fatja k\u00f6vethet\u0151.<\/p>\n<h3>4.) A visszak\u00fcld\u00e9s meger\u0151s\u00edt\u00e9se<\/h3>\n<p>Ha a fenti k\u00f6vetelm\u00e9nyek mindegyik\u00e9nek megfelel, Adamo Hammock a visszak\u00fcld\u00f6tt term\u00e9ket kicser\u00e9li vagy visszat\u00e9r\u00edti annak v\u00e9tel\u00e1r\u00e1t a visszak\u00fcld\u00e9si elj\u00e1r\u00e1sunk \u00e1ltal meghat\u00e1rozott m\u00f3don \u00e9s id\u0151n bel\u00fcl.<\/p>\n<p>A csereterm\u00e9k k\u00e9zbes\u00edt\u00e9si ideje f\u00fcgg att\u00f3l, hogy hov\u00e1 kell k\u00e9zbes\u00edteni.<\/p>\n<p>\u00c9rtes\u00edt\u00e9st kap arr\u00f3l, ha a visszak\u00fcld\u00f6tt term\u00e9k nem elfogadhat\u00f3. Ebben az esetben \u00f6t (5) napon bel\u00fcl visszak\u00fcldj\u00fck a term\u00e9ket, abban az \u00e1llapotban, ahogy c\u00edm\u00fcnkre meg\u00e9rkezett. Ha \u00d6n nem tart ig\u00e9nyt a term\u00e9kre az AB Concrete Design c\u00edm\u00e9re t\u00f6rt\u00e9n\u0151 visszak\u00fcld\u00e9skori \u00e1llapot\u00e1ban, \u00fagy AB Concrete Design jogosult megtartani a term\u00e9ket \u00e9s a megkapott v\u00e9tel\u00e1rat is.<\/p>\n<p>Felh\u00edvjuk a figyelm\u00e9t arra, hogy az v\u00e1s\u00e1rolt term\u00e9kek sz\u00e1ll\u00edt\u00e1sakor fizetett v\u00e1mokat, ad\u00f3kat \u00e9s d\u00edjakat nem \u00e1ll m\u00f3dunkban visszat\u00e9r\u00edteni.<\/p>\n<h3>5.) Visszat\u00e9r\u00edt\u00e9s<\/h3>\n<p>A visszat\u00e9r\u00edt\u00e9si folyamat azut\u00e1n kezd\u0151dik el, miut\u00e1n ellen\u0151rizt\u00fck, hogy a v\u00e1s\u00e1rl\u00f3 visszak\u00fcld\u00e9si k\u00e9relme \u00f6sszhangban \u00e1ll a Visszak\u00fcld\u00e9si szab\u00e1lyzattal. Ha a visszak\u00fcld\u00e9s minden k\u00f6vetelm\u00e9nynek megfelel, egy e-mailt kap a visszak\u00fcld\u00f6tt term\u00e9kek elfogad\u00e1s\u00e1r\u00f3l. B\u00e1rmilyen fizet\u00e9si m\u00f3dot is haszn\u00e1lt (hitel- vagy bet\u00e9ti k\u00e1rtya, PayPal) a visszautal\u00e1si folyamat 7 napon bel\u00fcl megkezd\u0151dik, att\u00f3l az id\u0151pontt\u00f3l kezdve, hogy \u00d6n k\u00f6z\u00f6lte AB Concrete Design \u00fcgyf\u00e9lszolg\u00e1lat\u00e1val, hogy vissza szeretn\u00e9 k\u00fcldeni a term\u00e9ket, \u00e9s miut\u00e1n ellen\u0151rizt\u00fck, hogy a visszak\u00fcld\u00e9s a fenti felt\u00e9teleknek megfelel\u0151en t\u00f6rt\u00e9nt.<\/p>\n<div>Visszat\u00e9r\u00edt\u00e9s m\u00f3dja:<\/div>\n<ul>\n<li>PayPal, ha az eredeti fizet\u00e9s PayPal-en kereszt\u00fcl t\u00f6rt\u00e9nt<\/li>\n<li>Hitelk\u00e1rty\u00e1ra t\u00f6rt\u00e9n\u0151 visszafizet\u00e9s, ha az eredeti fizet\u00e9s hitelk\u00e1rty\u00e1val t\u00f6rt\u00e9nt<\/li>\n<li>Banki \u00e1tutal\u00e1s, ha az eredeti fizet\u00e9s ut\u00e1nv\u00e9ttel t\u00f6rt\u00e9nt. Ebben az esetben k\u00e9rj\u00fck, adja meg banksz\u00e1mlaadatait is, hogy elektronikus utal\u00e1s \u00fatj\u00e1n k\u00fcldhess\u00fck vissza az \u00f6sszeget.<\/li>\n<\/ul>\n<div>A visszat\u00e9r\u00edt\u00e9s id\u0151tartama f\u00fcgg az alkalmazott fizet\u00e9si m\u00f3dt\u00f3l. A visszat\u00e9r\u00edt\u00e9si id\u0151 f\u00fcgg az e-p\u00e9nzt\u00e1rca vagy bankk\u00e1rtya t\u00e1rsas\u00e1g szab\u00e1lyzat\u00e1t\u00f3l. Aj\u00e1nd\u00e9k eset\u00e9n a v\u00e1s\u00e1rl\u00e1s\u00e9rt fizetett \u00f6sszeget annak az egy\u00e9nnek t\u00e9r\u00edtj\u00fck vissza, aki a fizet\u00e9st teljes\u00edtette.<\/div>\n<p>&nbsp;<\/p>\n<h2>A Felt\u00e9telek m\u00f3dos\u00edt\u00e1sa<\/h2>\n<p><span style=\"font-weight: 400;\">A Felt\u00e9telek mindenkori v\u00e1ltozat\u00e1t b\u00e1rmikor megtekintheti a jelen weblapon. Fenntartjuk a jogot arra, hogy saj\u00e1t bel\u00e1t\u00e1sunk szerint a jelen Felt\u00e9telek b\u00e1rmely r\u00e9sz\u00e9t friss\u00edts\u00fck, megv\u00e1ltoztassuk vagy felv\u00e1ltsuk, a friss\u00edt\u00e9sek \u00e9s\/vagy v\u00e1ltoz\u00e1sok weboldalunkon t\u00f6rt\u00e9n\u0151 k\u00f6zz\u00e9t\u00e9tel\u00e9vel. \u00d6n felel\u0151s az\u00e9rt, hogy id\u0151nk\u00e9nt ellen\u0151rizze a v\u00e1ltoz\u00e1sokat a weboldalunkon.<\/span><\/p>\n<p><span style=\"font-weight: 400;\">Amennyiben b\u00e1rmilyen seg\u00edts\u00e9gre van sz\u00fcks\u00e9ge<\/span>, az <span style=\"font-weight: 400;\">info@abconcretedesign.com<\/span> e-mail c\u00edmen mindig el\u00e9rhet benn\u00fcnket.<\/p>\n<p>&nbsp;<\/p>\n","protected":false},"excerpt":{"rendered":"<p>\u00c1ltal\u00e1nos Felhaszn\u00e1l\u00e1si Felt\u00e9telek \u00dcdv\u00f6z\u00f6lj\u00fck weboldalunkon. A jelen \u00c1ltal\u00e1nos Felhaszn\u00e1l\u00e1si Felt\u00e9telek a(z) abconcretedesign.com weboldalhoz val\u00f3 hozz\u00e1f\u00e9r\u00e9st, illetve annak haszn\u00e1lat\u00e1t szab\u00e1lyozz\u00e1k. Annak alapj\u00e1n, hogy \u00d6n a jelen weboldalt felkeresi, illetve azt haszn\u00e1lja, valamint a(z) abconcretedesign.com weboldalon term\u00e9keket v\u00e1s\u00e1rol, felt\u00e9telezz\u00fck, hogy \u00d6n a jelen \u00c1ltal\u00e1nos Felhaszn\u00e1l\u00e1si Felt\u00e9teleket elolvasta, meg\u00e9rtette \u00e9s elfogadta Abconcretedesign.com \u00fczemeltet\u0151je \u00e9s tulajdonosa Anita Boldog e.v. [&#8230;]\n","protected":false},"author":2,"featured_media":0,"parent":0,"menu_order":0,"comment_status":"closed","ping_status":"closed","template":"","meta":{"footnotes":""},"class_list":["post-1838","page","type-page","status-publish","hentry"],"yoast_head":"<!-- This site is optimized with the Yoast SEO Premium plugin v26.2 (Yoast SEO v27.4) - https:\/\/yoast.com\/product\/yoast-seo-premium-wordpress\/ -->\n<title>\u00c1SZF &#187; AB Concrete Design<\/title>\n<meta name=\"robots\" content=\"index, follow, max-snippet:-1, max-image-preview:large, max-video-preview:-1\" \/>\n<link rel=\"canonical\" href=\"https:\/\/abconcretedesign.com\/hu\/altalanos-szerzodesi-feltetelek\/\" \/>\n<meta property=\"og:locale\" content=\"hu_HU\" \/>\n<meta property=\"og:type\" content=\"article\" \/>\n<meta property=\"og:title\" content=\"\u00c1SZF\" \/>\n<meta property=\"og:description\" content=\"\u00c1ltal\u00e1nos Felhaszn\u00e1l\u00e1si Felt\u00e9telek \u00dcdv\u00f6z\u00f6lj\u00fck weboldalunkon. A jelen \u00c1ltal\u00e1nos Felhaszn\u00e1l\u00e1si Felt\u00e9telek a(z) abconcretedesign.com weboldalhoz val\u00f3\" \/>\n<meta property=\"og:url\" content=\"https:\/\/abconcretedesign.com\/hu\/altalanos-szerzodesi-feltetelek\/\" \/>\n<meta property=\"og:site_name\" content=\"AB Concrete Design\" \/>\n<meta property=\"article:modified_time\" content=\"2020-09-24T20:05:51+00:00\" \/>\n<meta property=\"og:image\" content=\"https:\/\/abconcretedesign.com\/wp-content\/uploads\/2019\/10\/business-gift-collection-ab-concrete-design.jpg\" \/>\n\t<meta property=\"og:image:width\" content=\"1600\" \/>\n\t<meta property=\"og:image:height\" content=\"1068\" \/>\n\t<meta property=\"og:image:type\" content=\"image\/jpeg\" \/>\n<meta name=\"twitter:card\" content=\"summary_large_image\" \/>\n<script type=\"application\/ld+json\" class=\"yoast-schema-graph\">{\"@context\":\"https:\\\/\\\/schema.org\",\"@graph\":[{\"@type\":\"WebPage\",\"@id\":\"https:\\\/\\\/abconcretedesign.com\\\/hu\\\/altalanos-szerzodesi-feltetelek\\\/\",\"url\":\"https:\\\/\\\/abconcretedesign.com\\\/hu\\\/altalanos-szerzodesi-feltetelek\\\/\",\"name\":\"\u00c1SZF &#187; AB Concrete Design\",\"isPartOf\":{\"@id\":\"https:\\\/\\\/abconcretedesign.com\\\/hu\\\/#website\"},\"datePublished\":\"2016-09-19T06:54:13+00:00\",\"dateModified\":\"2020-09-24T20:05:51+00:00\",\"breadcrumb\":{\"@id\":\"https:\\\/\\\/abconcretedesign.com\\\/hu\\\/altalanos-szerzodesi-feltetelek\\\/#breadcrumb\"},\"inLanguage\":\"hu\",\"potentialAction\":[{\"@type\":\"ReadAction\",\"target\":[\"https:\\\/\\\/abconcretedesign.com\\\/hu\\\/altalanos-szerzodesi-feltetelek\\\/\"]}]},{\"@type\":\"BreadcrumbList\",\"@id\":\"https:\\\/\\\/abconcretedesign.com\\\/hu\\\/altalanos-szerzodesi-feltetelek\\\/#breadcrumb\",\"itemListElement\":[{\"@type\":\"ListItem\",\"position\":1,\"name\":\"F\u0151oldal\",\"item\":\"https:\\\/\\\/abconcretedesign.com\\\/hu\\\/\"},{\"@type\":\"ListItem\",\"position\":2,\"name\":\"\u00c1SZF\"}]},{\"@type\":\"WebSite\",\"@id\":\"https:\\\/\\\/abconcretedesign.com\\\/hu\\\/#website\",\"url\":\"https:\\\/\\\/abconcretedesign.com\\\/hu\\\/\",\"name\":\"AB Concrete Design and Business Gifts\",\"description\":\"Beton Design T\u00e1rgyak, \u00c9kszer \u00e9s \u00dczleti Aj\u00e1nd\u00e9k, Beton Tr\u00f3fe\u00e1k\",\"publisher\":{\"@id\":\"https:\\\/\\\/abconcretedesign.com\\\/hu\\\/#organization\"},\"potentialAction\":[{\"@type\":\"SearchAction\",\"target\":{\"@type\":\"EntryPoint\",\"urlTemplate\":\"https:\\\/\\\/abconcretedesign.com\\\/hu\\\/?s={search_term_string}\"},\"query-input\":{\"@type\":\"PropertyValueSpecification\",\"valueRequired\":true,\"valueName\":\"search_term_string\"}}],\"inLanguage\":\"hu\"},{\"@type\":\"Organization\",\"@id\":\"https:\\\/\\\/abconcretedesign.com\\\/hu\\\/#organization\",\"name\":\"AB Concrete Design\",\"url\":\"https:\\\/\\\/abconcretedesign.com\\\/hu\\\/\",\"logo\":{\"@type\":\"ImageObject\",\"inLanguage\":\"hu\",\"@id\":\"https:\\\/\\\/abconcretedesign.com\\\/hu\\\/#\\\/schema\\\/logo\\\/image\\\/\",\"url\":\"https:\\\/\\\/abconcretedesign.com\\\/wp-content\\\/uploads\\\/2019\\\/04\\\/ab-concrete-design-logo.jpg\",\"contentUrl\":\"https:\\\/\\\/abconcretedesign.com\\\/wp-content\\\/uploads\\\/2019\\\/04\\\/ab-concrete-design-logo.jpg\",\"width\":351,\"height\":89,\"caption\":\"AB Concrete Design\"},\"image\":{\"@id\":\"https:\\\/\\\/abconcretedesign.com\\\/hu\\\/#\\\/schema\\\/logo\\\/image\\\/\"}}]}<\/script>\n<!-- \/ Yoast SEO Premium plugin. -->","yoast_head_json":{"title":"\u00c1SZF &#187; AB Concrete Design","robots":{"index":"index","follow":"follow","max-snippet":"max-snippet:-1","max-image-preview":"max-image-preview:large","max-video-preview":"max-video-preview:-1"},"canonical":"https:\/\/abconcretedesign.com\/hu\/altalanos-szerzodesi-feltetelek\/","og_locale":"hu_HU","og_type":"article","og_title":"\u00c1SZF","og_description":"\u00c1ltal\u00e1nos Felhaszn\u00e1l\u00e1si Felt\u00e9telek \u00dcdv\u00f6z\u00f6lj\u00fck weboldalunkon. A jelen \u00c1ltal\u00e1nos Felhaszn\u00e1l\u00e1si Felt\u00e9telek a(z) abconcretedesign.com weboldalhoz val\u00f3","og_url":"https:\/\/abconcretedesign.com\/hu\/altalanos-szerzodesi-feltetelek\/","og_site_name":"AB Concrete Design","article_modified_time":"2020-09-24T20:05:51+00:00","og_image":[{"width":1600,"height":1068,"url":"https:\/\/abconcretedesign.com\/wp-content\/uploads\/2019\/10\/business-gift-collection-ab-concrete-design.jpg","type":"image\/jpeg"}],"twitter_card":"summary_large_image","schema":{"@context":"https:\/\/schema.org","@graph":[{"@type":"WebPage","@id":"https:\/\/abconcretedesign.com\/hu\/altalanos-szerzodesi-feltetelek\/","url":"https:\/\/abconcretedesign.com\/hu\/altalanos-szerzodesi-feltetelek\/","name":"\u00c1SZF &#187; AB Concrete Design","isPartOf":{"@id":"https:\/\/abconcretedesign.com\/hu\/#website"},"datePublished":"2016-09-19T06:54:13+00:00","dateModified":"2020-09-24T20:05:51+00:00","breadcrumb":{"@id":"https:\/\/abconcretedesign.com\/hu\/altalanos-szerzodesi-feltetelek\/#breadcrumb"},"inLanguage":"hu","potentialAction":[{"@type":"ReadAction","target":["https:\/\/abconcretedesign.com\/hu\/altalanos-szerzodesi-feltetelek\/"]}]},{"@type":"BreadcrumbList","@id":"https:\/\/abconcretedesign.com\/hu\/altalanos-szerzodesi-feltetelek\/#breadcrumb","itemListElement":[{"@type":"ListItem","position":1,"name":"F\u0151oldal","item":"https:\/\/abconcretedesign.com\/hu\/"},{"@type":"ListItem","position":2,"name":"\u00c1SZF"}]},{"@type":"WebSite","@id":"https:\/\/abconcretedesign.com\/hu\/#website","url":"https:\/\/abconcretedesign.com\/hu\/","name":"AB Concrete Design and Business Gifts","description":"Beton Design T\u00e1rgyak, \u00c9kszer \u00e9s \u00dczleti Aj\u00e1nd\u00e9k, Beton Tr\u00f3fe\u00e1k","publisher":{"@id":"https:\/\/abconcretedesign.com\/hu\/#organization"},"potentialAction":[{"@type":"SearchAction","target":{"@type":"EntryPoint","urlTemplate":"https:\/\/abconcretedesign.com\/hu\/?s={search_term_string}"},"query-input":{"@type":"PropertyValueSpecification","valueRequired":true,"valueName":"search_term_string"}}],"inLanguage":"hu"},{"@type":"Organization","@id":"https:\/\/abconcretedesign.com\/hu\/#organization","name":"AB Concrete Design","url":"https:\/\/abconcretedesign.com\/hu\/","logo":{"@type":"ImageObject","inLanguage":"hu","@id":"https:\/\/abconcretedesign.com\/hu\/#\/schema\/logo\/image\/","url":"https:\/\/abconcretedesign.com\/wp-content\/uploads\/2019\/04\/ab-concrete-design-logo.jpg","contentUrl":"https:\/\/abconcretedesign.com\/wp-content\/uploads\/2019\/04\/ab-concrete-design-logo.jpg","width":351,"height":89,"caption":"AB Concrete Design"},"image":{"@id":"https:\/\/abconcretedesign.com\/hu\/#\/schema\/logo\/image\/"}}]}},"_links":{"self":[{"href":"https:\/\/abconcretedesign.com\/hu\/wp-json\/wp\/v2\/pages\/1838","targetHints":{"allow":["GET"]}}],"collection":[{"href":"https:\/\/abconcretedesign.com\/hu\/wp-json\/wp\/v2\/pages"}],"about":[{"href":"https:\/\/abconcretedesign.com\/hu\/wp-json\/wp\/v2\/types\/page"}],"author":[{"embeddable":true,"href":"https:\/\/abconcretedesign.com\/hu\/wp-json\/wp\/v2\/users\/2"}],"replies":[{"embeddable":true,"href":"https:\/\/abconcretedesign.com\/hu\/wp-json\/wp\/v2\/comments?post=1838"}],"version-history":[{"count":7,"href":"https:\/\/abconcretedesign.com\/hu\/wp-json\/wp\/v2\/pages\/1838\/revisions"}],"predecessor-version":[{"id":5528,"href":"https:\/\/abconcretedesign.com\/hu\/wp-json\/wp\/v2\/pages\/1838\/revisions\/5528"}],"wp:attachment":[{"href":"https:\/\/abconcretedesign.com\/hu\/wp-json\/wp\/v2\/media?parent=1838"}],"curies":[{"name":"wp","href":"https:\/\/api.w.org\/{rel}","templated":true}]}}